{"id":1459,"date":"2025-03-10T21:17:54","date_gmt":"2025-03-10T20:17:54","guid":{"rendered":"https:\/\/sterneerleben.info\/new\/?page_id=1459"},"modified":"2025-05-19T22:25:48","modified_gmt":"2025-05-19T20:25:48","slug":"wunder-dieser-welt-der-sternenhimmel-und-die-nordlichter","status":"publish","type":"page","link":"https:\/\/sterneerleben.info\/new\/wunder-dieser-welt-der-sternenhimmel-und-die-nordlichter\/","title":{"rendered":"Wunder 25"},"content":{"rendered":"<p>[et_pb_section fb_built=&#8220;1&#8243; _builder_version=&#8220;4.27.4&#8243; background_color=&#8220;#1e2937&#8243; width=&#8220;100%&#8220; max_width=&#8220;100%&#8220; custom_margin=&#8220;0px||0px||false|false&#8220; custom_padding=&#8220;0px|0px|0px|0px|false|false&#8220; global_colors_info=&#8220;{}&#8220;][et_pb_row _builder_version=&#8220;4.27.4&#8243; background_color=&#8220;#1e2937&#8243; width=&#8220;100%&#8220; max_width=&#8220;100%&#8220; min_height=&#8220;200.2px&#8220; custom_margin=&#8220;0px|0px|6px|0px|false|false&#8220; custom_padding=&#8220;0px||0px|0px|false|false&#8220; global_colors_info=&#8220;{}&#8220;][et_pb_column type=&#8220;4_4&#8243; _builder_version=&#8220;4.16&#8243; custom_padding=&#8220;|||&#8220; global_colors_info=&#8220;{}&#8220; custom_padding__hover=&#8220;|||&#8220;][et_pb_text _builder_version=&#8220;4.27.4&#8243; _module_preset=&#8220;default&#8220; custom_margin=&#8220;||-21px|||&#8220; global_colors_info=&#8220;{}&#8220;][\/et_pb_text][et_pb_text admin_label=&#8220;Top Destination Title&#8220; _builder_version=&#8220;4.27.4&#8243; _module_preset=&#8220;e32ee8de-59d0-4b1a-8d0c-d656f4dff84a&#8220; text_font=&#8220;||||&#8220; header_text_align=&#8220;left&#8220; header_font_size=&#8220;40px&#8220; header_line_height=&#8220;1.3em&#8220; background_color=&#8220;#1e2937&#8243; min_height=&#8220;55px&#8220; custom_margin=&#8220;||-1px|||&#8220; custom_padding=&#8220;||0px|||&#8220; animation_style=&#8220;zoom&#8220; animation_intensity_zoom=&#8220;4%&#8220; header_font_tablet=&#8220;Oswald|700||on|||||&#8220; header_font_phone=&#8220;Oswald|700||on|||||&#8220; header_font_last_edited=&#8220;on|phone&#8220; header_text_color_tablet=&#8220;&#8220; header_text_color_phone=&#8220;&#8220; header_text_color_last_edited=&#8220;on|phone&#8220; header_font_size_tablet=&#8220;40px&#8220; header_font_size_phone=&#8220;30px&#8220; header_font_size_last_edited=&#8220;on|phone&#8220; locked=&#8220;off&#8220; global_colors_info=&#8220;{}&#8220;]<\/p>\n<h1><span style=\"color: #ffffff;\"><\/span><\/h1>\n<h1><\/h1>\n<h1><span style=\"color: #ffffff;\">Wundersame welt &#8211; sternenhimmel und nordlichter<\/span><span style=\"color: #ffffff;\"><br \/><\/span><\/h1>\n<p>[\/et_pb_text][et_pb_text admin_label=&#8220;Top Destination Sub Title&#8220; _builder_version=&#8220;4.27.4&#8243; _module_preset=&#8220;e32ee8de-59d0-4b1a-8d0c-d656f4dff84a&#8220; text_font_size=&#8220;20px&#8220; header_4_font=&#8220;Oswald|500|||||||&#8220; background_color=&#8220;#1e2937&#8243; custom_margin=&#8220;||19px|||&#8220; custom_padding=&#8220;1px||0px|||&#8220; locked=&#8220;off&#8220; global_colors_info=&#8220;{}&#8220;]<\/p>\n<h4><span style=\"color: #ffffff;\">Wabern, 02. und 30. April 2025<\/span><\/h4>\n<p>[\/et_pb_text][et_pb_text _builder_version=&#8220;4.27.4&#8243; _module_preset=&#8220;default&#8220; text_font=&#8220;Roboto Condensed||||||||&#8220; text_text_color=&#8220;#FFFFFF&#8220; text_font_size=&#8220;18px&#8220; text_line_height=&#8220;1em&#8220; min_height=&#8220;169px&#8220; custom_margin=&#8220;||-1px|||&#8220; custom_padding=&#8220;||32px|||&#8220; global_colors_info=&#8220;{}&#8220;]<\/p>\n<p>Liebe Eltern, Grosseltern, Verwandte, Lehrerinnen und Freunde der Kinder<\/p>\n<p>Diese Seite soll euch helfen, die Kinder zu unterst\u00fctzen, ihren Fragen nachzugehen. Selbstverst\u00e4ndlich k\u00f6nnen Sie sich auch jederzeit direkt bei uns melden. Die E-Mailadresse finden Sie auf den Arbeitsbl\u00e4ttern der Kinder.<\/p>\n<p>Wir w\u00fcnschen Ihnen viele Sternstunden und gr\u00fcssen Sie herzlich<\/p>\n<p>Heinz Hofer, Linn und Lean<\/p>\n<p>[\/et_pb_text][et_pb_text _builder_version=&#8220;4.27.4&#8243; _module_preset=&#8220;default&#8220; text_font=&#8220;Roboto Condensed||||||||&#8220; text_text_color=&#8220;#000000&#8243; text_font_size=&#8220;18px&#8220; text_line_height=&#8220;1.3em&#8220; background_color=&#8220;#f4cea6&#8243; custom_margin=&#8220;||13px|||&#8220; global_colors_info=&#8220;{}&#8220;]<\/p>\n<p>Im oberen (je nach Browser orangen) Bereich sind Informationen f\u00fcr die <strong>Basisstufe C<\/strong> zusammengetragen.<\/p>\n<p>[\/et_pb_text][et_pb_text _builder_version=&#8220;4.27.4&#8243; _module_preset=&#8220;default&#8220; text_font=&#8220;Roboto Condensed||||||||&#8220; text_text_color=&#8220;#000000&#8243; text_font_size=&#8220;18px&#8220; text_line_height=&#8220;1.3em&#8220; background_color=&#8220;#DAE8F9&#8243; custom_margin=&#8220;||34px|||&#8220; global_colors_info=&#8220;{}&#8220;]<\/p>\n<p>Weiter unten folgen dann die Beitr\u00e4ge (blauer Hintergrund) f\u00fcr die <strong>Klassen 3b und 3c<\/strong>, die nat\u00fcrlich auch von den Basisstufen-Sternenfreaks gerne angeschaut werden d\u00fcrfen!<\/p>\n<p>[\/et_pb_text][\/et_pb_column][\/et_pb_row][\/et_pb_section][et_pb_section fb_built=&#8220;1&#8243; _builder_version=&#8220;4.27.4&#8243; background_color=&#8220;#f4ceab&#8220; custom_margin=&#8220;||-1px||false|false&#8220; custom_padding=&#8220;0px|7%|3px|7%|false|false&#8220; global_colors_info=&#8220;{}&#8220;][et_pb_row _builder_version=&#8220;4.23.1&#8243; width=&#8220;100%&#8220; max_width=&#8220;100%&#8220; custom_margin=&#8220;-27px|0px|-21px|0px|false|false&#8220; custom_padding=&#8220;1px||0px|0px||&#8220; global_colors_info=&#8220;{}&#8220;][et_pb_column type=&#8220;4_4&#8243; _builder_version=&#8220;4.16&#8243; custom_padding=&#8220;|||&#8220; global_colors_info=&#8220;{}&#8220; custom_padding__hover=&#8220;|||&#8220;][et_pb_text admin_label=&#8220;Top Destination Title&#8220; _builder_version=&#8220;4.27.4&#8243; _module_preset=&#8220;e32ee8de-59d0-4b1a-8d0c-d656f4dff84a&#8220; text_font=&#8220;||||&#8220; header_text_align=&#8220;left&#8220; header_font_size=&#8220;40px&#8220; header_line_height=&#8220;1.3em&#8220; custom_margin=&#8220;||1px||false|false&#8220; custom_padding=&#8220;3px||||false|false&#8220; animation_style=&#8220;zoom&#8220; animation_intensity_zoom=&#8220;4%&#8220; locked=&#8220;off&#8220; global_colors_info=&#8220;{}&#8220;]<\/p>\n<h2>Das Zuhause der Rentiere<\/h2>\n<p>[\/et_pb_text][et_pb_divider color=&#8220;#ed4441&#8243; divider_position=&#8220;center&#8220; divider_weight=&#8220;3px&#8220; disabled_on=&#8220;off|off|off&#8220; _builder_version=&#8220;4.23.1&#8243; max_width=&#8220;150px&#8220; height=&#8220;false&#8220; custom_margin=&#8220;||||false|false&#8220; animation_style=&#8220;slide&#8220; animation_direction=&#8220;top&#8220; animation_delay=&#8220;100ms&#8220; animation_intensity_slide=&#8220;10%&#8220; locked=&#8220;off&#8220; global_colors_info=&#8220;{}&#8220;][\/et_pb_divider][\/et_pb_column][\/et_pb_row][et_pb_row _builder_version=&#8220;4.27.4&#8243; _module_preset=&#8220;default&#8220; width=&#8220;100%&#8220; max_width=&#8220;none&#8220; custom_margin=&#8220;-6px|auto||auto||&#8220; custom_padding=&#8220;39px||16px|||&#8220; global_colors_info=&#8220;{}&#8220;][et_pb_column type=&#8220;4_4&#8243; _builder_version=&#8220;4.23.1&#8243; _module_preset=&#8220;default&#8220; global_colors_info=&#8220;{}&#8220;][et_pb_text _builder_version=&#8220;4.27.4&#8243; _module_preset=&#8220;default&#8220; text_font=&#8220;Roboto Condensed||||||||&#8220; text_text_color=&#8220;#000000&#8243; text_font_size=&#8220;18px&#8220; custom_margin=&#8220;||13px|||&#8220; custom_padding=&#8220;||0px|||&#8220; global_colors_info=&#8220;{}&#8220;]<\/p>\n<p>Lean, seine Schwester Linn und seine Eltern Katja und Daniel sind mit Zug und Schiff ans Nordkapp (genauer gesagt nach Honningsvag) gereist. Die Reise ging durch die L\u00e4nder Deutschland, D\u00e4nemark, Schweden und Norwegen. Zur\u00fcck kamen sie dann \u00fcber Finnland.<\/p>\n<p>[\/et_pb_text][et_pb_image src=&#8220;https:\/\/sterneerleben.info\/new\/wp-content\/uploads\/2025\/04\/karte_anna_2zu3_endversion_web-scaled.jpg&#8220; title_text=&#8220;karte_anna_2zu3_endversion_web&#8220; url=&#8220;https:\/\/sterneerleben.info\/new\/wp-content\/uploads\/2025\/04\/karte_anna_2zu3_endversion_web-scaled.jpg&#8220; _builder_version=&#8220;4.27.4&#8243; _module_preset=&#8220;default&#8220; custom_padding=&#8220;0px|||||&#8220; global_colors_info=&#8220;{}&#8220;][\/et_pb_image][et_pb_text _builder_version=&#8220;4.27.4&#8243; _module_preset=&#8220;default&#8220; text_font=&#8220;Roboto Condensed||||||||&#8220; text_text_color=&#8220;#000000&#8243; text_font_size=&#8220;16px&#8220; global_colors_info=&#8220;{}&#8220;]<\/p>\n<p>Wie auf der Karte zu sehen ist, durchquerten wir das Gebiet der Rentiere. Es sind tausende Rentiere dort zu Hause. Lean und Linn wollten unbedingt Rentiere in freier Wildbahn finden. Dies ist nicht immer einfach, da diese Menschen vorallem Erwachsene nicht sehr lieben. Aber vor Lean hatten sie \u00fcberhaupt keine Angst.<\/p>\n<p>[\/et_pb_text][et_pb_video src=&#8220;https:\/\/vimeo.com\/1066534921\/3baea00cae?ts=0&#038;share=copy&#8220; _builder_version=&#8220;4.27.4&#8243; _module_preset=&#8220;default&#8220; global_colors_info=&#8220;{}&#8220;][\/et_pb_video][et_pb_image src=&#8220;https:\/\/sterneerleben.info\/new\/wp-content\/uploads\/2025\/04\/DSC_4506_250214_nordkapp_rentiere-scaled.jpg&#8220; title_text=&#8220;DSC_4506_250214_nordkapp_rentiere&#8220; url=&#8220;https:\/\/sterneerleben.info\/new\/wp-content\/uploads\/2025\/04\/DSC_4506_250214_nordkapp_rentiere-scaled.jpg&#8220; _builder_version=&#8220;4.27.4&#8243; _module_preset=&#8220;default&#8220; custom_margin=&#8220;-15px||17px|||&#8220; global_colors_info=&#8220;{}&#8220;][\/et_pb_image][et_pb_text _builder_version=&#8220;4.27.4&#8243; _module_preset=&#8220;default&#8220; text_font=&#8220;Roboto Condensed||||||||&#8220; text_text_color=&#8220;#000000&#8243; text_font_size=&#8220;16px&#8220; min_height=&#8220;69px&#8220; custom_margin=&#8220;||15px|||&#8220; custom_padding=&#8220;||0px|||&#8220; global_colors_info=&#8220;{}&#8220;]<\/p>\n<p>Hier seht ihr das Originalbild der Rentiere, die auf eurem Arbeitsblatt zu sehen sind. Eigentlich tragen bei den Rentieren die M\u00e4nnchen und Weibchen ein Geweih. Auf diesem Bild (14. Februar 2025) haben die M\u00e4nnchen ihre Geweihe jedoch schon abgestossen.<\/p>\n<p>[\/et_pb_text][\/et_pb_column][\/et_pb_row][\/et_pb_section][et_pb_section fb_built=&#8220;1&#8243; _builder_version=&#8220;4.27.4&#8243; background_color=&#8220;#f4ceab&#8220; custom_margin=&#8220;||-1px||false|false&#8220; custom_padding=&#8220;0px|7%|3px|7%|false|false&#8220; global_colors_info=&#8220;{}&#8220;][et_pb_row _builder_version=&#8220;4.23.1&#8243; width=&#8220;100%&#8220; max_width=&#8220;100%&#8220; custom_margin=&#8220;-27px|0px|-21px|0px|false|false&#8220; custom_padding=&#8220;1px||0px|0px||&#8220; global_colors_info=&#8220;{}&#8220;][et_pb_column type=&#8220;4_4&#8243; _builder_version=&#8220;4.16&#8243; custom_padding=&#8220;|||&#8220; global_colors_info=&#8220;{}&#8220; custom_padding__hover=&#8220;|||&#8220;][et_pb_text admin_label=&#8220;Top Destination Title&#8220; _builder_version=&#8220;4.27.4&#8243; _module_preset=&#8220;e32ee8de-59d0-4b1a-8d0c-d656f4dff84a&#8220; text_font=&#8220;||||&#8220; header_text_align=&#8220;left&#8220; header_font_size=&#8220;40px&#8220; header_line_height=&#8220;1.3em&#8220; custom_margin=&#8220;||1px||false|false&#8220; custom_padding=&#8220;3px||||false|false&#8220; animation_style=&#8220;zoom&#8220; animation_intensity_zoom=&#8220;4%&#8220; locked=&#8220;off&#8220; global_colors_info=&#8220;{}&#8220;]<\/p>\n<h2>Das Nordkapp<\/h2>\n<p>[\/et_pb_text][et_pb_divider color=&#8220;#ed4441&#8243; divider_position=&#8220;center&#8220; divider_weight=&#8220;3px&#8220; disabled_on=&#8220;off|off|off&#8220; _builder_version=&#8220;4.23.1&#8243; max_width=&#8220;150px&#8220; height=&#8220;false&#8220; custom_margin=&#8220;||||false|false&#8220; animation_style=&#8220;slide&#8220; animation_direction=&#8220;top&#8220; animation_delay=&#8220;100ms&#8220; animation_intensity_slide=&#8220;10%&#8220; locked=&#8220;off&#8220; global_colors_info=&#8220;{}&#8220;][\/et_pb_divider][\/et_pb_column][\/et_pb_row][et_pb_row _builder_version=&#8220;4.27.4&#8243; _module_preset=&#8220;default&#8220; width=&#8220;100%&#8220; max_width=&#8220;none&#8220; custom_margin=&#8220;-6px|auto||auto||&#8220; custom_padding=&#8220;39px||16px|||&#8220; global_colors_info=&#8220;{}&#8220;][et_pb_column type=&#8220;4_4&#8243; _builder_version=&#8220;4.23.1&#8243; _module_preset=&#8220;default&#8220; global_colors_info=&#8220;{}&#8220;][et_pb_image src=&#8220;https:\/\/sterneerleben.info\/new\/wp-content\/uploads\/2025\/04\/ankunft_nordkapp.jpg&#8220; title_text=&#8220;ankunft_nordkapp&#8220; url=&#8220;https:\/\/sterneerleben.info\/new\/wp-content\/uploads\/2025\/04\/ankunft_nordkapp.jpg&#8220; _builder_version=&#8220;4.27.4&#8243; _module_preset=&#8220;default&#8220; custom_margin=&#8220;||24px|||&#8220; global_colors_info=&#8220;{}&#8220;][\/et_pb_image][et_pb_text _builder_version=&#8220;4.27.4&#8243; _module_preset=&#8220;default&#8220; text_font=&#8220;Roboto Condensed||||||||&#8220; text_text_color=&#8220;#000000&#8243; text_font_size=&#8220;16px&#8220; custom_margin=&#8220;||15px|||&#8220; custom_padding=&#8220;||0px|||&#8220; global_colors_info=&#8220;{}&#8220;]<\/p>\n<p>Ankunft am Nordkapp: Ein unglaubliches Gef\u00fchl, am n\u00f6rdlichsten Punkt von Europas Festland zu stehen.<\/p>\n<p>[\/et_pb_text][et_pb_image src=&#8220;https:\/\/sterneerleben.info\/new\/wp-content\/uploads\/2025\/04\/nordkap_Seite_17_web.jpg&#8220; alt=&#8220;Denkmal Kinder der Welt&#8220; title_text=&#8220;nordkap_Seite_17_web&#8220; url=&#8220;http:\/\/Denkmal%20Kinder%20der%20Welt&#8220; _builder_version=&#8220;4.27.4&#8243; _module_preset=&#8220;default&#8220; global_colors_info=&#8220;{}&#8220;][\/et_pb_image][et_pb_text _builder_version=&#8220;4.27.4&#8243; _module_preset=&#8220;default&#8220; text_font=&#8220;Roboto Condensed||||||||&#8220; text_text_color=&#8220;#000000&#8243; text_font_size=&#8220;16px&#8220; custom_margin=&#8220;||15px|||&#8220; custom_padding=&#8220;||0px|||&#8220; global_colors_info=&#8220;{}&#8220;]<\/p>\n<p>An Nordkapp haben sich 1988 sieben Kinder aus verschiedenen L\u00e4ndern eine Woche lange getroffen und die Kunstwerke entworfen. Das Thema war &#8222;Freundschaft, Zusammenarbeit, Hoffnung und Freude, \u00fcber alle Grenzen hinweg&#8220;.<\/p>\n<p>Linn hat folgenden Vorschlag f\u00fcr ein m\u00f6gliches achtes Relief:<\/p>\n<p>[\/et_pb_text][et_pb_image src=&#8220;https:\/\/sterneerleben.info\/new\/wp-content\/uploads\/2025\/04\/kinder_der_welt_lsg_linn-1-scaled.jpg&#8220; alt=&#8220;Denkmal Kinder der Welt &#8211; Linn&#8220; title_text=&#8220;kinder_der_welt_lsg_linn&#8220; url=&#8220;https:\/\/sterneerleben.info\/new\/wp-content\/uploads\/2025\/04\/kinder_der_welt_lsg_linn-1-scaled.jpg&#8220; _builder_version=&#8220;4.27.4&#8243; _module_preset=&#8220;default&#8220; global_colors_info=&#8220;{}&#8220;][\/et_pb_image][\/et_pb_column][\/et_pb_row][\/et_pb_section][et_pb_section fb_built=&#8220;1&#8243; _builder_version=&#8220;4.27.4&#8243; background_color=&#8220;#f4ceab&#8220; custom_margin=&#8220;||||false|false&#8220; custom_padding=&#8220;41px|7%|3px|7%|false|false&#8220; global_colors_info=&#8220;{}&#8220;][et_pb_row _builder_version=&#8220;4.23.1&#8243; width=&#8220;100%&#8220; max_width=&#8220;100%&#8220; custom_margin=&#8220;-27px|0px|-21px|0px|false|false&#8220; custom_padding=&#8220;1px||0px|0px||&#8220; global_colors_info=&#8220;{}&#8220;][et_pb_column type=&#8220;4_4&#8243; _builder_version=&#8220;4.16&#8243; custom_padding=&#8220;|||&#8220; global_colors_info=&#8220;{}&#8220; custom_padding__hover=&#8220;|||&#8220;][et_pb_text admin_label=&#8220;Top Destination Title&#8220; _builder_version=&#8220;4.27.4&#8243; _module_preset=&#8220;e32ee8de-59d0-4b1a-8d0c-d656f4dff84a&#8220; text_font=&#8220;||||&#8220; header_text_align=&#8220;left&#8220; header_font_size=&#8220;40px&#8220; header_line_height=&#8220;1.3em&#8220; min_height=&#8220;34.2px&#8220; custom_margin=&#8220;||1px||false|false&#8220; custom_padding=&#8220;3px||||false|false&#8220; animation_style=&#8220;zoom&#8220; animation_intensity_zoom=&#8220;4%&#8220; locked=&#8220;off&#8220; global_colors_info=&#8220;{}&#8220;]<\/p>\n<h2>Die Nordlichter sind durchsichtig<\/h2>\n<p>[\/et_pb_text][et_pb_divider color=&#8220;#ed4441&#8243; divider_position=&#8220;center&#8220; divider_weight=&#8220;3px&#8220; disabled_on=&#8220;off|off|off&#8220; _builder_version=&#8220;4.23.1&#8243; max_width=&#8220;150px&#8220; height=&#8220;false&#8220; custom_margin=&#8220;||||false|false&#8220; animation_style=&#8220;slide&#8220; animation_direction=&#8220;top&#8220; animation_delay=&#8220;100ms&#8220; animation_intensity_slide=&#8220;10%&#8220; locked=&#8220;off&#8220; global_colors_info=&#8220;{}&#8220;][\/et_pb_divider][\/et_pb_column][\/et_pb_row][et_pb_row _builder_version=&#8220;4.27.4&#8243; _module_preset=&#8220;default&#8220; width=&#8220;100%&#8220; max_width=&#8220;none&#8220; custom_margin=&#8220;-6px|auto||auto||&#8220; custom_padding=&#8220;39px||16px|||&#8220; global_colors_info=&#8220;{}&#8220;][et_pb_column type=&#8220;4_4&#8243; _builder_version=&#8220;4.23.1&#8243; _module_preset=&#8220;default&#8220; global_colors_info=&#8220;{}&#8220;][et_pb_text _builder_version=&#8220;4.27.4&#8243; _module_preset=&#8220;default&#8220; text_font=&#8220;Roboto Condensed||||||||&#8220; text_text_color=&#8220;#000000&#8243; text_font_size=&#8220;18px&#8220; custom_margin=&#8220;||13px|||&#8220; custom_padding=&#8220;||0px|||&#8220; global_colors_info=&#8220;{}&#8220;]<\/p>\n<p>Wie im n\u00e4chsten Video zu sehen ist, sind die Nordlichter f\u00fcr Sterne durchl\u00e4ssig. Man kann die Sternbilder durch die Nordlichter sehen.<\/p>\n<p>[\/et_pb_text][et_pb_video src=&#8220;https:\/\/vimeo.com\/1068375933\/8f3be14fed?ts=0&#038;share=copy&#8220; _builder_version=&#8220;4.27.4&#8243; _module_preset=&#8220;default&#8220; global_colors_info=&#8220;{}&#8220;][\/et_pb_video][\/et_pb_column][\/et_pb_row][\/et_pb_section][et_pb_section fb_built=&#8220;1&#8243; _builder_version=&#8220;4.27.4&#8243; background_color=&#8220;#f4ceab&#8220; custom_margin=&#8220;||||false|false&#8220; custom_padding=&#8220;0px|7%|3px|7%|false|false&#8220; global_colors_info=&#8220;{}&#8220;][et_pb_row _builder_version=&#8220;4.23.1&#8243; width=&#8220;100%&#8220; max_width=&#8220;100%&#8220; custom_margin=&#8220;-27px|0px|-21px|0px|false|false&#8220; custom_padding=&#8220;1px||0px|0px||&#8220; global_colors_info=&#8220;{}&#8220;][et_pb_column type=&#8220;4_4&#8243; _builder_version=&#8220;4.16&#8243; custom_padding=&#8220;|||&#8220; global_colors_info=&#8220;{}&#8220; custom_padding__hover=&#8220;|||&#8220;][et_pb_text admin_label=&#8220;Top Destination Title&#8220; _builder_version=&#8220;4.27.4&#8243; _module_preset=&#8220;e32ee8de-59d0-4b1a-8d0c-d656f4dff84a&#8220; text_font=&#8220;||||&#8220; header_text_align=&#8220;left&#8220; header_font_size=&#8220;40px&#8220; header_line_height=&#8220;1.3em&#8220; custom_margin=&#8220;||1px||false|false&#8220; custom_padding=&#8220;28px||0px||false|false&#8220; animation_style=&#8220;zoom&#8220; animation_intensity_zoom=&#8220;4%&#8220; locked=&#8220;off&#8220; global_colors_info=&#8220;{}&#8220;]<\/p>\n<h2>Der Sternenhimmel am 30. April um 22:30 Uhr<\/h2>\n<p>[\/et_pb_text][et_pb_divider color=&#8220;#ed4441&#8243; divider_position=&#8220;center&#8220; divider_weight=&#8220;3px&#8220; disabled_on=&#8220;off|off|off&#8220; _builder_version=&#8220;4.23.1&#8243; max_width=&#8220;150px&#8220; height=&#8220;false&#8220; custom_margin=&#8220;||||false|false&#8220; animation_style=&#8220;slide&#8220; animation_direction=&#8220;top&#8220; animation_delay=&#8220;100ms&#8220; animation_intensity_slide=&#8220;10%&#8220; locked=&#8220;off&#8220; global_colors_info=&#8220;{}&#8220;][\/et_pb_divider][\/et_pb_column][\/et_pb_row][et_pb_row _builder_version=&#8220;4.27.4&#8243; _module_preset=&#8220;default&#8220; width=&#8220;100%&#8220; max_width=&#8220;none&#8220; custom_margin=&#8220;-6px|auto||auto||&#8220; custom_padding=&#8220;39px||16px|||&#8220; global_colors_info=&#8220;{}&#8220;][et_pb_column type=&#8220;4_4&#8243; _builder_version=&#8220;4.23.1&#8243; _module_preset=&#8220;default&#8220; global_colors_info=&#8220;{}&#8220;][et_pb_text _builder_version=&#8220;4.27.4&#8243; _module_preset=&#8220;default&#8220; text_font=&#8220;Roboto Condensed||||||||&#8220; text_text_color=&#8220;#000000&#8243; text_font_size=&#8220;18px&#8220; custom_margin=&#8220;||13px|||&#8220; custom_padding=&#8220;||0px|||&#8220; global_colors_info=&#8220;{}&#8220;]<\/p>\n<p>Vergleicht man den Sternenhimmel von heute Abend mit demjenigen vom 02. April 2025 (siehe weiter unten) stellt man fest, dass im Westen z.B. der Orion schon halb untergegangen ist und im Osten neue Sternbilder (wie die Waage) aufgegangen sind. Diejenigen Sternbilder, die eng um den Polarstern kreisen, gehen nie unter. Man nennt sie: Circumpolarsternbilder.<\/p>\n<p>\u00dcbrigens: Die hellsten Sterne sind bereits ab <strong>21:45 Uhr<\/strong> aufzufinden.<\/p>\n<p>[\/et_pb_text][et_pb_image src=&#8220;https:\/\/sterneerleben.info\/new\/wp-content\/uploads\/2025\/04\/250430_wabern_lean_2230-Kopie-scaled.jpg&#8220; title_text=&#8220;250430_wabern_lean_2230 Kopie&#8220; url=&#8220;https:\/\/sterneerleben.info\/new\/wp-content\/uploads\/2025\/04\/250430_wabern_lean_2230-Kopie-scaled.jpg&#8220; _builder_version=&#8220;4.27.4&#8243; _module_preset=&#8220;default&#8220; custom_padding=&#8220;0px|||||&#8220; global_colors_info=&#8220;{}&#8220;][\/et_pb_image][et_pb_text _builder_version=&#8220;4.27.4&#8243; _module_preset=&#8220;default&#8220; text_font=&#8220;Roboto Condensed||||||||&#8220; text_text_color=&#8220;#000000&#8243; text_font_size=&#8220;16px&#8220; global_colors_info=&#8220;{}&#8220;]<\/p>\n<p>Im Nordwesten sind unter anderem die drei Sternbilder Fuhrmann, Perseus und Cassiopeia auszumachen. Da f\u00fcr die Samen die Rentierzucht die Hauptt\u00e4tigkeit war, sehen sie in den drei Sternbildern ein <strong>Rentier<\/strong>.<\/p>\n<p>[\/et_pb_text][et_pb_image src=&#8220;https:\/\/sterneerleben.info\/new\/wp-content\/uploads\/2025\/04\/250430_wabern_lean_2230_ausschnitt_rentier_doppelt_farbig_fig-scaled.jpg&#8220; title_text=&#8220;250430_wabern_lean_2230_ausschnitt_rentier_doppelt_farbig_fig&#8220; url=&#8220;https:\/\/sterneerleben.info\/new\/wp-content\/uploads\/2025\/04\/250430_wabern_lean_2230_ausschnitt_rentier_doppelt_farbig_fig-scaled.jpg&#8220; _builder_version=&#8220;4.27.4&#8243; _module_preset=&#8220;default&#8220; custom_margin=&#8220;-15px||17px|||&#8220; global_colors_info=&#8220;{}&#8220;][\/et_pb_image][et_pb_text _builder_version=&#8220;4.27.4&#8243; _module_preset=&#8220;default&#8220; text_font=&#8220;Roboto Condensed||||||||&#8220; text_text_color=&#8220;#000000&#8243; text_font_size=&#8220;16px&#8220; min_height=&#8220;69px&#8220; custom_margin=&#8220;||27px|||&#8220; custom_padding=&#8220;||0px|||&#8220; global_colors_info=&#8220;{}&#8220;]<\/p>\n<p>Auf diesen beiden Bildern ist nur ein Ausschnitt der sichtbaren Sternbilder dargestellt. Links sind die Sternbilder zu sehen, so wie wir sie kennen und rechts ist der Samensternenhimmel mit dem Rentier gezeichnet.<\/p>\n<p>Wie das Rentier m\u00f6glicherweise an den Himmel kam, ist weiter unten im Film &#8222;Das Rentier am Sternenhimmel&#8220; zu sehen.<\/p>\n<p>[\/et_pb_text][\/et_pb_column][\/et_pb_row][\/et_pb_section][et_pb_section fb_built=&#8220;1&#8243; _builder_version=&#8220;4.27.4&#8243; background_color=&#8220;#1e2937&#8243; width=&#8220;100%&#8220; max_width=&#8220;100%&#8220; custom_margin=&#8220;0px||0px||false|false&#8220; custom_padding=&#8220;0px|0px|0px|0px|false|false&#8220; global_colors_info=&#8220;{}&#8220;][et_pb_row _builder_version=&#8220;4.27.4&#8243; background_color=&#8220;#1e2937&#8243; width=&#8220;100%&#8220; max_width=&#8220;100%&#8220; custom_margin=&#8220;0px|0px|6px|0px|false|false&#8220; custom_padding=&#8220;0px||0px|0px|false|false&#8220; global_colors_info=&#8220;{}&#8220;][et_pb_column type=&#8220;4_4&#8243; _builder_version=&#8220;4.16&#8243; custom_padding=&#8220;|||&#8220; global_colors_info=&#8220;{}&#8220; custom_padding__hover=&#8220;|||&#8220;][et_pb_text _builder_version=&#8220;4.27.4&#8243; _module_preset=&#8220;default&#8220; text_font=&#8220;Roboto Condensed||||||||&#8220; text_text_color=&#8220;#000000&#8243; text_font_size=&#8220;18px&#8220; text_line_height=&#8220;1.3em&#8220; background_color=&#8220;#DAE8F9&#8243; custom_margin=&#8220;27px||7px|||&#8220; custom_padding=&#8220;13px||13px|||&#8220; global_colors_info=&#8220;{}&#8220;]<\/p>\n<p><strong>Nun folgen die Beitr\u00e4ge f\u00fcr die Klassen 3b und 3c, die teilweise sicher auch f\u00fcr die Basisstufen-Sternenfreaks spannend sein k\u00f6nnten. Eure Eltern, Grosseltern oder Geschwister helfen euch sicher, beim Studieren der Beitr\u00e4ge.<\/strong><\/p>\n<p>[\/et_pb_text][\/et_pb_column][\/et_pb_row][\/et_pb_section][et_pb_section fb_built=&#8220;1&#8243; _builder_version=&#8220;4.27.4&#8243; background_color=&#8220;#DAE8F9&#8243; custom_margin=&#8220;||||false|false&#8220; custom_padding=&#8220;0px|7%|3px|7%|false|false&#8220; global_colors_info=&#8220;{}&#8220;][et_pb_row _builder_version=&#8220;4.23.1&#8243; width=&#8220;100%&#8220; max_width=&#8220;100%&#8220; custom_margin=&#8220;-27px|0px|-21px|0px|false|false&#8220; custom_padding=&#8220;1px||0px|0px||&#8220; global_colors_info=&#8220;{}&#8220;][et_pb_column type=&#8220;4_4&#8243; _builder_version=&#8220;4.16&#8243; custom_padding=&#8220;|||&#8220; global_colors_info=&#8220;{}&#8220; custom_padding__hover=&#8220;|||&#8220;][et_pb_text admin_label=&#8220;Top Destination Title&#8220; _builder_version=&#8220;4.27.4&#8243; _module_preset=&#8220;e32ee8de-59d0-4b1a-8d0c-d656f4dff84a&#8220; text_font=&#8220;||||&#8220; header_text_align=&#8220;left&#8220; header_font_size=&#8220;40px&#8220; header_line_height=&#8220;1.3em&#8220; custom_margin=&#8220;||1px||false|false&#8220; custom_padding=&#8220;3px||||false|false&#8220; animation_style=&#8220;zoom&#8220; animation_intensity_zoom=&#8220;4%&#8220; locked=&#8220;off&#8220; global_colors_info=&#8220;{}&#8220;]<\/p>\n<h2>Am 02. April <span style=\"color: #ff0000;\">2026<\/span> wird alles wieder gleich aussehen, ausser&#8230;<\/h2>\n<p>[\/et_pb_text][et_pb_divider color=&#8220;#ed4441&#8243; divider_position=&#8220;center&#8220; divider_weight=&#8220;3px&#8220; disabled_on=&#8220;off|off|off&#8220; _builder_version=&#8220;4.23.1&#8243; max_width=&#8220;150px&#8220; height=&#8220;false&#8220; custom_margin=&#8220;||||false|false&#8220; animation_style=&#8220;slide&#8220; animation_direction=&#8220;top&#8220; animation_delay=&#8220;100ms&#8220; animation_intensity_slide=&#8220;10%&#8220; locked=&#8220;off&#8220; global_colors_info=&#8220;{}&#8220;][\/et_pb_divider][\/et_pb_column][\/et_pb_row][et_pb_row _builder_version=&#8220;4.27.4&#8243; _module_preset=&#8220;default&#8220; width=&#8220;100%&#8220; max_width=&#8220;none&#8220; custom_margin=&#8220;-6px|auto||auto||&#8220; custom_padding=&#8220;39px||16px|||&#8220; global_colors_info=&#8220;{}&#8220;][et_pb_column type=&#8220;4_4&#8243; _builder_version=&#8220;4.23.1&#8243; _module_preset=&#8220;default&#8220; global_colors_info=&#8220;{}&#8220;][et_pb_text _builder_version=&#8220;4.27.4&#8243; _module_preset=&#8220;default&#8220; text_font=&#8220;Roboto Condensed||||||||&#8220; text_text_color=&#8220;#000000&#8243; text_font_size=&#8220;18px&#8220; min_height=&#8220;69px&#8220; custom_margin=&#8220;||27px|||&#8220; custom_padding=&#8220;||0px|||&#8220; global_colors_info=&#8220;{}&#8220;]<\/p>\n<p>&#8230;die Planeten werden an einem anderen Ort zu finden sein, was sie irgendwie noch sympathischer macht.<\/p>\n<p>Diese Seite wird nun nicht mehr aktualisiert, aber wie gesagt: Sie k\u00f6nnen sich jederzeit direkt bei mir melden. Meine E-Mail-Adresse steht auf den Arbeitsbl\u00e4ttern der Kinder. F\u00fcr mich war es ein sehr tolles, emotionales und spannendes Erlebnis. Die Kinder waren super!<\/p>\n<p>[\/et_pb_text][\/et_pb_column][\/et_pb_row][\/et_pb_section][et_pb_section fb_built=&#8220;1&#8243; _builder_version=&#8220;4.27.4&#8243; background_color=&#8220;#DAE8F9&#8243; custom_margin=&#8220;||||false|false&#8220; custom_padding=&#8220;0px|7%|3px|7%|false|false&#8220; global_colors_info=&#8220;{}&#8220;][et_pb_row _builder_version=&#8220;4.23.1&#8243; width=&#8220;100%&#8220; max_width=&#8220;100%&#8220; custom_margin=&#8220;-27px|0px|-21px|0px|false|false&#8220; custom_padding=&#8220;1px||0px|0px||&#8220; global_colors_info=&#8220;{}&#8220;][et_pb_column type=&#8220;4_4&#8243; _builder_version=&#8220;4.16&#8243; custom_padding=&#8220;|||&#8220; global_colors_info=&#8220;{}&#8220; custom_padding__hover=&#8220;|||&#8220;][et_pb_text admin_label=&#8220;Top Destination Title&#8220; _builder_version=&#8220;4.27.4&#8243; _module_preset=&#8220;e32ee8de-59d0-4b1a-8d0c-d656f4dff84a&#8220; text_font=&#8220;||||&#8220; header_text_align=&#8220;left&#8220; header_font_size=&#8220;40px&#8220; header_line_height=&#8220;1.3em&#8220; custom_margin=&#8220;||1px||false|false&#8220; custom_padding=&#8220;3px||||false|false&#8220; animation_style=&#8220;zoom&#8220; animation_intensity_zoom=&#8220;4%&#8220; locked=&#8220;off&#8220; global_colors_info=&#8220;{}&#8220;]<\/p>\n<h2>News vom 05.04.2025<\/h2>\n<p>[\/et_pb_text][et_pb_divider color=&#8220;#ed4441&#8243; divider_position=&#8220;center&#8220; divider_weight=&#8220;3px&#8220; disabled_on=&#8220;off|off|off&#8220; _builder_version=&#8220;4.23.1&#8243; max_width=&#8220;150px&#8220; height=&#8220;false&#8220; custom_margin=&#8220;||||false|false&#8220; animation_style=&#8220;slide&#8220; animation_direction=&#8220;top&#8220; animation_delay=&#8220;100ms&#8220; animation_intensity_slide=&#8220;10%&#8220; locked=&#8220;off&#8220; global_colors_info=&#8220;{}&#8220;][\/et_pb_divider][\/et_pb_column][\/et_pb_row][et_pb_row _builder_version=&#8220;4.27.4&#8243; _module_preset=&#8220;default&#8220; width=&#8220;100%&#8220; max_width=&#8220;none&#8220; custom_margin=&#8220;-6px|auto||auto||&#8220; custom_padding=&#8220;39px||18px|||&#8220; global_colors_info=&#8220;{}&#8220;][et_pb_column type=&#8220;4_4&#8243; _builder_version=&#8220;4.23.1&#8243; _module_preset=&#8220;default&#8220; global_colors_info=&#8220;{}&#8220;][et_pb_text _builder_version=&#8220;4.27.4&#8243; _module_preset=&#8220;default&#8220; text_font=&#8220;Roboto Condensed||||||||&#8220; text_text_color=&#8220;#000000&#8243; text_font_size=&#8220;18px&#8220; min_height=&#8220;69px&#8220; custom_margin=&#8220;||27px|||&#8220; custom_padding=&#8220;||0px|||&#8220; global_colors_info=&#8220;{}&#8220;]<\/p>\n<p>Der Mond muss in rund 28 Tage wieder beim gleichen Tierkreissternbild sein, weshalb er sich rasch durch die Sternbilder bewegt. In etwas mehr als 2 Tagen liegt er bereits ein Sternbild zur\u00fcck, weshalb die Stellung des Mondes am 04.04.2025 (siehe Bild unten) schon heute nicht mehr stimmt.<\/p>\n<p>[\/et_pb_text][\/et_pb_column][\/et_pb_row][\/et_pb_section][et_pb_section fb_built=&#8220;1&#8243; _builder_version=&#8220;4.27.4&#8243; background_color=&#8220;#DAE8F9&#8243; custom_margin=&#8220;||||false|false&#8220; custom_padding=&#8220;0px|7%|3px|7%|false|false&#8220; global_colors_info=&#8220;{}&#8220;][et_pb_row _builder_version=&#8220;4.23.1&#8243; width=&#8220;100%&#8220; max_width=&#8220;100%&#8220; custom_margin=&#8220;-27px|0px|-21px|0px|false|false&#8220; custom_padding=&#8220;1px||0px|0px||&#8220; global_colors_info=&#8220;{}&#8220;][et_pb_column type=&#8220;4_4&#8243; _builder_version=&#8220;4.16&#8243; custom_padding=&#8220;|||&#8220; global_colors_info=&#8220;{}&#8220; custom_padding__hover=&#8220;|||&#8220;][et_pb_text admin_label=&#8220;Top Destination Title&#8220; _builder_version=&#8220;4.27.4&#8243; _module_preset=&#8220;e32ee8de-59d0-4b1a-8d0c-d656f4dff84a&#8220; text_font=&#8220;||||&#8220; header_text_align=&#8220;left&#8220; header_font_size=&#8220;40px&#8220; header_line_height=&#8220;1.3em&#8220; custom_margin=&#8220;||1px||false|false&#8220; custom_padding=&#8220;3px||||false|false&#8220; animation_style=&#8220;zoom&#8220; animation_intensity_zoom=&#8220;4%&#8220; locked=&#8220;off&#8220; global_colors_info=&#8220;{}&#8220;]<\/p>\n<h2>News vom 04.04.2025<\/h2>\n<p>[\/et_pb_text][et_pb_divider color=&#8220;#ed4441&#8243; divider_position=&#8220;center&#8220; divider_weight=&#8220;3px&#8220; disabled_on=&#8220;off|off|off&#8220; _builder_version=&#8220;4.23.1&#8243; max_width=&#8220;150px&#8220; height=&#8220;false&#8220; custom_margin=&#8220;||||false|false&#8220; animation_style=&#8220;slide&#8220; animation_direction=&#8220;top&#8220; animation_delay=&#8220;100ms&#8220; animation_intensity_slide=&#8220;10%&#8220; locked=&#8220;off&#8220; global_colors_info=&#8220;{}&#8220;][\/et_pb_divider][\/et_pb_column][\/et_pb_row][et_pb_row _builder_version=&#8220;4.27.4&#8243; _module_preset=&#8220;default&#8220; width=&#8220;100%&#8220; max_width=&#8220;none&#8220; custom_margin=&#8220;-6px|auto||auto||&#8220; custom_padding=&#8220;39px||48px|||&#8220; global_colors_info=&#8220;{}&#8220;][et_pb_column type=&#8220;4_4&#8243; _builder_version=&#8220;4.23.1&#8243; _module_preset=&#8220;default&#8220; global_colors_info=&#8220;{}&#8220;][et_pb_text _builder_version=&#8220;4.27.4&#8243; _module_preset=&#8220;default&#8220; text_font=&#8220;Roboto Condensed||||||||&#8220; text_text_color=&#8220;#000000&#8243; text_font_size=&#8220;18px&#8220; min_height=&#8220;69px&#8220; custom_margin=&#8220;||27px|||&#8220; custom_padding=&#8220;||0px|||&#8220; global_colors_info=&#8220;{}&#8220;]<\/p>\n<p>Ich wurde soeben gefragt, ob man zur Zeit Planeten sehen k\u00f6nne: JA! Im Westen gehen heute Abend die Planeten Jupiter (sehr hell, H\u00f6rner Stier) und der etwas r\u00f6tliche Mars bei Castor und Pollux (Zwillinge) unter. Der Mond steht zwischen den beiden Vagabunden. &#8222;Leider&#8220; wird der Mond nun von Tag zu Tag heller. Wo die zwei Planeten am 08. November 2024 und am 25. M\u00e4rz 2025 standen, k\u00f6nnt ihr weiter unten sehen.<\/p>\n<p>[\/et_pb_text][et_pb_image src=&#8220;https:\/\/sterneerleben.info\/new\/wp-content\/uploads\/2025\/04\/250404_planeten-scaled.jpg&#8220; title_text=&#8220;250404_planeten&#8220; url=&#8220;https:\/\/sterneerleben.info\/new\/wp-content\/uploads\/2025\/04\/250404_planeten-scaled.jpg&#8220; _builder_version=&#8220;4.27.4&#8243; _module_preset=&#8220;default&#8220; global_colors_info=&#8220;{}&#8220;][\/et_pb_image][\/et_pb_column][\/et_pb_row][\/et_pb_section][et_pb_section fb_built=&#8220;1&#8243; _builder_version=&#8220;4.27.4&#8243; background_color=&#8220;#DAE8F9&#8243; custom_margin=&#8220;22px||||false|false&#8220; custom_padding=&#8220;0px|7%|3px|7%|false|false&#8220; global_colors_info=&#8220;{}&#8220;][et_pb_row _builder_version=&#8220;4.23.1&#8243; width=&#8220;100%&#8220; max_width=&#8220;100%&#8220; custom_margin=&#8220;-27px|0px|-21px|0px|false|false&#8220; custom_padding=&#8220;1px||0px|0px||&#8220; global_colors_info=&#8220;{}&#8220;][et_pb_column type=&#8220;4_4&#8243; _builder_version=&#8220;4.16&#8243; custom_padding=&#8220;|||&#8220; global_colors_info=&#8220;{}&#8220; custom_padding__hover=&#8220;|||&#8220;][et_pb_text admin_label=&#8220;Top Destination Title&#8220; _builder_version=&#8220;4.27.4&#8243; _module_preset=&#8220;e32ee8de-59d0-4b1a-8d0c-d656f4dff84a&#8220; text_font=&#8220;||||&#8220; header_text_align=&#8220;left&#8220; header_font_size=&#8220;40px&#8220; header_line_height=&#8220;1.3em&#8220; custom_margin=&#8220;||1px||false|false&#8220; custom_padding=&#8220;||||false|false&#8220; animation_style=&#8220;zoom&#8220; animation_intensity_zoom=&#8220;4%&#8220; locked=&#8220;off&#8220; global_colors_info=&#8220;{}&#8220;]<\/p>\n<h2>Der Sternenhimmel am 02. April um 21:30 Uhr<\/h2>\n<p>[\/et_pb_text][et_pb_divider color=&#8220;#ed4441&#8243; divider_position=&#8220;center&#8220; divider_weight=&#8220;3px&#8220; disabled_on=&#8220;off|off|off&#8220; _builder_version=&#8220;4.23.1&#8243; max_width=&#8220;150px&#8220; height=&#8220;false&#8220; custom_margin=&#8220;||||false|false&#8220; animation_style=&#8220;slide&#8220; animation_direction=&#8220;top&#8220; animation_delay=&#8220;100ms&#8220; animation_intensity_slide=&#8220;10%&#8220; locked=&#8220;off&#8220; global_colors_info=&#8220;{}&#8220;][\/et_pb_divider][\/et_pb_column][\/et_pb_row][et_pb_row _builder_version=&#8220;4.27.4&#8243; _module_preset=&#8220;default&#8220; width=&#8220;100%&#8220; max_width=&#8220;none&#8220; custom_margin=&#8220;-6px|auto||auto||&#8220; custom_padding=&#8220;12px|||||&#8220; global_colors_info=&#8220;{}&#8220;][et_pb_column type=&#8220;4_4&#8243; _builder_version=&#8220;4.23.1&#8243; _module_preset=&#8220;default&#8220; global_colors_info=&#8220;{}&#8220;][et_pb_image src=&#8220;https:\/\/sterneerleben.info\/new\/wp-content\/uploads\/2025\/03\/sternkarte_wabern_250402_sterne-scaled.jpg&#8220; alt=&#8220;Nur Sterne&#8220; title_text=&#8220;sternkarte_wabern_250402_sterne&#8220; url=&#8220;https:\/\/sterneerleben.info\/new\/wp-content\/uploads\/2025\/03\/sternkarte_wabern_250402_sterne-scaled.jpg&#8220; url_new_window=&#8220;on&#8220; src_tablet=&#8220;https:\/\/sterneerleben.info\/new\/wp-content\/uploads\/2025\/03\/sternkarte_wabern_250402_sterne-scaled.jpg&#8220; src_phone=&#8220;https:\/\/sterneerleben.info\/new\/wp-content\/uploads\/2025\/03\/sternkarte_wabern_250402_sterne-scaled.jpg&#8220; src_last_edited=&#8220;on|desktop&#8220; _builder_version=&#8220;4.27.4&#8243; _module_preset=&#8220;default&#8220; max_width=&#8220;150%&#8220; custom_margin=&#8220;||0px|||&#8220; global_colors_info=&#8220;{}&#8220;][\/et_pb_image][et_pb_image src=&#8220;https:\/\/sterneerleben.info\/new\/wp-content\/uploads\/2025\/03\/sternkarte_wabern_250402_linien-scaled.jpg&#8220; title_text=&#8220;sternkarte_wabern_250402_linien&#8220; url=&#8220;https:\/\/sterneerleben.info\/new\/wp-content\/uploads\/2025\/03\/sternkarte_wabern_250402_linien-scaled.jpg&#8220; url_new_window=&#8220;on&#8220; _builder_version=&#8220;4.27.4&#8243; _module_preset=&#8220;default&#8220; custom_padding=&#8220;||0px|||&#8220; global_colors_info=&#8220;{}&#8220;][\/et_pb_image][et_pb_image src=&#8220;https:\/\/sterneerleben.info\/new\/wp-content\/uploads\/2025\/03\/sternkarte_wabern_250402_alles-scaled.jpg&#8220; title_text=&#8220;sternkarte_wabern_250402_alles&#8220; url=&#8220;https:\/\/sterneerleben.info\/new\/wp-content\/uploads\/2025\/03\/sternkarte_wabern_250402_alles-scaled.jpg&#8220; url_new_window=&#8220;on&#8220; _builder_version=&#8220;4.27.4&#8243; _module_preset=&#8220;default&#8220; global_colors_info=&#8220;{}&#8220;][\/et_pb_image][et_pb_text _builder_version=&#8220;4.27.4&#8243; _module_preset=&#8220;default&#8220; text_font=&#8220;Roboto Condensed||||||||&#8220; text_text_color=&#8220;#000000&#8243; text_font_size=&#8220;18px&#8220; custom_margin=&#8220;||27px|||&#8220; global_colors_info=&#8220;{}&#8220;]<\/p>\n<p>In dieser Darstellung sind die zur Zeit sichtbaren Tierkreissternbilder noch fig\u00fcrlich dargestellt. Links ist das Fr\u00fchlingsdreieck zu sehen, das sich nun immer h\u00f6her gegen S\u00fcden verlagert. Das Wintersechseck (rechts) geht im Westen langsam aber termingerecht unter.<\/p>\n<p>[\/et_pb_text][\/et_pb_column][\/et_pb_row][\/et_pb_section][et_pb_section fb_built=&#8220;1&#8243; _builder_version=&#8220;4.27.4&#8243; background_color=&#8220;#DAE8F9&#8243; custom_margin=&#8220;||||false|false&#8220; custom_padding=&#8220;0px|7%|3px|7%|false|false&#8220; global_colors_info=&#8220;{}&#8220;][et_pb_row _builder_version=&#8220;4.23.1&#8243; width=&#8220;100%&#8220; max_width=&#8220;100%&#8220; custom_margin=&#8220;-27px|0px|-21px|0px|false|false&#8220; custom_padding=&#8220;1px||0px|0px||&#8220; global_colors_info=&#8220;{}&#8220;][et_pb_column type=&#8220;4_4&#8243; _builder_version=&#8220;4.16&#8243; custom_padding=&#8220;|||&#8220; global_colors_info=&#8220;{}&#8220; custom_padding__hover=&#8220;|||&#8220;][et_pb_text admin_label=&#8220;Top Destination Title&#8220; _builder_version=&#8220;4.27.4&#8243; _module_preset=&#8220;e32ee8de-59d0-4b1a-8d0c-d656f4dff84a&#8220; text_font=&#8220;||||&#8220; header_text_align=&#8220;left&#8220; header_font_size=&#8220;40px&#8220; header_line_height=&#8220;1.3em&#8220; custom_margin=&#8220;||1px||false|false&#8220; custom_padding=&#8220;||||false|false&#8220; animation_style=&#8220;zoom&#8220; animation_intensity_zoom=&#8220;4%&#8220; locked=&#8220;off&#8220; global_colors_info=&#8220;{}&#8220;]<\/p>\n<h2>Die Geschichte von der K\u00f6nigin Cassiopeia, vom K\u00f6nig Arktur und vom Grossen B\u00e4ren<\/h2>\n<p>[\/et_pb_text][et_pb_divider color=&#8220;#ed4441&#8243; divider_position=&#8220;center&#8220; divider_weight=&#8220;3px&#8220; disabled_on=&#8220;off|off|off&#8220; _builder_version=&#8220;4.23.1&#8243; max_width=&#8220;150px&#8220; height=&#8220;false&#8220; custom_margin=&#8220;||||false|false&#8220; animation_style=&#8220;slide&#8220; animation_direction=&#8220;top&#8220; animation_delay=&#8220;100ms&#8220; animation_intensity_slide=&#8220;10%&#8220; locked=&#8220;off&#8220; global_colors_info=&#8220;{}&#8220;][\/et_pb_divider][\/et_pb_column][\/et_pb_row][et_pb_row _builder_version=&#8220;4.27.4&#8243; _module_preset=&#8220;default&#8220; width=&#8220;100%&#8220; max_width=&#8220;none&#8220; custom_margin=&#8220;-6px|auto||auto||&#8220; custom_padding=&#8220;39px|||||&#8220; global_colors_info=&#8220;{}&#8220;][et_pb_column type=&#8220;4_4&#8243; _builder_version=&#8220;4.23.1&#8243; _module_preset=&#8220;default&#8220; global_colors_info=&#8220;{}&#8220;][et_pb_image src=&#8220;https:\/\/sterneerleben.info\/new\/wp-content\/uploads\/2025\/03\/gr_baer_duehnfort_bild_reduziert.jpg&#8220; alt=&#8220;Nur Sterne&#8220; title_text=&#8220;gr_baer_duehnfort_bild_reduziert&#8220; url=&#8220;https:\/\/sterneerleben.info\/new\/wp-content\/uploads\/2025\/03\/gr_baer_duehnfort_bild_reduziert.jpg&#8220; url_new_window=&#8220;on&#8220; src_tablet=&#8220;https:\/\/sterneerleben.info\/new\/wp-content\/uploads\/2025\/03\/gr_baer_duehnfort_bild_reduziert.jpg&#8220; src_phone=&#8220;https:\/\/sterneerleben.info\/new\/wp-content\/uploads\/2025\/03\/gr_baer_duehnfort_bild_reduziert.jpg&#8220; src_last_edited=&#8220;on|phone&#8220; _builder_version=&#8220;4.27.4&#8243; _module_preset=&#8220;default&#8220; max_width=&#8220;150%&#8220; custom_margin=&#8220;||12px|||&#8220; global_colors_info=&#8220;{}&#8220;][\/et_pb_image][et_pb_text _builder_version=&#8220;4.27.4&#8243; _module_preset=&#8220;default&#8220; text_font=&#8220;Roboto Condensed||||||||&#8220; text_text_color=&#8220;#000000&#8243; text_font_size=&#8220;18px&#8220; min_height=&#8220;69px&#8220; global_colors_info=&#8220;{}&#8220;]<\/p>\n<p>So haben sich Kinder einer dritten Klasse die Geschichte vorgestellt: K\u00f6nig Arktur (Bootes) vertreibt einen Grossen B\u00e4ren und K\u00f6nigin Cassiopeia ruft aus dem Wasser um Hilfe (nach einer Geschichte von\u00a0D\u00fchnfort, Erika (2017): <em>Vom gr\u00f6ssten Bilderbuch der Welt. Sternbilder-Geschichten durch das Jahr<\/em>. Freies Geistesleben.)<\/p>\n<p>[\/et_pb_text][\/et_pb_column][\/et_pb_row][\/et_pb_section][et_pb_section fb_built=&#8220;1&#8243; _builder_version=&#8220;4.27.4&#8243; background_color=&#8220;#DAE8F9&#8243; custom_margin=&#8220;||||false|false&#8220; custom_padding=&#8220;0px|7%|3px|7%|false|false&#8220; global_colors_info=&#8220;{}&#8220;][et_pb_row _builder_version=&#8220;4.16&#8243; width=&#8220;100%&#8220; max_width=&#8220;100%&#8220; custom_margin=&#8220;-27px|0px||0px|false|false&#8220; custom_padding=&#8220;||0px|0px||&#8220; global_colors_info=&#8220;{}&#8220;][et_pb_column type=&#8220;4_4&#8243; _builder_version=&#8220;4.16&#8243; custom_padding=&#8220;|||&#8220; global_colors_info=&#8220;{}&#8220; custom_padding__hover=&#8220;|||&#8220;][et_pb_text admin_label=&#8220;Top Destination Title&#8220; _builder_version=&#8220;4.27.4&#8243; _module_preset=&#8220;e32ee8de-59d0-4b1a-8d0c-d656f4dff84a&#8220; text_font=&#8220;||||&#8220; header_text_align=&#8220;left&#8220; header_font_size=&#8220;40px&#8220; header_line_height=&#8220;1.3em&#8220; custom_margin=&#8220;||1px||false|false&#8220; custom_padding=&#8220;||||false|false&#8220; animation_style=&#8220;zoom&#8220; animation_intensity_zoom=&#8220;4%&#8220; locked=&#8220;off&#8220; global_colors_info=&#8220;{}&#8220;]<\/p>\n<h2>Der sternenhimmel der Samen<\/h2>\n<p>[\/et_pb_text][et_pb_divider color=&#8220;#ed4441&#8243; divider_position=&#8220;center&#8220; divider_weight=&#8220;3px&#8220; disabled_on=&#8220;off|off|off&#8220; _builder_version=&#8220;4.16&#8243; max_width=&#8220;150px&#8220; height=&#8220;false&#8220; custom_margin=&#8220;||21px|||&#8220; animation_style=&#8220;slide&#8220; animation_direction=&#8220;top&#8220; animation_delay=&#8220;100ms&#8220; animation_intensity_slide=&#8220;10%&#8220; locked=&#8220;off&#8220; global_colors_info=&#8220;{}&#8220;][\/et_pb_divider][\/et_pb_column][\/et_pb_row][et_pb_row _builder_version=&#8220;4.27.4&#8243; _module_preset=&#8220;default&#8220; width=&#8220;100%&#8220; custom_padding=&#8220;||0px|||&#8220; global_colors_info=&#8220;{}&#8220;][et_pb_column type=&#8220;4_4&#8243; _builder_version=&#8220;4.27.4&#8243; _module_preset=&#8220;default&#8220; global_colors_info=&#8220;{}&#8220;][et_pb_image src=&#8220;https:\/\/sterneerleben.info\/new\/wp-content\/uploads\/2025\/03\/rentier_wabern_03-scaled.jpg&#8220; title_text=&#8220;rentier_wabern_03&#8243; url=&#8220;https:\/\/sterneerleben.info\/new\/wp-content\/uploads\/2025\/03\/rentier_wabern_03-scaled.jpg&#8220; url_new_window=&#8220;on&#8220; _builder_version=&#8220;4.27.4&#8243; _module_preset=&#8220;default&#8220; custom_margin=&#8220;-29px|||||&#8220; global_colors_info=&#8220;{}&#8220;][\/et_pb_image][\/et_pb_column][\/et_pb_row][et_pb_row _builder_version=&#8220;4.27.4&#8243; _module_preset=&#8220;default&#8220; width=&#8220;100%&#8220; global_colors_info=&#8220;{}&#8220;][et_pb_column type=&#8220;4_4&#8243; _builder_version=&#8220;4.27.4&#8243; _module_preset=&#8220;default&#8220; global_colors_info=&#8220;{}&#8220;][et_pb_text _builder_version=&#8220;4.27.4&#8243; _module_preset=&#8220;default&#8220; text_font=&#8220;Roboto Condensed||||||||&#8220; text_text_color=&#8220;#000000&#8243; text_font_size=&#8220;18px&#8220; text_line_height=&#8220;1.3em&#8220; custom_padding=&#8220;0px|||||&#8220; global_colors_info=&#8220;{}&#8220;]<\/p>\n<p>Das wichtigste Sternbild der <strong>Samen <\/strong>ist das <strong>Rentier <\/strong>(oder der Elch).<\/p>\n<p>Am Sternenhimmel ist eine Jagdszene abgebildet. Das Rentier (Sarvvis) und der Pfeilbogen (Schwanz des Grossen B\u00e4ren) des J\u00e4gers Favdna sind rot hervorgehoben. Hier kannst du die ganze Geschichte nachlesen: <a href=\"https:\/\/tinyurl.com\/2u28pmjc\" target=\"_blank\" rel=\"noopener\">https:\/\/tinyurl.com\/2u28pmjc<\/a><\/p>\n<p>&nbsp;<\/p>\n<p>[\/et_pb_text][\/et_pb_column][\/et_pb_row][et_pb_row _builder_version=&#8220;4.27.4&#8243; _module_preset=&#8220;default&#8220; width=&#8220;100%&#8220; max_width=&#8220;none&#8220; custom_padding=&#8220;||0px|||&#8220; global_colors_info=&#8220;{}&#8220;][et_pb_column type=&#8220;4_4&#8243; _builder_version=&#8220;4.27.4&#8243; _module_preset=&#8220;default&#8220; global_colors_info=&#8220;{}&#8220;][et_pb_image src=&#8220;https:\/\/sterneerleben.info\/new\/wp-content\/uploads\/2025\/03\/rentier_wabern_07-scaled.jpg&#8220; title_text=&#8220;rentier_wabern_07&#8243; url=&#8220;https:\/\/sterneerleben.info\/new\/wp-content\/uploads\/2025\/03\/rentier_wabern_07-scaled.jpg&#8220; url_new_window=&#8220;on&#8220; _builder_version=&#8220;4.27.4&#8243; _module_preset=&#8220;default&#8220; custom_margin=&#8220;-58px|||||&#8220; global_colors_info=&#8220;{}&#8220;][\/et_pb_image][et_pb_text _builder_version=&#8220;4.27.4&#8243; _module_preset=&#8220;default&#8220; text_font=&#8220;Roboto Condensed||||||||&#8220; text_text_color=&#8220;#000000&#8243; text_font_size=&#8220;16px&#8220; global_colors_info=&#8220;{}&#8220;]<\/p>\n<p>Hier sind noch weitere Menschen und Hunde eingezeichnet, die sich an der Jagd beteiligen. Der rote Punkt in der Mitte ist der (Sternen-) Nagel, um den sich alles dreht. In unserer Kultur heisst dieser Stern: Polarstern.<\/p>\n<p>[\/et_pb_text][\/et_pb_column][\/et_pb_row][et_pb_row _builder_version=&#8220;4.27.4&#8243; _module_preset=&#8220;default&#8220; width=&#8220;100%&#8220; max_width=&#8220;none&#8220; custom_padding=&#8220;||7px|||&#8220; global_colors_info=&#8220;{}&#8220;][et_pb_column type=&#8220;4_4&#8243; _builder_version=&#8220;4.27.4&#8243; _module_preset=&#8220;default&#8220; global_colors_info=&#8220;{}&#8220;][et_pb_video src=&#8220;https:\/\/vimeo.com\/1064356337\/d12cc1bf62&#8243; _builder_version=&#8220;4.27.4&#8243; _module_preset=&#8220;default&#8220; custom_padding=&#8220;23px||0px|||&#8220; global_colors_info=&#8220;{}&#8220;][\/et_pb_video][\/et_pb_column][\/et_pb_row][\/et_pb_section][et_pb_section fb_built=&#8220;1&#8243; _builder_version=&#8220;4.27.4&#8243; background_color=&#8220;#DAE8F9&#8243; custom_margin=&#8220;||||false|false&#8220; custom_padding=&#8220;34px|7%|3px|7%|false|false&#8220; global_colors_info=&#8220;{}&#8220;][et_pb_row _builder_version=&#8220;4.16&#8243; width=&#8220;100%&#8220; max_width=&#8220;100%&#8220; custom_margin=&#8220;-27px|0px||0px|false|false&#8220; custom_padding=&#8220;||0px|0px||&#8220; global_colors_info=&#8220;{}&#8220;][et_pb_column type=&#8220;4_4&#8243; _builder_version=&#8220;4.16&#8243; custom_padding=&#8220;|||&#8220; global_colors_info=&#8220;{}&#8220; custom_padding__hover=&#8220;|||&#8220;][et_pb_text admin_label=&#8220;Top Destination Title&#8220; _builder_version=&#8220;4.27.4&#8243; _module_preset=&#8220;e32ee8de-59d0-4b1a-8d0c-d656f4dff84a&#8220; text_font=&#8220;||||&#8220; header_text_align=&#8220;left&#8220; header_font_size=&#8220;40px&#8220; header_line_height=&#8220;1.3em&#8220; custom_margin=&#8220;||1px||false|false&#8220; custom_padding=&#8220;||||false|false&#8220; animation_style=&#8220;zoom&#8220; animation_intensity_zoom=&#8220;4%&#8220; locked=&#8220;off&#8220; global_colors_info=&#8220;{}&#8220;]<\/p>\n<h2>Das Wunder der Nordlichter<\/h2>\n<p>[\/et_pb_text][et_pb_divider color=&#8220;#ed4441&#8243; divider_position=&#8220;center&#8220; divider_weight=&#8220;3px&#8220; disabled_on=&#8220;off|off|off&#8220; _builder_version=&#8220;4.16&#8243; max_width=&#8220;150px&#8220; height=&#8220;false&#8220; custom_margin=&#8220;||21px|||&#8220; animation_style=&#8220;slide&#8220; animation_direction=&#8220;top&#8220; animation_delay=&#8220;100ms&#8220; animation_intensity_slide=&#8220;10%&#8220; locked=&#8220;off&#8220; global_colors_info=&#8220;{}&#8220;][\/et_pb_divider][\/et_pb_column][\/et_pb_row][et_pb_row _builder_version=&#8220;4.27.4&#8243; _module_preset=&#8220;default&#8220; width=&#8220;100%&#8220; custom_padding=&#8220;||2px|||&#8220; global_colors_info=&#8220;{}&#8220;][et_pb_column type=&#8220;4_4&#8243; _builder_version=&#8220;4.27.4&#8243; _module_preset=&#8220;default&#8220; global_colors_info=&#8220;{}&#8220;][et_pb_video src=&#8220;https:\/\/vimeo.com\/1061375507\/dbced8f105&#8243; _builder_version=&#8220;4.27.4&#8243; _module_preset=&#8220;default&#8220; custom_margin=&#8220;-34px||55px|||&#8220; custom_padding=&#8220;||0px|||&#8220; global_colors_info=&#8220;{}&#8220;][\/et_pb_video][et_pb_video src=&#8220;https:\/\/vimeo.com\/811407573\/732ea326d5&#8243; _builder_version=&#8220;4.27.4&#8243; _module_preset=&#8220;default&#8220; custom_margin=&#8220;-20px|||||&#8220; global_colors_info=&#8220;{}&#8220;][\/et_pb_video][\/et_pb_column][\/et_pb_row][et_pb_row _builder_version=&#8220;4.27.4&#8243; _module_preset=&#8220;default&#8220; width=&#8220;100%&#8220; global_colors_info=&#8220;{}&#8220;][et_pb_column type=&#8220;4_4&#8243; _builder_version=&#8220;4.27.4&#8243; _module_preset=&#8220;default&#8220; global_colors_info=&#8220;{}&#8220;][et_pb_text _builder_version=&#8220;4.27.4&#8243; _module_preset=&#8220;default&#8220; text_font=&#8220;Roboto Condensed||||||||&#8220; text_text_color=&#8220;#000000&#8243; text_font_size=&#8220;18px&#8220; text_line_height=&#8220;1.3em&#8220; custom_padding=&#8220;0px||0px|||&#8220; global_colors_info=&#8220;{}&#8220;]<\/p>\n<p>Die Nordlichter zu erleben ist jedes Mal ein <strong>wunder<\/strong>-bares und mystisches Erlebnis. Man hat nie genug.<a href=\"https:\/\/tinyurl.com\/2u28pmjc\"><\/a><\/p>\n<p>&nbsp;<\/p>\n<p>[\/et_pb_text][\/et_pb_column][\/et_pb_row][et_pb_row _builder_version=&#8220;4.27.4&#8243; _module_preset=&#8220;default&#8220; width=&#8220;100%&#8220; max_width=&#8220;none&#8220; custom_margin=&#8220;-29px|auto||auto||&#8220; custom_padding=&#8220;||7px|||&#8220; global_colors_info=&#8220;{}&#8220;][et_pb_column type=&#8220;4_4&#8243; _builder_version=&#8220;4.27.4&#8243; _module_preset=&#8220;default&#8220; global_colors_info=&#8220;{}&#8220;][et_pb_text _builder_version=&#8220;4.27.4&#8243; _module_preset=&#8220;default&#8220; text_font=&#8220;Roboto Condensed|700|||||||&#8220; text_text_color=&#8220;#000000&#8243; text_font_size=&#8220;22px&#8220; text_line_height=&#8220;1.3em&#8220; custom_padding=&#8220;0px||5px|||&#8220; global_colors_info=&#8220;{}&#8220;]<\/p>\n<p>Die Nordlichter sind f\u00fcrs Sternenlicht durchsichtig!<a href=\"https:\/\/tinyurl.com\/2u28pmjc\"><\/a>\u00a0<\/p>\n<p>[\/et_pb_text][\/et_pb_column][\/et_pb_row][et_pb_row _builder_version=&#8220;4.27.4&#8243; _module_preset=&#8220;default&#8220; width=&#8220;100%&#8220; global_colors_info=&#8220;{}&#8220;][et_pb_column type=&#8220;4_4&#8243; _builder_version=&#8220;4.27.4&#8243; _module_preset=&#8220;default&#8220; global_colors_info=&#8220;{}&#8220;][et_pb_image src=&#8220;https:\/\/sterneerleben.info\/new\/wp-content\/uploads\/2025\/03\/DSC_4686_250219_aekaes_nordlys_gr_baer_ausschnitt_01.jpg&#8220; title_text=&#8220;DSC_4686_250219_aekaes_nordlys_gr_baer_ausschnitt_01&#8243; url=&#8220;https:\/\/sterneerleben.info\/new\/wp-content\/uploads\/2025\/03\/DSC_4686_250219_aekaes_nordlys_gr_baer_ausschnitt_01.jpg&#8220; _builder_version=&#8220;4.27.4&#8243; _module_preset=&#8220;default&#8220; global_colors_info=&#8220;{}&#8220;][\/et_pb_image][et_pb_image src=&#8220;https:\/\/sterneerleben.info\/new\/wp-content\/uploads\/2025\/03\/DSC_4686_250219_aekaes_nordlys_gr_baer_ausschnitt_02.jpg&#8220; title_text=&#8220;DSC_4686_250219_aekaes_nordlys_gr_baer_ausschnitt_02&#8243; url=&#8220;https:\/\/sterneerleben.info\/new\/wp-content\/uploads\/2025\/03\/DSC_4686_250219_aekaes_nordlys_gr_baer_ausschnitt_02.jpg&#8220; _builder_version=&#8220;4.27.4&#8243; _module_preset=&#8220;default&#8220; global_colors_info=&#8220;{}&#8220;][\/et_pb_image][\/et_pb_column][\/et_pb_row][et_pb_row _builder_version=&#8220;4.27.4&#8243; _module_preset=&#8220;default&#8220; width=&#8220;100%&#8220; global_colors_info=&#8220;{}&#8220;][et_pb_column type=&#8220;4_4&#8243; _builder_version=&#8220;4.27.4&#8243; _module_preset=&#8220;default&#8220; global_colors_info=&#8220;{}&#8220;][et_pb_text _builder_version=&#8220;4.27.4&#8243; _module_preset=&#8220;default&#8220; text_font=&#8220;Roboto Condensed|700|||||||&#8220; text_text_color=&#8220;#000000&#8243; text_font_size=&#8220;22px&#8220; text_line_height=&#8220;1.3em&#8220; custom_padding=&#8220;0px||5px|||&#8220; global_colors_info=&#8220;{}&#8220;]<\/p>\n<p>Die Nordlichter tauchen in den unterschiedlichsten Formen auf<\/p>\n<p>[\/et_pb_text][et_pb_image src=&#8220;https:\/\/sterneerleben.info\/new\/wp-content\/uploads\/2025\/03\/formen_nordlichter_PRAES_Seite_6.png&#8220; alt=&#8220;Formen der Nordlichter&#8220; title_text=&#8220;formen_nordlichter_PRAES_Seite_6&#8243; url=&#8220;https:\/\/sterneerleben.info\/new\/wp-content\/uploads\/2025\/03\/formen_nordlichter_PRAES_Seite_6.png&#8220; _builder_version=&#8220;4.27.4&#8243; _module_preset=&#8220;default&#8220; global_colors_info=&#8220;{}&#8220;][\/et_pb_image][\/et_pb_column][\/et_pb_row][\/et_pb_section][et_pb_section fb_built=&#8220;1&#8243; _builder_version=&#8220;4.27.4&#8243; background_color=&#8220;#DAE8F9&#8243; custom_margin=&#8220;0%||0%||false|false&#8220; custom_padding=&#8220;0px|7%|0px|7%|false|false&#8220; global_colors_info=&#8220;{}&#8220;][et_pb_row _builder_version=&#8220;4.16&#8243; width=&#8220;100%&#8220; max_width=&#8220;100%&#8220; custom_margin=&#8220;0px|-2px|-6px|auto||&#8220; custom_padding=&#8220;||0px|0px||&#8220; global_colors_info=&#8220;{}&#8220;][et_pb_column type=&#8220;4_4&#8243; _builder_version=&#8220;4.16&#8243; custom_padding=&#8220;|||&#8220; global_colors_info=&#8220;{}&#8220; custom_padding__hover=&#8220;|||&#8220;][et_pb_text admin_label=&#8220;Top Destination Title&#8220; _builder_version=&#8220;4.23.1&#8243; _module_preset=&#8220;e32ee8de-59d0-4b1a-8d0c-d656f4dff84a&#8220; text_font=&#8220;||||&#8220; header_text_align=&#8220;left&#8220; header_font_size=&#8220;40px&#8220; header_line_height=&#8220;1.3em&#8220; custom_margin=&#8220;||0px||false|false&#8220; custom_padding=&#8220;||||false|false&#8220; animation_style=&#8220;zoom&#8220; animation_intensity_zoom=&#8220;4%&#8220; locked=&#8220;off&#8220; global_colors_info=&#8220;{}&#8220;]<\/p>\n<h2>Was hat eigentlich die Sonne mit unseren Nordlichtern zu tun?<\/h2>\n<p>[\/et_pb_text][et_pb_divider color=&#8220;#ed4441&#8243; divider_position=&#8220;center&#8220; divider_weight=&#8220;3px&#8220; disabled_on=&#8220;off|off|off&#8220; _builder_version=&#8220;4.16&#8243; max_width=&#8220;150px&#8220; height=&#8220;false&#8220; custom_margin=&#8220;||21px|||&#8220; animation_style=&#8220;slide&#8220; animation_direction=&#8220;top&#8220; animation_delay=&#8220;100ms&#8220; animation_intensity_slide=&#8220;10%&#8220; locked=&#8220;off&#8220; global_colors_info=&#8220;{}&#8220;][\/et_pb_divider][\/et_pb_column][\/et_pb_row][et_pb_row column_structure=&#8220;1_2,1_2&#8243; _builder_version=&#8220;4.27.4&#8243; _module_preset=&#8220;default&#8220; width=&#8220;100%&#8220; custom_padding=&#8220;||6px|||&#8220; global_colors_info=&#8220;{}&#8220;][et_pb_column type=&#8220;1_2&#8243; _builder_version=&#8220;4.27.4&#8243; _module_preset=&#8220;default&#8220; global_colors_info=&#8220;{}&#8220;][et_pb_image src=&#8220;https:\/\/sterneerleben.info\/new\/wp-content\/uploads\/2024\/12\/20221025_125719-Kopie.jpg&#8220; title_text=&#8220;20221025_125719 Kopie&#8220; url=&#8220;https:\/\/sterneerleben.info\/new\/wp-content\/uploads\/2024\/12\/20221025_125719-Kopie.jpg&#8220; _builder_version=&#8220;4.27.4&#8243; _module_preset=&#8220;default&#8220; global_colors_info=&#8220;{}&#8220;][\/et_pb_image][\/et_pb_column][et_pb_column type=&#8220;1_2&#8243; _builder_version=&#8220;4.27.4&#8243; _module_preset=&#8220;default&#8220; global_colors_info=&#8220;{}&#8220;][et_pb_text _builder_version=&#8220;4.27.4&#8243; _module_preset=&#8220;default&#8220; text_font=&#8220;Roboto Condensed||||||||&#8220; text_font_size=&#8220;18px&#8220; text_line_height=&#8220;1.5em&#8220; global_colors_info=&#8220;{}&#8220;]<\/p>\n<p>Um so mehr <strong>Sonnenflecken<\/strong> es hat, um so mehr <strong>Nordlichter<\/strong> k\u00f6nnen wir bestaunnen.<\/p>\n<p><strong>Achtung<\/strong>: <strong>Ihr d\u00fcrft nie ungesch\u00fctzt in die Sonne schauen.<\/strong> Wir werden im Kurs eine so genannte <strong>Sonnenschutzbrille <\/strong>anfertigen. Mit dieser kann man gefahrlos die Sonne beobachten. <strong>Eine gew\u00f6hnliche Sonnenbrille darf auf keinen Fall benutzt werden!<br \/><\/strong><\/p>\n<p>Am 29. M\u00e4rz 2025 war eine partielle Sonnenfinsternis, die von der Schweiz aus beobachtet werden konnte. Vielleicht habt ihr sie gesehen.<\/p>\n<p>Die n\u00e4chste <strong>partielle Sonnenfinsternis<\/strong>, die du von hier aus beobachten kannst, findet am <strong>2. August 2027 statt<\/strong>.<\/p>\n<p>Auf die n\u00e4chste von der Schweiz aus zu beobachtende<strong> totale Sonnenfinsternis<\/strong> musst du leider bis <strong>2081<\/strong> warten.<\/p>\n<p>[\/et_pb_text][\/et_pb_column][\/et_pb_row][et_pb_row _builder_version=&#8220;4.27.4&#8243; _module_preset=&#8220;default&#8220; width=&#8220;100%&#8220; max_width=&#8220;none&#8220; custom_padding=&#8220;10px|||||&#8220; global_colors_info=&#8220;{}&#8220;][et_pb_column type=&#8220;4_4&#8243; _builder_version=&#8220;4.27.4&#8243; _module_preset=&#8220;default&#8220; global_colors_info=&#8220;{}&#8220;][et_pb_text _builder_version=&#8220;4.27.4&#8243; _module_preset=&#8220;default&#8220; text_font=&#8220;Roboto Condensed||||||||&#8220; text_text_color=&#8220;#000000&#8243; min_height=&#8220;17.8px&#8220; custom_padding=&#8220;0px||2px|||&#8220; global_colors_info=&#8220;{}&#8220;]<\/p>\n<p><strong>Sonnensichtbrillen k\u00f6nnt ihr z.B. bei Zumstein in Bern kaufen:<\/strong> <a href=\"https:\/\/tinyurl.com\/62ezu4ue\" title=\"Sonnensichtbrille kaufen\" target=\"_blank\" rel=\"noopener\">https:\/\/tinyurl.com\/62ezu4ue<\/a><\/p>\n<p>[\/et_pb_text][\/et_pb_column][\/et_pb_row][\/et_pb_section][et_pb_section fb_built=&#8220;1&#8243; _builder_version=&#8220;4.27.4&#8243; background_color=&#8220;#DAE8F9&#8243; custom_margin=&#8220;||||false|false&#8220; custom_padding=&#8220;0px|7%|0px|7%|false|false&#8220; global_colors_info=&#8220;{}&#8220;][et_pb_row _builder_version=&#8220;4.16&#8243; width=&#8220;100%&#8220; max_width=&#8220;100%&#8220; custom_margin=&#8220;0px|-2px||auto||&#8220; custom_padding=&#8220;||0px|0px||&#8220; global_colors_info=&#8220;{}&#8220;][et_pb_column type=&#8220;4_4&#8243; _builder_version=&#8220;4.16&#8243; custom_padding=&#8220;|||&#8220; global_colors_info=&#8220;{}&#8220; custom_padding__hover=&#8220;|||&#8220;][et_pb_text admin_label=&#8220;Top Destination Title&#8220; _builder_version=&#8220;4.27.4&#8243; _module_preset=&#8220;e32ee8de-59d0-4b1a-8d0c-d656f4dff84a&#8220; text_font=&#8220;||||&#8220; header_text_align=&#8220;left&#8220; header_font_size=&#8220;40px&#8220; header_line_height=&#8220;1.3em&#8220; min_height=&#8220;55px&#8220; custom_margin=&#8220;||-14px|||&#8220; custom_padding=&#8220;||0px|||&#8220; animation_style=&#8220;zoom&#8220; animation_intensity_zoom=&#8220;4%&#8220; locked=&#8220;off&#8220; global_colors_info=&#8220;{}&#8220;]<\/p>\n<h2>Die besondere Bedeutung der Tierkreissternbilder<\/h2>\n<p>[\/et_pb_text][et_pb_divider color=&#8220;#ed4441&#8243; divider_position=&#8220;center&#8220; divider_weight=&#8220;3px&#8220; disabled_on=&#8220;off|off|off&#8220; _builder_version=&#8220;4.16&#8243; max_width=&#8220;150px&#8220; height=&#8220;false&#8220; custom_margin=&#8220;||21px|||&#8220; animation_style=&#8220;slide&#8220; animation_direction=&#8220;top&#8220; animation_delay=&#8220;100ms&#8220; animation_intensity_slide=&#8220;10%&#8220; locked=&#8220;off&#8220; global_colors_info=&#8220;{}&#8220;][\/et_pb_divider][\/et_pb_column][\/et_pb_row][et_pb_row _builder_version=&#8220;4.27.4&#8243; _module_preset=&#8220;default&#8220; width=&#8220;auto&#8220; max_width=&#8220;none&#8220; custom_margin=&#8220;-5px|auto||auto||&#8220; custom_padding=&#8220;6px||0px|||&#8220; global_colors_info=&#8220;{}&#8220;][et_pb_column type=&#8220;4_4&#8243; _builder_version=&#8220;4.21.0&#8243; _module_preset=&#8220;default&#8220; global_colors_info=&#8220;{}&#8220;][et_pb_image src=&#8220;https:\/\/sterneerleben.info\/new\/wp-content\/uploads\/2025\/03\/DSC_4715_250302_241108_winter-6-eck-Kopie-scaled.jpg&#8220; title_text=&#8220;DSC_4715_250302_241108_winter-6-eck Kopie&#8220; url=&#8220;https:\/\/sterneerleben.info\/new\/wp-content\/uploads\/2025\/03\/DSC_4715_250302_241108_winter-6-eck-Kopie-scaled.jpg&#8220; _builder_version=&#8220;4.27.4&#8243; _module_preset=&#8220;default&#8220; global_colors_info=&#8220;{}&#8220;][\/et_pb_image][\/et_pb_column][\/et_pb_row][et_pb_row _builder_version=&#8220;4.23.1&#8243; _module_preset=&#8220;default&#8220; width=&#8220;100%&#8220; global_colors_info=&#8220;{}&#8220;][et_pb_column type=&#8220;4_4&#8243; _builder_version=&#8220;4.23.1&#8243; _module_preset=&#8220;default&#8220; global_colors_info=&#8220;{}&#8220;][et_pb_text _builder_version=&#8220;4.27.4&#8243; _module_preset=&#8220;default&#8220; text_font=&#8220;Roboto Condensed||||||||&#8220; text_text_color=&#8220;#000000&#8243; custom_padding=&#8220;2px|||||&#8220; global_colors_info=&#8220;{}&#8220;]<\/p>\n<p>Im Bild vom November 2024 sieht man in der N\u00e4he des Krebses einen r\u00f6tliche &#8222;Stern&#8220; und in den H\u00f6rner des Stieres ein weiteres helles Objekt. Etwas mehr als 4 Monate sp\u00e4ter (25.03.2025) hat sich der r\u00f6tliche Stern deutlich bewegt, aber auch der weisse blieb nicht stehen. Wer sind diese zwei Vagabunden?\u00a0 [Bild: hh].<\/p>\n<p>[\/et_pb_text][\/et_pb_column][\/et_pb_row][et_pb_row column_structure=&#8220;1_4,1_4,1_4,1_4&#8243; _builder_version=&#8220;4.27.4&#8243; _module_preset=&#8220;default&#8220; width=&#8220;100%&#8220; custom_padding=&#8220;1px|||||&#8220; global_colors_info=&#8220;{}&#8220;][et_pb_column type=&#8220;1_4&#8243; _builder_version=&#8220;4.27.4&#8243; _module_preset=&#8220;default&#8220; global_colors_info=&#8220;{}&#8220;][et_pb_image src=&#8220;https:\/\/sterneerleben.info\/new\/wp-content\/uploads\/2025\/03\/04.jpg&#8220; title_text=&#8220;04&#8243; url=&#8220;https:\/\/sterneerleben.info\/new\/wp-content\/uploads\/2025\/03\/04.jpg&#8220; _builder_version=&#8220;4.27.4&#8243; _module_preset=&#8220;default&#8220; global_colors_info=&#8220;{}&#8220;][\/et_pb_image][\/et_pb_column][et_pb_column type=&#8220;1_4&#8243; _builder_version=&#8220;4.27.4&#8243; _module_preset=&#8220;default&#8220; global_colors_info=&#8220;{}&#8220;][et_pb_image src=&#8220;https:\/\/sterneerleben.info\/new\/wp-content\/uploads\/2025\/03\/03.jpg&#8220; title_text=&#8220;03&#8243; url=&#8220;https:\/\/sterneerleben.info\/new\/wp-content\/uploads\/2025\/03\/03.jpg&#8220; _builder_version=&#8220;4.27.4&#8243; _module_preset=&#8220;default&#8220; custom_margin=&#8220;||-5px|||&#8220; global_colors_info=&#8220;{}&#8220;][\/et_pb_image][\/et_pb_column][et_pb_column type=&#8220;1_4&#8243; _builder_version=&#8220;4.27.4&#8243; _module_preset=&#8220;default&#8220; global_colors_info=&#8220;{}&#8220;][et_pb_image src=&#8220;https:\/\/sterneerleben.info\/new\/wp-content\/uploads\/2025\/03\/02.jpg&#8220; title_text=&#8220;02&#8243; url=&#8220;https:\/\/sterneerleben.info\/new\/wp-content\/uploads\/2025\/03\/02.jpg&#8220; _builder_version=&#8220;4.27.4&#8243; _module_preset=&#8220;default&#8220; global_colors_info=&#8220;{}&#8220;][\/et_pb_image][\/et_pb_column][et_pb_column type=&#8220;1_4&#8243; _builder_version=&#8220;4.27.4&#8243; _module_preset=&#8220;default&#8220; global_colors_info=&#8220;{}&#8220;][et_pb_image src=&#8220;https:\/\/sterneerleben.info\/new\/wp-content\/uploads\/2025\/03\/01.jpg&#8220; title_text=&#8220;01&#8243; url=&#8220;https:\/\/sterneerleben.info\/new\/wp-content\/uploads\/2025\/03\/01.jpg&#8220; _builder_version=&#8220;4.27.4&#8243; _module_preset=&#8220;default&#8220; global_colors_info=&#8220;{}&#8220;][\/et_pb_image][\/et_pb_column][\/et_pb_row][et_pb_row _builder_version=&#8220;4.27.4&#8243; _module_preset=&#8220;default&#8220; width=&#8220;100%&#8220; custom_padding=&#8220;0px|||||&#8220; global_colors_info=&#8220;{}&#8220;][et_pb_column type=&#8220;4_4&#8243; _builder_version=&#8220;4.27.4&#8243; _module_preset=&#8220;default&#8220; global_colors_info=&#8220;{}&#8220;][et_pb_text _builder_version=&#8220;4.27.4&#8243; _module_preset=&#8220;default&#8220; text_font=&#8220;Roboto Condensed||||||||&#8220; text_text_color=&#8220;#000000&#8243; min_height=&#8220;38.6px&#8220; global_colors_info=&#8220;{}&#8220;]<\/p>\n<p>Schaut man das Objekt in den H\u00f6rnern des Stiers durchs Fernrohr an, so wird es vergr\u00f6ssert und von Monden umkreist. Es ist der Planet <strong>Jupiter<\/strong>. Das andere, etwas r\u00f6tliche Objekt bewegt sich schneller. Es handelt sich um den Planeten <strong>Mars<\/strong>.<\/p>\n<p>[\/et_pb_text][et_pb_text _builder_version=&#8220;4.27.4&#8243; _module_preset=&#8220;default&#8220; text_font=&#8220;Roboto Condensed||||||||&#8220; text_text_color=&#8220;#000000&#8243; text_font_size=&#8220;18px&#8220; global_colors_info=&#8220;{}&#8220;]<\/p>\n<p>Nicht nur die Planeten, sondern auch der Mond und die Sonne bewegen sich durch die Tierkreissternbilder.<\/p>\n<p>[\/et_pb_text][\/et_pb_column][\/et_pb_row][et_pb_row column_structure=&#8220;1_2,1_2&#8243; _builder_version=&#8220;4.23.1&#8243; _module_preset=&#8220;default&#8220; width=&#8220;100%&#8220; custom_padding=&#8220;1px|||||&#8220; global_colors_info=&#8220;{}&#8220;][et_pb_column type=&#8220;1_2&#8243; _builder_version=&#8220;4.23.1&#8243; _module_preset=&#8220;default&#8220; global_colors_info=&#8220;{}&#8220;][et_pb_image src=&#8220;https:\/\/sterneerleben.info\/new\/wp-content\/uploads\/2023\/11\/20er_total-scaled-1.jpg&#8220; alt=&#8220;20er Note&#8220; title_text=&#8220;20er Note&#8220; url=&#8220;https:\/\/sterneerleben.info\/new\/wp-content\/uploads\/2023\/11\/20er_total-scaled-1.jpg&#8220; _builder_version=&#8220;4.27.4&#8243; _module_preset=&#8220;default&#8220; custom_padding=&#8220;0px|||||&#8220; global_colors_info=&#8220;{}&#8220;][\/et_pb_image][\/et_pb_column][et_pb_column type=&#8220;1_2&#8243; _builder_version=&#8220;4.23.1&#8243; _module_preset=&#8220;default&#8220; global_colors_info=&#8220;{}&#8220;][et_pb_text _builder_version=&#8220;4.23.1&#8243; _module_preset=&#8220;default&#8220; text_font=&#8220;Roboto Condensed||||||||&#8220; text_font_size=&#8220;18px&#8220; global_colors_info=&#8220;{}&#8220;]<\/p>\n<p><span style=\"color: #000000;\">Auf der <strong>20-Franken-Banknote<\/strong> sind neben den Sternbildern auch die Planeten aufgef\u00fchrt.<\/span><\/p>\n<p><span style=\"color: #000000;\">Eventuell sind deine Eltern (oder sonst eine erwachsene Person) bereit, das <strong>SNB-App \u00abSwiss Banknotes\u00bb<\/strong> (Schweizerische Nationalbank) herunterzuladen. Damit kannst du n\u00e4mlich die Sternbilder auf einer Himmelskugel betrachten. Zuerst erscheinen nur die Sterne und danach werden diese durch Linien zu Sternbildern verbunden.<\/span><\/p>\n<p>[\/et_pb_text][\/et_pb_column][\/et_pb_row][\/et_pb_section][et_pb_section fb_built=&#8220;1&#8243; _builder_version=&#8220;4.27.4&#8243; background_color=&#8220;#DAE8F9&#8243; min_height=&#8220;908px&#8220; custom_margin=&#8220;0px||0px||false|false&#8220; custom_padding=&#8220;0px|7%|0px|7%|false|false&#8220; global_colors_info=&#8220;{}&#8220;][et_pb_row _builder_version=&#8220;4.16&#8243; width=&#8220;100%&#8220; max_width=&#8220;100%&#8220; min_height=&#8220;221.4px&#8220; custom_margin=&#8220;2px|-2px||auto||&#8220; custom_padding=&#8220;||0px|0px||&#8220; global_colors_info=&#8220;{}&#8220;][et_pb_column type=&#8220;4_4&#8243; _builder_version=&#8220;4.16&#8243; custom_padding=&#8220;|||&#8220; global_colors_info=&#8220;{}&#8220; custom_padding__hover=&#8220;|||&#8220;][et_pb_text admin_label=&#8220;Top Destination Title&#8220; _builder_version=&#8220;4.27.4&#8243; _module_preset=&#8220;e32ee8de-59d0-4b1a-8d0c-d656f4dff84a&#8220; text_font=&#8220;||||&#8220; header_text_align=&#8220;left&#8220; header_font_size=&#8220;40px&#8220; header_line_height=&#8220;1.3em&#8220; min_height=&#8220;55px&#8220; custom_margin=&#8220;||-1px|||&#8220; custom_padding=&#8220;||0px|||&#8220; animation_style=&#8220;zoom&#8220; animation_intensity_zoom=&#8220;4%&#8220; locked=&#8220;off&#8220; global_colors_info=&#8220;{}&#8220;]<\/p>\n<h2>Ein Sch\u00fcler*innen-Experiment flog zur Internationalen Raumstation<\/h2>\n<p>[\/et_pb_text][et_pb_divider color=&#8220;#ed4441&#8243; divider_position=&#8220;center&#8220; divider_weight=&#8220;3px&#8220; disabled_on=&#8220;off|off|off&#8220; _builder_version=&#8220;4.16&#8243; max_width=&#8220;150px&#8220; height=&#8220;false&#8220; custom_margin=&#8220;||21px|||&#8220; animation_style=&#8220;slide&#8220; animation_direction=&#8220;top&#8220; animation_delay=&#8220;100ms&#8220; animation_intensity_slide=&#8220;10%&#8220; locked=&#8220;off&#8220; global_colors_info=&#8220;{}&#8220;][\/et_pb_divider][et_pb_text admin_label=&#8220;Top Destination Sub Title&#8220; _builder_version=&#8220;4.27.4&#8243; text_font=&#8220;Roboto||||||||&#8220; text_text_color=&#8220;#1a1a1a&#8220; text_font_size=&#8220;18px&#8220; text_line_height=&#8220;1.5em&#8220; custom_margin=&#8220;||-6px|||&#8220; custom_padding=&#8220;0px||8px|||&#8220; animation_style=&#8220;zoom&#8220; animation_direction=&#8220;top&#8220; animation_delay=&#8220;200ms&#8220; animation_intensity_zoom=&#8220;4%&#8220; hover_transition_duration=&#8220;0ms&#8220; locked=&#8220;off&#8220; global_colors_info=&#8220;{}&#8220;]<\/p>\n<p>Das h\u00e4tten sich <span style=\"color: #000000;\">Carmen, Elia, Theo und Jorina <\/span>noch vor kurzem kaum zu tr\u00e4umen gewagt, dass ein Experiment von ihnen mit einer Rakete zur Internationalen Raumstation (ISS) fliegen w\u00fcrde. Aber es wurde wahr!<\/p>\n<p>[\/et_pb_text][\/et_pb_column][\/et_pb_row][et_pb_row column_structure=&#8220;2_5,3_5&#8243; _builder_version=&#8220;4.16&#8243; _module_preset=&#8220;default&#8220; width=&#8220;100%&#8220; max_width=&#8220;2543px&#8220; custom_padding=&#8220;||17px|||&#8220; global_colors_info=&#8220;{}&#8220;][et_pb_column type=&#8220;2_5&#8243; _builder_version=&#8220;4.16&#8243; _module_preset=&#8220;default&#8220; global_colors_info=&#8220;{}&#8220;][et_pb_image src=&#8220;https:\/\/sterneerleben.info\/new\/wp-content\/uploads\/2021\/05\/code4space_org_siegerinnen.jpg&#8220; title_text=&#8220;code4space_org_siegerinnen&#8220; _builder_version=&#8220;4.16&#8243; _module_preset=&#8220;default&#8220; custom_margin=&#8220;||11px|||&#8220; global_colors_info=&#8220;{}&#8220;][\/et_pb_image][et_pb_text _builder_version=&#8220;4.27.4&#8243; _module_preset=&#8220;default&#8220; text_font=&#8220;Roboto Condensed||||||||&#8220; text_text_color=&#8220;#8300E9&#8243; text_font_size=&#8220;16px&#8220; global_colors_info=&#8220;{}&#8220;]<\/p>\n<p><span style=\"color: #000000;\">Was mit dem <strong>Calliope mini<\/strong> und vor allem mit <strong>Ausdauer und Teamgeist<\/strong> zu erreichen ist, haben k\u00fcrzlich die <strong>Astronuts<\/strong> aus Willisau bewiesen. Carmen Heller, Elia Isenschmid, Theo Koller, Jorina Wyss mit der Lehrerin Franziska Sch\u00e4r haben am internationalen Wettbewerb <a href=\"https:\/\/www.iais.fraunhofer.de\/de\/presse\/presseinformationen\/presseinformationen-archiv\/presseinformationen-2021\/presseinformation-210421.html\" target=\"_blank\" rel=\"noopener\"><em>&gt; Code4Space<\/em><\/a> mitgemacht und gewonnen. Das von ihnen entwickelte Calliope-mini-Experiment flog letztes Jahr zur internationalen Weltraumstation ISS. Unglaublich! Die Astronautin <strong>Samantha Cristoforetti<\/strong> hat dann im Weltraum das Experiment der Astronuts durchf\u00fchrt (siehe Film rechts). <a href=\"https:\/\/code4space.be\" target=\"_blank\" rel=\"noopener\">&gt; Hier<\/a> kannst du mehr \u00fcber dieses faszinierende Projekt erfahren!<br \/><\/span><\/p>\n<p>[\/et_pb_text][\/et_pb_column][et_pb_column type=&#8220;3_5&#8243; _builder_version=&#8220;4.16&#8243; _module_preset=&#8220;default&#8220; global_colors_info=&#8220;{}&#8220;][et_pb_video src=&#8220;https:\/\/vimeo.com\/822535534\/4de9aa993e&#8220; _builder_version=&#8220;4.27.4&#8243; _module_preset=&#8220;default&#8220; custom_padding=&#8220;0px||0px|||&#8220; global_colors_info=&#8220;{}&#8220;][\/et_pb_video][\/et_pb_column][\/et_pb_row][\/et_pb_section][et_pb_section fb_built=&#8220;1&#8243; _builder_version=&#8220;4.27.4&#8243; background_color=&#8220;#DAE8F9&#8243; custom_margin=&#8220;0px||0px||false|false&#8220; custom_padding=&#8220;0px|7%|0px|7%|false|false&#8220; locked=&#8220;off&#8220; global_colors_info=&#8220;{}&#8220;][et_pb_row _builder_version=&#8220;4.23.1&#8243; width=&#8220;100%&#8220; max_width=&#8220;100%&#8220; min_height=&#8220;127.4px&#8220; custom_margin=&#8220;0px|-2px|-14px|auto||&#8220; custom_padding=&#8220;3px||0px|0px||&#8220; global_colors_info=&#8220;{}&#8220;][et_pb_column type=&#8220;4_4&#8243; _builder_version=&#8220;4.16&#8243; custom_padding=&#8220;|||&#8220; global_colors_info=&#8220;{}&#8220; custom_padding__hover=&#8220;|||&#8220;][et_pb_text admin_label=&#8220;Top Destination Title&#8220; _builder_version=&#8220;4.27.4&#8243; _module_preset=&#8220;e32ee8de-59d0-4b1a-8d0c-d656f4dff84a&#8220; text_font=&#8220;||||&#8220; header_text_align=&#8220;left&#8220; header_font_size=&#8220;40px&#8220; header_line_height=&#8220;1.3em&#8220; custom_margin=&#8220;||1px|||&#8220; custom_padding=&#8220;||2px|||&#8220; animation_style=&#8220;zoom&#8220; animation_intensity_zoom=&#8220;4%&#8220; locked=&#8220;off&#8220; global_colors_info=&#8220;{}&#8220;]<\/p>\n<h2>In den Herbstferien gibt es wieder Sternenkurse in Flims! Du kannst sogar f\u00fcr die ISS programmieren.<\/h2>\n<p>[\/et_pb_text][et_pb_divider color=&#8220;#ed4441&#8243; divider_position=&#8220;center&#8220; divider_weight=&#8220;3px&#8220; disabled_on=&#8220;off|off|off&#8220; _builder_version=&#8220;4.16&#8243; max_width=&#8220;150px&#8220; height=&#8220;false&#8220; custom_margin=&#8220;||21px|||&#8220; animation_style=&#8220;slide&#8220; animation_direction=&#8220;top&#8220; animation_delay=&#8220;100ms&#8220; animation_intensity_slide=&#8220;10%&#8220; locked=&#8220;off&#8220; global_colors_info=&#8220;{}&#8220;][\/et_pb_divider][\/et_pb_column][\/et_pb_row][et_pb_row column_structure=&#8220;1_2,1_2&#8243; _builder_version=&#8220;4.27.4&#8243; _module_preset=&#8220;default&#8220; width=&#8220;100%&#8220; max_width=&#8220;100%&#8220; custom_padding=&#8220;2px|||||&#8220; global_colors_info=&#8220;{}&#8220;][et_pb_column type=&#8220;1_2&#8243; _builder_version=&#8220;4.16&#8243; _module_preset=&#8220;default&#8220; global_colors_info=&#8220;{}&#8220;][et_pb_text _builder_version=&#8220;4.27.4&#8243; _module_preset=&#8220;default&#8220; text_font=&#8220;Roboto Condensed||||||||&#8220; text_text_color=&#8220;#000000&#8243; text_font_size=&#8220;16px&#8220; text_line_height=&#8220;1em&#8220; hover_enabled=&#8220;0&#8243; global_colors_info=&#8220;{}&#8220; sticky_enabled=&#8220;0&#8243;]<\/p>\n<p>Vom 6. Bis 7. Oktober 2025 findet der erste Teil des Sternenkurses statt.<\/p>\n<p style=\"padding-left: 40px;\"><a href=\"https:\/\/sterneerleben.info\/new\/flims-2025-1\/\" target=\"_blank\" rel=\"noopener\">&gt; Weitere Informationen<\/a><\/p>\n<p style=\"padding-left: 40px;\"><a href=\"https:\/\/gate2science.ch\/angebot\/sterne-teil-1\/\" target=\"_blank\" rel=\"noopener\">&gt; Anmeldung<\/a><\/p>\n<p>Vom 9. Bis 10. Oktober 2025 f\u00fchren wir den zweiten Teil des Sternenkurses durch.<\/p>\n<p style=\"padding-left: 40px;\"><a href=\"https:\/\/sterneerleben.info\/new\/flims-2025-2\/\" target=\"_blank\" rel=\"noopener\">&gt; Weitere Informationen<\/a><\/p>\n<p style=\"padding-left: 40px;\"><a href=\"https:\/\/gate2science.ch\/angebot\/sterne-teil-2\/\" target=\"_blank\" rel=\"noopener\">&gt; Anmeldung<\/a><\/p>\n<p>Und am 8. Oktober kannst du f\u00fcr die ISS programmieren<\/p>\n<p style=\"padding-left: 40px;\"><a href=\"https:\/\/sterneerleben.info\/new\/iss-2025\/\" target=\"_blank\" rel=\"noopener\">&gt; Weitere Informationen<\/a><\/p>\n<p style=\"padding-left: 40px;\"><a href=\"https:\/\/gate2science.ch\/angebot\/iss\/\" target=\"_blank\" rel=\"noopener\">&gt; Anmeldung<\/a><\/p>\n<p>[\/et_pb_text][et_pb_text _builder_version=&#8220;4.27.4&#8243; _module_preset=&#8220;default&#8220; text_font=&#8220;Roboto Condensed||||||||&#8220; text_text_color=&#8220;#000000&#8243; custom_padding=&#8220;||1px|||&#8220; global_colors_info=&#8220;{}&#8220;]<\/p>\n<p>Beim Tischplanetarium kannst du die Sternenscheibe auf einen bestimmten Monat und eine bestimmte Uhrzeit einstellen. Danach kannst du das Planetarium z.B. aufs Nachttischli stellen und du siehst dann immer, was am Nachthimmel gerade zu sehen ist\u00a0 [Bild rechts: hh].<\/p>\n<p>[\/et_pb_text][\/et_pb_column][et_pb_column type=&#8220;1_2&#8243; _builder_version=&#8220;4.16&#8243; _module_preset=&#8220;default&#8220; global_colors_info=&#8220;{}&#8220;][et_pb_image src=&#8220;https:\/\/sterneerleben.info\/new\/wp-content\/uploads\/2023\/11\/20221021_160757_221017f_flims-scaled.jpg&#8220; alt=&#8220;Tischplanetarium&#8220; title_text=&#8220;20221021_Tischplanetarium160757_221017f_flims&#8220; url=&#8220;https:\/\/sterneerleben.info\/new\/wp-content\/uploads\/2023\/11\/20221021_160757_221017f_flims-scaled.jpg&#8220; _builder_version=&#8220;4.27.4&#8243; _module_preset=&#8220;default&#8220; global_colors_info=&#8220;{}&#8220;][\/et_pb_image][\/et_pb_column][\/et_pb_row][\/et_pb_section][et_pb_section fb_built=&#8220;1&#8243; _builder_version=&#8220;4.27.4&#8243; background_color=&#8220;#DAE8F9&#8243; custom_margin=&#8220;0px||0px||false|false&#8220; custom_padding=&#8220;0px|7%|0px|7%|false|false&#8220; locked=&#8220;off&#8220; global_colors_info=&#8220;{}&#8220;][et_pb_row _builder_version=&#8220;4.23.1&#8243; width=&#8220;100%&#8220; max_width=&#8220;100%&#8220; custom_margin=&#8220;0px|-2px|-14px|auto||&#8220; custom_padding=&#8220;3px||0px|0px||&#8220; global_colors_info=&#8220;{}&#8220;][et_pb_column type=&#8220;4_4&#8243; _builder_version=&#8220;4.16&#8243; custom_padding=&#8220;|||&#8220; global_colors_info=&#8220;{}&#8220; custom_padding__hover=&#8220;|||&#8220;][et_pb_text admin_label=&#8220;Top Destination Title&#8220; _builder_version=&#8220;4.27.4&#8243; _module_preset=&#8220;e32ee8de-59d0-4b1a-8d0c-d656f4dff84a&#8220; text_font=&#8220;||||&#8220; header_text_align=&#8220;left&#8220; header_font_size=&#8220;40px&#8220; header_line_height=&#8220;1.3em&#8220; custom_margin=&#8220;||1px|||&#8220; custom_padding=&#8220;||2px|||&#8220; animation_style=&#8220;zoom&#8220; animation_intensity_zoom=&#8220;4%&#8220; locked=&#8220;off&#8220; global_colors_info=&#8220;{}&#8220;]<\/p>\n<h2>Claude Nicollier &#8211; der einzige Schweizer Astronaut &#8211; wird uns in Flims besuchen!<\/h2>\n<p>[\/et_pb_text][et_pb_divider color=&#8220;#ed4441&#8243; divider_position=&#8220;center&#8220; divider_weight=&#8220;3px&#8220; disabled_on=&#8220;off|off|off&#8220; _builder_version=&#8220;4.16&#8243; max_width=&#8220;150px&#8220; height=&#8220;false&#8220; custom_margin=&#8220;||21px|||&#8220; animation_style=&#8220;slide&#8220; animation_direction=&#8220;top&#8220; animation_delay=&#8220;100ms&#8220; animation_intensity_slide=&#8220;10%&#8220; locked=&#8220;off&#8220; global_colors_info=&#8220;{}&#8220;][\/et_pb_divider][\/et_pb_column][\/et_pb_row][et_pb_row column_structure=&#8220;1_2,1_2&#8243; _builder_version=&#8220;4.16&#8243; _module_preset=&#8220;default&#8220; width=&#8220;100%&#8220; max_width=&#8220;100%&#8220; custom_padding=&#8220;2px|||||&#8220; global_colors_info=&#8220;{}&#8220;][et_pb_column type=&#8220;1_2&#8243; _builder_version=&#8220;4.16&#8243; _module_preset=&#8220;default&#8220; global_colors_info=&#8220;{}&#8220;][et_pb_image src=&#8220;https:\/\/sterneerleben.info\/new\/wp-content\/uploads\/2024\/12\/Claude_Nicollier_repairing_Hubble.jpg&#8220; title_text=&#8220;Claude_Nicollier_repairing_Hubble&#8220; url=&#8220;https:\/\/sterneerleben.info\/new\/wp-content\/uploads\/2024\/12\/Claude_Nicollier_repairing_Hubble.jpg&#8220; _builder_version=&#8220;4.27.4&#8243; _module_preset=&#8220;default&#8220; custom_margin=&#8220;||6px|||&#8220; global_colors_info=&#8220;{}&#8220;][\/et_pb_image][et_pb_text _builder_version=&#8220;4.27.4&#8243; _module_preset=&#8220;default&#8220; text_font=&#8220;Roboto Condensed||||||||&#8220; global_colors_info=&#8220;{}&#8220;]<\/p>\n<p><span style=\"color: #000000;\">Claude Nicollier war vier Mal im Weltall, vor allem als Experte f\u00fcr das Hubble-Weltraumteleskop [Bild: ESA].<br \/><\/span><\/p>\n<p>[\/et_pb_text][et_pb_image src=&#8220;https:\/\/sterneerleben.info\/new\/wp-content\/uploads\/2024\/12\/EURECA_verkehrshaus-Kopie.jpg&#8220; title_text=&#8220;EURECA_verkehrshaus Kopie&#8220; url=&#8220;https:\/\/sterneerleben.info\/new\/wp-content\/uploads\/2024\/12\/EURECA_verkehrshaus-Kopie.jpg&#8220; _builder_version=&#8220;4.27.4&#8243; _module_preset=&#8220;default&#8220; custom_margin=&#8220;||6px|||&#8220; global_colors_info=&#8220;{}&#8220;][\/et_pb_image][\/et_pb_column][et_pb_column type=&#8220;1_2&#8243; _builder_version=&#8220;4.16&#8243; _module_preset=&#8220;default&#8220; global_colors_info=&#8220;{}&#8220;][et_pb_image src=&#8220;https:\/\/sterneerleben.info\/new\/wp-content\/uploads\/2024\/12\/20240124_nicollier_fotomontage-scaled.jpg&#8220; title_text=&#8220;20240124_nicollier_fotomontage&#8220; url=&#8220;https:\/\/sterneerleben.info\/new\/wp-content\/uploads\/2024\/12\/20240124_nicollier_fotomontage-scaled.jpg&#8220; _builder_version=&#8220;4.27.4&#8243; _module_preset=&#8220;default&#8220; custom_margin=&#8220;||9px|||&#8220; global_colors_info=&#8220;{}&#8220;][\/et_pb_image][et_pb_text _builder_version=&#8220;4.27.4&#8243; _module_preset=&#8220;default&#8220; text_font=&#8220;Roboto Condensed||||||||&#8220; text_text_color=&#8220;#000000&#8243; global_colors_info=&#8220;{}&#8220;]<\/p>\n<p>Claude Nicollier anl\u00e4sslich des Vortrages <em>Eindr\u00fccke aus dem Weltall<\/em> in D\u00fcbendorf am 24.01.2024 [Bild: hh].<\/p>\n<p>[\/et_pb_text][et_pb_text _builder_version=&#8220;4.27.4&#8243; _module_preset=&#8220;default&#8220; text_font=&#8220;Roboto Condensed||||||||&#8220; text_font_size=&#8220;18px&#8220; global_colors_info=&#8220;{}&#8220;]<\/p>\n<p><span style=\"color: #000000;\"><\/span><\/p>\n<p><span style=\"color: #000000;\">Unglaublich, aber Claude Nicollier hat zugesagt, dass er am <strong>Freitag, 10. Oktober 2025 um 19:30 Uhr in die Eventhalle<\/strong> kommen wird. Der Vortrag ist gratis und \u00f6ffentlich, d.h. ihr k\u00f6nnt mitnehmen, wen ihr wollt.<\/span><\/p>\n<p><span style=\"color: #000000;\"><strong>Claude Nicollier war vier Mal mit dem Space-Shuttle im Weltall<\/strong>. Zwei Mal hat er das <strong>Hubble-Weltraum-Teleskop<\/strong> gewartet und einmal hat er die Experimente-Plattform <strong>EURECA<\/strong> (Satellit) ausgesetzt. Ein Jahr sp\u00e4ter wurde EURECA wieder eingefangen und auf die Erde zur\u00fcckgebracht, um die Experimente auszuwerten. Aus finanziellen Gr\u00fcnden blieb EURECA danach auf der Erde und kann nun im Verkehrshaus Luzern besichtigt werden [Bild links: hh].<br \/><\/span><\/p>\n<p>[\/et_pb_text][\/et_pb_column][\/et_pb_row][\/et_pb_section][et_pb_section fb_built=&#8220;1&#8243; _builder_version=&#8220;4.27.4&#8243; background_color=&#8220;#DAE8F9&#8243; custom_margin=&#8220;0px||0px||false|false&#8220; custom_padding=&#8220;0px|7%|0px|7%|false|false&#8220; global_colors_info=&#8220;{}&#8220;][et_pb_row _builder_version=&#8220;4.16&#8243; width=&#8220;100%&#8220; max_width=&#8220;100%&#8220; custom_margin=&#8220;0px|0px||auto|false|false&#8220; custom_padding=&#8220;||0px|0px||&#8220; global_colors_info=&#8220;{}&#8220;][et_pb_column type=&#8220;4_4&#8243; _builder_version=&#8220;4.16&#8243; custom_padding=&#8220;|||&#8220; global_colors_info=&#8220;{}&#8220; custom_padding__hover=&#8220;|||&#8220;][et_pb_text admin_label=&#8220;Top Destination Title&#8220; _builder_version=&#8220;4.23.1&#8243; _module_preset=&#8220;e32ee8de-59d0-4b1a-8d0c-d656f4dff84a&#8220; text_font=&#8220;||||&#8220; header_text_align=&#8220;left&#8220; header_font_size=&#8220;40px&#8220; header_line_height=&#8220;1.3em&#8220; custom_margin=&#8220;||-1px||false|false&#8220; custom_padding=&#8220;||||false|false&#8220; animation_style=&#8220;zoom&#8220; animation_intensity_zoom=&#8220;4%&#8220; locked=&#8220;off&#8220; global_colors_info=&#8220;{}&#8220;]<\/p>\n<h2>Wer wir sind<\/h2>\n<p>[\/et_pb_text][et_pb_divider color=&#8220;#ed4441&#8243; divider_position=&#8220;center&#8220; divider_weight=&#8220;3px&#8220; disabled_on=&#8220;off|off|off&#8220; _builder_version=&#8220;4.16&#8243; max_width=&#8220;150px&#8220; height=&#8220;false&#8220; custom_margin=&#8220;||21px|||&#8220; animation_style=&#8220;slide&#8220; animation_direction=&#8220;top&#8220; animation_delay=&#8220;100ms&#8220; animation_intensity_slide=&#8220;10%&#8220; locked=&#8220;off&#8220; global_colors_info=&#8220;{}&#8220;][\/et_pb_divider][\/et_pb_column][\/et_pb_row][et_pb_row column_structure=&#8220;1_4,1_4,1_4,1_4&#8243; _builder_version=&#8220;4.16&#8243; _module_preset=&#8220;default&#8220; width=&#8220;100%&#8220; max_width=&#8220;100%&#8220; custom_padding=&#8220;5px||0px|||&#8220; global_colors_info=&#8220;{}&#8220;][et_pb_column type=&#8220;1_4&#8243; _builder_version=&#8220;4.16&#8243; _module_preset=&#8220;default&#8220; global_colors_info=&#8220;{}&#8220;][et_pb_image src=&#8220;https:\/\/sterneerleben.info\/new\/wp-content\/uploads\/2022\/06\/2021_3zu2.jpg&#8220; alt=&#8220;Heinz&#8220; title_text=&#8220;Heinz&#8220; _builder_version=&#8220;4.23.1&#8243; _module_preset=&#8220;default&#8220; custom_margin=&#8220;||-1px|||&#8220; global_colors_info=&#8220;{}&#8220;][\/et_pb_image][et_pb_text _builder_version=&#8220;4.27.4&#8243; _module_preset=&#8220;default&#8220; text_font=&#8220;Roboto Condensed||||||||&#8220; text_text_color=&#8220;#000000&#8243; custom_padding=&#8220;5%|3%|5%|3%|true|true&#8220; global_colors_info=&#8220;{}&#8220;]<\/p>\n<p><strong>Heinz Hofer<\/strong><\/p>\n<p>Ich bin seit der 3. Klasse fasziniert von den Ph\u00e4nomenen des Nachthimmels.<\/p>\n<p>[\/et_pb_text][\/et_pb_column][et_pb_column type=&#8220;1_4&#8243; _builder_version=&#8220;4.16&#8243; _module_preset=&#8220;default&#8220; global_colors_info=&#8220;{}&#8220;][et_pb_image src=&#8220;https:\/\/sterneerleben.info\/new\/wp-content\/uploads\/2023\/09\/pascale-Kopie.jpg&#8220; alt=&#8220;Pascale&#8220; title_text=&#8220;Pascale&#8220; _builder_version=&#8220;4.27.4&#8243; _module_preset=&#8220;default&#8220; custom_margin=&#8220;||-5px|||&#8220; global_colors_info=&#8220;{}&#8220;][\/et_pb_image][et_pb_text _builder_version=&#8220;4.27.4&#8243; _module_preset=&#8220;default&#8220; text_font=&#8220;Roboto Condensed||||||||&#8220; text_text_color=&#8220;#000000&#8243; background_color=&#8220;#DAE8F9&#8243; custom_margin=&#8220;4px|||||&#8220; custom_padding=&#8220;5%|3%|5%|3%|true|true&#8220; global_colors_info=&#8220;{}&#8220;]<strong>Pascale Kohler<br \/>\n<\/strong><\/p>\n<p>Der Nachthimmel fasziniert und begeistert mich immer wieder aufs Neue![\/et_pb_text][\/et_pb_column][et_pb_column type=&#8220;1_4&#8243; _builder_version=&#8220;4.16&#8243; _module_preset=&#8220;default&#8220; global_colors_info=&#8220;{}&#8220;][et_pb_image src=&#8220;https:\/\/sterneerleben.info\/new\/wp-content\/uploads\/2024\/09\/andres_evelyne_red.jpg&#8220; alt=&#8220;evelyne andres&#8220; title_text=&#8220;andres_evelyne_red&#8220; _builder_version=&#8220;4.27.4&#8243; _module_preset=&#8220;default&#8220; custom_margin=&#8220;||-5px|||&#8220; global_colors_info=&#8220;{}&#8220;][\/et_pb_image][et_pb_text _builder_version=&#8220;4.27.4&#8243; _module_preset=&#8220;default&#8220; text_font=&#8220;Roboto Condensed||||||||&#8220; text_text_color=&#8220;#000000&#8243; custom_margin=&#8220;4px|||||&#8220; custom_padding=&#8220;5%|3%|5%|3%|true|true&#8220; global_colors_info=&#8220;{}&#8220;]<strong>Evelyne Andres<\/strong><\/p>\n<p>Sonne, Mond und Sterne hab ich einfach sehr, sehr gerne. Ich finde es unfassbar beeindruckend, was sich am Himmel tut, sobald die Sonne untergegangen ist.[\/et_pb_text][\/et_pb_column][et_pb_column type=&#8220;1_4&#8243; _builder_version=&#8220;4.16&#8243; _module_preset=&#8220;default&#8220; global_colors_info=&#8220;{}&#8220;][et_pb_image src=&#8220;https:\/\/sterneerleben.info\/new\/wp-content\/uploads\/2024\/10\/Philipp-Keil-Kopie-scaled.jpg&#8220; alt=&#8220;Pascale&#8220; title_text=&#8220;Philipp Keil Kopie&#8220; _builder_version=&#8220;4.27.0&#8243; _module_preset=&#8220;default&#8220; custom_margin=&#8220;||-5px|||&#8220; global_colors_info=&#8220;{}&#8220;][\/et_pb_image][et_pb_text _builder_version=&#8220;4.27.4&#8243; _module_preset=&#8220;default&#8220; text_font=&#8220;Roboto Condensed||||||||&#8220; text_text_color=&#8220;#000000&#8243; custom_padding=&#8220;5%|3%|5%|3%|true|true&#8220; global_colors_info=&#8220;{}&#8220;]<strong>Philipp Keil<br \/>\n<\/strong><br \/>\nAls Sch\u00fcler und Student habe ich den Nacht- und Sternenhimmel kennengelernt. Fast 20 Jahre sp\u00e4ter bin ich immer noch fasziniert.[\/et_pb_text][\/et_pb_column][\/et_pb_row][et_pb_row column_structure=&#8220;1_4,1_4,1_4,1_4&#8243; _builder_version=&#8220;4.16&#8243; _module_preset=&#8220;default&#8220; width=&#8220;100%&#8220; max_width=&#8220;100%&#8220; custom_padding=&#8220;||1px|||&#8220; global_colors_info=&#8220;{}&#8220;][et_pb_column type=&#8220;1_4&#8243; _builder_version=&#8220;4.16&#8243; _module_preset=&#8220;default&#8220; global_colors_info=&#8220;{}&#8220;][et_pb_image src=&#8220;https:\/\/sterneerleben.info\/new\/wp-content\/uploads\/2021\/06\/portrait_ruth.jpg&#8220; alt=&#8220;Ruth&#8220; title_text=&#8220;Ruth&#8220; _builder_version=&#8220;4.23.1&#8243; _module_preset=&#8220;default&#8220; custom_margin=&#8220;||-6px|||&#8220; global_colors_info=&#8220;{}&#8220;][\/et_pb_image][et_pb_text _builder_version=&#8220;4.27.4&#8243; _module_preset=&#8220;default&#8220; text_font=&#8220;Roboto Condensed||||||||&#8220; text_text_color=&#8220;#000000&#8243; min_height=&#8220;140.7px&#8220; custom_padding=&#8220;5%||5%|3%|true|false&#8220; global_colors_info=&#8220;{}&#8220;]<strong>Ruth Hofer<\/strong><\/p>\n<p>Mit meinen Dritt- und Viertkl\u00e4ssler*innen erlebte ich immer wieder wundersch\u00f6ne Sternstunden. Dies w\u00fcnsche ich euch auch in eurem Kurs.[\/et_pb_text][\/et_pb_column][et_pb_column type=&#8220;1_4&#8243; _builder_version=&#8220;4.16&#8243; _module_preset=&#8220;default&#8220; global_colors_info=&#8220;{}&#8220;][et_pb_image src=&#8220;https:\/\/sterneerleben.info\/new\/wp-content\/uploads\/2023\/11\/portrait_elisabeth_II.jpg&#8220; alt=&#8220;Elisabeth&#8220; title_text=&#8220;Elisabeth&#8220; _builder_version=&#8220;4.23.1&#8243; _module_preset=&#8220;default&#8220; custom_margin=&#8220;||0px||false|false&#8220; global_colors_info=&#8220;{}&#8220;][\/et_pb_image][et_pb_text _builder_version=&#8220;4.27.4&#8243; _module_preset=&#8220;default&#8220; text_font=&#8220;Roboto Condensed||||||||&#8220; text_text_color=&#8220;#000000&#8243; custom_padding=&#8220;5%|3%|5%|3%|true|true&#8220; global_colors_info=&#8220;{}&#8220;]<strong>Elisabeth Jahnke<\/strong><\/p>\n<p>Von klein auf faszinieren mich Sterne, Mond und Planeten. Ich freue mich darauf, mit dir den Nachthimmel zu erforschen![\/et_pb_text][\/et_pb_column][et_pb_column type=&#8220;1_4&#8243; _builder_version=&#8220;4.16&#8243; _module_preset=&#8220;default&#8220; global_colors_info=&#8220;{}&#8220;][et_pb_image src=&#8220;https:\/\/sterneerleben.info\/new\/wp-content\/uploads\/2022\/06\/portrait_emilia-scaled.jpg&#8220; alt=&#8220;Emilia&#8220; title_text=&#8220;Emilia&#8220; _builder_version=&#8220;4.23.1&#8243; _module_preset=&#8220;default&#8220; custom_margin=&#8220;||-6px|||&#8220; global_colors_info=&#8220;{}&#8220;][\/et_pb_image][et_pb_text _builder_version=&#8220;4.27.4&#8243; _module_preset=&#8220;default&#8220; text_font=&#8220;Roboto Condensed||||||||&#8220; text_text_color=&#8220;#000000&#8243; min_height=&#8220;140.7px&#8220; custom_padding=&#8220;5%|3%|5%|3%|true|false&#8220; global_colors_info=&#8220;{}&#8220;]<strong>Emilia Boeschoten<\/strong><\/p>\n<p>Seit dem Kindergarten fasziniert mich der Sternenhimmel. Und die Frage, ob es wohl gr\u00fcne Sterne gibt\u2026?[\/et_pb_text][\/et_pb_column][et_pb_column type=&#8220;1_4&#8243; _builder_version=&#8220;4.16&#8243; _module_preset=&#8220;default&#8220; global_colors_info=&#8220;{}&#8220;][et_pb_image src=&#8220;https:\/\/sterneerleben.info\/new\/wp-content\/uploads\/2023\/09\/fiona_portrait.jpg&#8220; alt=&#8220;Fiona&#8220; title_text=&#8220;Fiona&#8220; _builder_version=&#8220;4.23.1&#8243; _module_preset=&#8220;default&#8220; custom_margin=&#8220;||-1px|||&#8220; global_colors_info=&#8220;{}&#8220;][\/et_pb_image][et_pb_text _builder_version=&#8220;4.27.4&#8243; _module_preset=&#8220;default&#8220; text_font=&#8220;Roboto Condensed||||||||&#8220; text_text_color=&#8220;#000000&#8243; custom_padding=&#8220;5%|3%|5%|3%|true|true&#8220; global_colors_info=&#8220;{}&#8220;]<strong>Fiona Hofer<\/strong><\/p>\n<p>Ich liebe die Natur mit all ihren Facetten \u2013 dazu geh\u00f6rt auch das Erleben der Dunkelheit, des Nacht- und Sternenhimmels.[\/et_pb_text][\/et_pb_column][\/et_pb_row][et_pb_row column_structure=&#8220;1_4,1_4,1_4,1_4&#8243; _builder_version=&#8220;4.16&#8243; _module_preset=&#8220;default&#8220; width=&#8220;100%&#8220; max_width=&#8220;100%&#8220; global_colors_info=&#8220;{}&#8220;][et_pb_column type=&#8220;1_4&#8243; _builder_version=&#8220;4.16&#8243; _module_preset=&#8220;default&#8220; global_colors_info=&#8220;{}&#8220;][et_pb_image src=&#8220;https:\/\/sterneerleben.info\/new\/wp-content\/uploads\/2021\/06\/portrait_rauber.jpg&#8220; alt=&#8220;C\u00e9line Rauber&#8220; title_text=&#8220;C\u00e9line Rauber&#8220; _builder_version=&#8220;4.23.1&#8243; _module_preset=&#8220;default&#8220; custom_margin=&#8220;||0px||false|false&#8220; global_colors_info=&#8220;{}&#8220;][\/et_pb_image][et_pb_text _builder_version=&#8220;4.27.4&#8243; _module_preset=&#8220;default&#8220; text_font=&#8220;Roboto Condensed||||||||&#8220; text_text_color=&#8220;#000000&#8243; custom_padding=&#8220;5%|3%|5%|3%|true|true&#8220; global_colors_info=&#8220;{}&#8220;]<Strong>C\u00e9line Rauber <\/strong><\/p>\n<p>Seit dem ersten Foto einer Sternschnuppe ist es um mich geschehen. Seit etlichen Jahren besch\u00e4ftige ich mich intensiv mit den begeisternden F\u00e4chern Physik und Astronomie und hoffe, diese Begeisterung nun mit euch teilen zu k\u00f6nnen.[\/et_pb_text][\/et_pb_column][et_pb_column type=&#8220;1_4&#8243; _builder_version=&#8220;4.16&#8243; _module_preset=&#8220;default&#8220; global_colors_info=&#8220;{}&#8220;][\/et_pb_column][et_pb_column type=&#8220;1_4&#8243; _builder_version=&#8220;4.16&#8243; _module_preset=&#8220;default&#8220; global_colors_info=&#8220;{}&#8220;][\/et_pb_column][et_pb_column type=&#8220;1_4&#8243; _builder_version=&#8220;4.16&#8243; _module_preset=&#8220;default&#8220; global_colors_info=&#8220;{}&#8220;][\/et_pb_column][\/et_pb_row][\/et_pb_section][et_pb_section fb_built=&#8220;1&#8243; _builder_version=&#8220;4.27.4&#8243; _module_preset=&#8220;default&#8220; background_color=&#8220;#DAE8F9&#8243; min_height=&#8220;72.8px&#8220; custom_margin=&#8220;0px||0px||false|false&#8220; custom_padding=&#8220;7px|7%|4px|7.1%|false|false&#8220; global_colors_info=&#8220;{}&#8220;][et_pb_row _builder_version=&#8220;4.16&#8243; _module_preset=&#8220;default&#8220; width=&#8220;100%&#8220; max_width=&#8220;100%&#8220; custom_padding=&#8220;1px|||||&#8220; global_colors_info=&#8220;{}&#8220;][et_pb_column type=&#8220;4_4&#8243; _builder_version=&#8220;4.16&#8243; _module_preset=&#8220;default&#8220; global_colors_info=&#8220;{}&#8220;][et_pb_text _builder_version=&#8220;4.27.4&#8243; _module_preset=&#8220;default&#8220; text_font=&#8220;Roboto Condensed||||||||&#8220; text_font_size=&#8220;11px&#8220; global_colors_info=&#8220;{}&#8220;]<\/p>\n<p><span style=\"color: #000000;\">Aktualisiert am 17.04.2025<\/span><\/p>\n<p>[\/et_pb_text][\/et_pb_column][\/et_pb_row][\/et_pb_section]<\/p>\n","protected":false},"excerpt":{"rendered":"<p>Wundersame welt &#8211; sternenhimmel und nordlichterWabern, 02. und 30. April 2025Liebe Eltern, Grosseltern, Verwandte, Lehrerinnen und Freunde der Kinder Diese Seite soll euch helfen, die Kinder zu unterst\u00fctzen, ihren Fragen nachzugehen. Selbstverst\u00e4ndlich k\u00f6nnen Sie sich auch jederzeit direkt bei uns melden. Die E-Mailadresse finden Sie auf den Arbeitsbl\u00e4ttern der Kinder. Wir w\u00fcnschen Ihnen viele Sternstunden [&hellip;]<\/p>\n","protected":false},"author":1,"featured_media":0,"parent":0,"menu_order":0,"comment_status":"closed","ping_status":"closed","template":"","meta":{"_bbp_topic_count":0,"_bbp_reply_count":0,"_bbp_total_topic_count":0,"_bbp_total_reply_count":0,"_bbp_voice_count":0,"_bbp_anonymous_reply_count":0,"_bbp_topic_count_hidden":0,"_bbp_reply_count_hidden":0,"_bbp_forum_subforum_count":0,"_et_pb_use_builder":"on","_et_pb_old_content":"","_et_gb_content_width":"","footnotes":""},"class_list":["post-1459","page","type-page","status-publish","hentry"],"_links":{"self":[{"href":"https:\/\/sterneerleben.info\/new\/wp-json\/wp\/v2\/pages\/1459","targetHints":{"allow":["GET"]}}],"collection":[{"href":"https:\/\/sterneerleben.info\/new\/wp-json\/wp\/v2\/pages"}],"about":[{"href":"https:\/\/sterneerleben.info\/new\/wp-json\/wp\/v2\/types\/page"}],"author":[{"embeddable":true,"href":"https:\/\/sterneerleben.info\/new\/wp-json\/wp\/v2\/users\/1"}],"replies":[{"embeddable":true,"href":"https:\/\/sterneerleben.info\/new\/wp-json\/wp\/v2\/comments?post=1459"}],"version-history":[{"count":9,"href":"https:\/\/sterneerleben.info\/new\/wp-json\/wp\/v2\/pages\/1459\/revisions"}],"predecessor-version":[{"id":1721,"href":"https:\/\/sterneerleben.info\/new\/wp-json\/wp\/v2\/pages\/1459\/revisions\/1721"}],"wp:attachment":[{"href":"https:\/\/sterneerleben.info\/new\/wp-json\/wp\/v2\/media?parent=1459"}],"curies":[{"name":"wp","href":"https:\/\/api.w.org\/{rel}","templated":true}]}}