{"id":1439,"date":"2024-12-27T15:32:01","date_gmt":"2024-12-27T14:32:01","guid":{"rendered":"https:\/\/sterneerleben.info\/new\/?page_id=1439"},"modified":"2025-07-20T14:01:38","modified_gmt":"2025-07-20T12:01:38","slug":"flims-2025-2","status":"publish","type":"page","link":"https:\/\/sterneerleben.info\/new\/flims-2025-2\/","title":{"rendered":"Sterne 2025-2"},"content":{"rendered":"<p>[et_pb_section fb_built=&#8220;1&#8243; _builder_version=&#8220;4.27.4&#8243; background_color=&#8220;#1e2937&#8243; width=&#8220;100%&#8220; max_width=&#8220;100%&#8220; min_height=&#8220;211.2px&#8220; custom_margin=&#8220;0px||0px||false|false&#8220; custom_padding=&#8220;0px|0px|0px|0px|false|false&#8220; global_colors_info=&#8220;{}&#8220;][et_pb_row column_structure=&#8220;1_2,1_2&#8243; _builder_version=&#8220;4.27.4&#8243; background_color=&#8220;#1e2937&#8243; width=&#8220;100%&#8220; max_width=&#8220;100%&#8220; min_height=&#8220;200.2px&#8220; custom_margin=&#8220;0px|0px|6px|0px|false|false&#8220; custom_padding=&#8220;0px||0px|0px|false|false&#8220; global_colors_info=&#8220;{}&#8220;][et_pb_column type=&#8220;1_2&#8243; _builder_version=&#8220;4.16&#8243; custom_padding=&#8220;|||&#8220; global_colors_info=&#8220;{}&#8220; custom_padding__hover=&#8220;|||&#8220;][et_pb_image src=&#8220;https:\/\/sterneerleben.info\/new\/wp-content\/uploads\/2024\/12\/elch-Kopie.jpg&#8220; title_text=&#8220;elch Kopie&#8220; url=&#8220;https:\/\/sterneerleben.info\/new\/wp-content\/uploads\/2024\/12\/elch-Kopie.jpg&#8220; _builder_version=&#8220;4.27.4&#8243; _module_preset=&#8220;default&#8220; custom_margin=&#8220;||46px|||&#8220; global_colors_info=&#8220;{}&#8220;][\/et_pb_image][et_pb_text _builder_version=&#8220;4.27.4&#8243; _module_preset=&#8220;default&#8220; custom_margin=&#8220;||-21px|||&#8220; global_colors_info=&#8220;{}&#8220;][\/et_pb_text][\/et_pb_column][et_pb_column type=&#8220;1_2&#8243; _builder_version=&#8220;4.27.4&#8243; _module_preset=&#8220;default&#8220; global_colors_info=&#8220;{}&#8220;][et_pb_text admin_label=&#8220;Top Destination Title&#8220; _builder_version=&#8220;4.27.4&#8243; _module_preset=&#8220;e32ee8de-59d0-4b1a-8d0c-d656f4dff84a&#8220; text_font=&#8220;||||&#8220; header_text_align=&#8220;left&#8220; header_font_size=&#8220;40px&#8220; header_line_height=&#8220;1.3em&#8220; background_color=&#8220;#1e2937&#8243; min_height=&#8220;55px&#8220; custom_margin=&#8220;||-1px|||&#8220; custom_padding=&#8220;||0px|||&#8220; animation_style=&#8220;zoom&#8220; animation_intensity_zoom=&#8220;4%&#8220; header_font_tablet=&#8220;Oswald|700||on|||||&#8220; header_font_phone=&#8220;Oswald|700||on|||||&#8220; header_font_last_edited=&#8220;on|phone&#8220; header_text_color_tablet=&#8220;&#8220; header_text_color_phone=&#8220;&#8220; header_text_color_last_edited=&#8220;on|phone&#8220; header_font_size_tablet=&#8220;40px&#8220; header_font_size_phone=&#8220;30px&#8220; header_font_size_last_edited=&#8220;on|phone&#8220; locked=&#8220;off&#8220; global_colors_info=&#8220;{}&#8220;]<\/p>\n<h1><span style=\"color: #ffffff;\"><\/span><\/h1>\n<h1><span style=\"color: #ffffff;\">Sterne<\/span> <span style=\"color: #ffffff;\">erleben 2025 &#8211; Teil 2<br \/><\/span><\/h1>\n<p>[\/et_pb_text][et_pb_text admin_label=&#8220;Top Destination Sub Title&#8220; _builder_version=&#8220;4.23.1&#8243; _module_preset=&#8220;e32ee8de-59d0-4b1a-8d0c-d656f4dff84a&#8220; text_font_size=&#8220;20px&#8220; header_4_font=&#8220;Oswald|500|||||||&#8220; background_color=&#8220;#1e2937&#8243; custom_margin=&#8220;||19px|||&#8220; custom_padding=&#8220;0px||0px|||&#8220; locked=&#8220;off&#8220; global_colors_info=&#8220;{}&#8220;]<\/p>\n<h4><span style=\"color: #ffffff;\">Vergiss nicht, <span style=\"color: #ffff00;\">weiterhin<\/span> empor zu den Sternen zu blicken, anstatt hinab auf deine F\u00fcsse (nach Stephen Hawking).<\/span>\u00a0<\/h4>\n<p>[\/et_pb_text][et_pb_text _builder_version=&#8220;4.27.4&#8243; _module_preset=&#8220;default&#8220; text_font=&#8220;Roboto Condensed||||||||&#8220; text_text_color=&#8220;#FFFFFF&#8220; text_font_size=&#8220;18px&#8220; text_line_height=&#8220;1.5em&#8220; custom_padding=&#8220;||0px|||&#8220; hover_enabled=&#8220;0&#8243; global_colors_info=&#8220;{}&#8220; sticky_enabled=&#8220;0&#8243;]<\/p>\n<p>Vom 9. bis 10. Oktober 2025 findet in Flims ein Fortsetzungskurs statt. Ideal ist es, wenn du bereits einen Grundlagenkurs (egal in welchem Jahr) oder dieses Jahr Teil 1 besucht hast.<\/p>\n<p>Wir werden in diesem Kurs an den Grundlagen-Kurs respektive an Teil 1 ankn\u00fcpfen und uns noch vertiefter mit den Ph\u00e4nomenen des Nachthimmels auseinandersetzen. Ihr werdet weitere Sternbilder wie die Herbst- und Wintersternbilder sowie den Elch kennen lernen. Wir werden unter anderem folgendenFragen nachgehen: Wie entstehen und sterben Sterne? Und was hat das mit dem Menschen zu tun? Wie ist das Universum aufgebaut? Ihr werdet Modelle bauen, die Planetenschleifen studieren, alle Tierkreissternbilder kennen lernen, Spannendes \u00fcber die Weltraumfahrt erfahren und die Faszination der Nordlichter erleben.<\/p>\n<p><strong>Am Freitagabend kannst du dann einen sehr interessanten Vortrag von Claude Nicollier besuchen: &#8222;Eindr\u00fccke aus dem Weltraum&#8220;. Zum Vortrag sind auch Freunde, Familie und Verwandte von dir herzlich eingeladen.<\/strong><\/p>\n<p>Wir freuen uns sehr auf den Kurs und gr\u00fcssen dich herzlich<\/p>\n<p>Heinz und Team<strong><a href=\"https:\/\/gate2science.ch\/angebot\/sterne-erleben-1\/\" target=\"_blank\" rel=\"noopener\"><span style=\"color: #000000;\"><span style=\"color: #0000ff;\"><\/span><\/span><\/a><\/strong><\/p>\n<p>[\/et_pb_text][et_pb_text _builder_version=&#8220;4.27.4&#8243; _module_preset=&#8220;default&#8220; text_font=&#8220;Roboto Condensed||||||||&#8220; text_text_color=&#8220;#FFFFFF&#8220; global_colors_info=&#8220;{}&#8220;]<\/p>\n<p>Bild links:<\/p>\n<p>Wir kennen die Sternbilder <em><strong>Fuhrmann<\/strong><\/em>, <em><strong>Perseus<\/strong> <\/em>und <em><strong>Cassiopeia<\/strong><\/em>. F\u00fcr das Volk der Samen bilden diese Sternbilder zusammen jedoch das Sternbild <em><strong>Sarva<\/strong><\/em>, was in unserer Sprache <strong>Elch<\/strong> heisst [Lorenzen, Dirk H. (2020): DER STERNENSAMMLER. Hamburg: Rowohlt. S. 114].<\/p>\n<p>[\/et_pb_text][\/et_pb_column][\/et_pb_row][\/et_pb_section][et_pb_section fb_built=&#8220;1&#8243; _builder_version=&#8220;4.23.1&#8243; background_color=&#8220;#FFFFFF&#8220; custom_margin=&#8220;||||false|false&#8220; custom_padding=&#8220;0px|7%|3px|7%|false|false&#8220; global_colors_info=&#8220;{}&#8220;][et_pb_row _builder_version=&#8220;4.23.1&#8243; width=&#8220;100%&#8220; max_width=&#8220;100%&#8220; custom_margin=&#8220;-27px|0px|-21px|0px|false|false&#8220; custom_padding=&#8220;1px||0px|0px||&#8220; global_colors_info=&#8220;{}&#8220;][et_pb_column type=&#8220;4_4&#8243; _builder_version=&#8220;4.16&#8243; custom_padding=&#8220;|||&#8220; global_colors_info=&#8220;{}&#8220; custom_padding__hover=&#8220;|||&#8220;][et_pb_text admin_label=&#8220;Top Destination Title&#8220; _builder_version=&#8220;4.23.1&#8243; _module_preset=&#8220;e32ee8de-59d0-4b1a-8d0c-d656f4dff84a&#8220; text_font=&#8220;||||&#8220; header_text_align=&#8220;left&#8220; header_font_size=&#8220;40px&#8220; header_line_height=&#8220;1.3em&#8220; custom_margin=&#8220;||1px||false|false&#8220; custom_padding=&#8220;||||false|false&#8220; animation_style=&#8220;zoom&#8220; animation_intensity_zoom=&#8220;4%&#8220; locked=&#8220;off&#8220; global_colors_info=&#8220;{}&#8220;]<\/p>\n<h2>Wir sind alle aus Sternenstaub &#8211; vom Wintersechseck \u00fcber den Orionnebel zum Sternenleben<\/h2>\n<p>[\/et_pb_text][et_pb_divider color=&#8220;#ed4441&#8243; divider_position=&#8220;center&#8220; divider_weight=&#8220;3px&#8220; disabled_on=&#8220;off|off|off&#8220; _builder_version=&#8220;4.23.1&#8243; max_width=&#8220;150px&#8220; height=&#8220;false&#8220; custom_margin=&#8220;||||false|false&#8220; animation_style=&#8220;slide&#8220; animation_direction=&#8220;top&#8220; animation_delay=&#8220;100ms&#8220; animation_intensity_slide=&#8220;10%&#8220; locked=&#8220;off&#8220; global_colors_info=&#8220;{}&#8220;][\/et_pb_divider][\/et_pb_column][\/et_pb_row][et_pb_row column_structure=&#8220;1_2,1_2&#8243; _builder_version=&#8220;4.23.1&#8243; _module_preset=&#8220;default&#8220; width=&#8220;100%&#8220; max_width=&#8220;none&#8220; custom_margin=&#8220;-6px|auto||auto||&#8220; custom_padding=&#8220;39px|||||&#8220; global_colors_info=&#8220;{}&#8220;][et_pb_column type=&#8220;1_2&#8243; _builder_version=&#8220;4.23.1&#8243; _module_preset=&#8220;default&#8220; global_colors_info=&#8220;{}&#8220;][et_pb_image src=&#8220;https:\/\/sterneerleben.info\/new\/wp-content\/uploads\/2021\/05\/orion_II.jpg&#8220; alt=&#8220;Orion geht unter&#8220; title_text=&#8220;Orion geht unter&#8220; url=&#8220;https:\/\/sterneerleben.info\/new\/wp-content\/uploads\/2021\/05\/orion_II.jpg&#8220; _builder_version=&#8220;4.27.4&#8243; _module_preset=&#8220;default&#8220; global_colors_info=&#8220;{}&#8220;][\/et_pb_image][\/et_pb_column][et_pb_column type=&#8220;1_2&#8243; _builder_version=&#8220;4.23.1&#8243; _module_preset=&#8220;default&#8220; global_colors_info=&#8220;{}&#8220;][et_pb_image src=&#8220;https:\/\/sterneerleben.info\/new\/wp-content\/uploads\/2021\/05\/orionnebel.jpg&#8220; alt=&#8220;Orionnebel&#8220; title_text=&#8220;Orionnebel&#8220; url=&#8220;https:\/\/sterneerleben.info\/new\/wp-content\/uploads\/2021\/05\/orionnebel.jpg&#8220; _builder_version=&#8220;4.27.4&#8243; _module_preset=&#8220;default&#8220; custom_margin=&#8220;||10px|||&#8220; global_colors_info=&#8220;{}&#8220;][\/et_pb_image][et_pb_text _builder_version=&#8220;4.27.4&#8243; _module_preset=&#8220;default&#8220; text_font=&#8220;Roboto Condensed||||||||&#8220; text_text_color=&#8220;#000000&#8243; global_colors_info=&#8220;{}&#8220;]<\/p>\n<p>Im Bild oben wurde der Orion-Nebel 30 Minuten lang fotografiert, damit das wundersch\u00f6ne Rot sichtbar wurde [Bild: hh].<\/p>\n<p>Im Bild links geht das Sternbild Orion gerade hinter dem Abendberg in Wilderswil unter. Gut zu sehen ist der rote &#8222;Nebel&#8220; im Schwert [Bild: hh].<\/p>\n<p>[\/et_pb_text][et_pb_text _builder_version=&#8220;4.23.1&#8243; _module_preset=&#8220;default&#8220; text_font=&#8220;Roboto Condensed||||||||&#8220; text_text_color=&#8220;#000000&#8243; text_font_size=&#8220;18px&#8220; min_height=&#8220;132px&#8220; global_colors_info=&#8220;{}&#8220;]<\/p>\n<p>Der Orionnebel besteht vor allem aus Wasserstoff-Gas, das durch die Strahlung der umliegenden Sterne zum Leuchten gebracht wird. Das Wasserstoff-Gas zieht sich gegenseitig an, wird dichter und heisser, bis Kernfusion einsetzt und ein neuer Stern geboren wird. Der Orionnebel ist eine Sternengeburtsst\u00e4dte.<\/p>\n<p>[\/et_pb_text][\/et_pb_column][\/et_pb_row][\/et_pb_section][et_pb_section fb_built=&#8220;1&#8243; _builder_version=&#8220;4.23.1&#8243; background_color=&#8220;#FFFFFF&#8220; custom_margin=&#8220;||||false|false&#8220; custom_padding=&#8220;0px|7%|3px|7%|false|false&#8220; global_colors_info=&#8220;{}&#8220;][et_pb_row _builder_version=&#8220;4.16&#8243; width=&#8220;100%&#8220; max_width=&#8220;100%&#8220; custom_margin=&#8220;-27px|0px||0px|false|false&#8220; custom_padding=&#8220;||3px|0px||&#8220; global_colors_info=&#8220;{}&#8220;][et_pb_column type=&#8220;4_4&#8243; _builder_version=&#8220;4.16&#8243; custom_padding=&#8220;|||&#8220; global_colors_info=&#8220;{}&#8220; custom_padding__hover=&#8220;|||&#8220;][et_pb_text admin_label=&#8220;Top Destination Title&#8220; _builder_version=&#8220;4.23.1&#8243; _module_preset=&#8220;e32ee8de-59d0-4b1a-8d0c-d656f4dff84a&#8220; text_font=&#8220;||||&#8220; header_text_align=&#8220;left&#8220; header_font_size=&#8220;40px&#8220; header_line_height=&#8220;1.3em&#8220; custom_margin=&#8220;||1px||false|false&#8220; custom_padding=&#8220;||||false|false&#8220; animation_style=&#8220;zoom&#8220; animation_intensity_zoom=&#8220;4%&#8220; locked=&#8220;off&#8220; global_colors_info=&#8220;{}&#8220;]<\/p>\n<h2>Von den Herbststernbildern \u00fcber den Andromedanebel zum Aufbau des Universums<\/h2>\n<p>[\/et_pb_text][et_pb_divider color=&#8220;#ed4441&#8243; divider_position=&#8220;center&#8220; divider_weight=&#8220;3px&#8220; disabled_on=&#8220;off|off|off&#8220; _builder_version=&#8220;4.16&#8243; max_width=&#8220;150px&#8220; height=&#8220;false&#8220; custom_margin=&#8220;||21px|||&#8220; animation_style=&#8220;slide&#8220; animation_direction=&#8220;top&#8220; animation_delay=&#8220;100ms&#8220; animation_intensity_slide=&#8220;10%&#8220; locked=&#8220;off&#8220; global_colors_info=&#8220;{}&#8220;][\/et_pb_divider][\/et_pb_column][\/et_pb_row][et_pb_row column_structure=&#8220;1_2,1_2&#8243; _builder_version=&#8220;4.23.1&#8243; _module_preset=&#8220;default&#8220; width=&#8220;100%&#8220; max_width=&#8220;none&#8220; custom_margin=&#8220;|auto||auto|false|false&#8220; custom_padding=&#8220;0px|||||&#8220; global_colors_info=&#8220;{}&#8220;][et_pb_column type=&#8220;1_2&#8243; _builder_version=&#8220;4.23.1&#8243; _module_preset=&#8220;default&#8220; global_colors_info=&#8220;{}&#8220;][et_pb_image src=&#8220;https:\/\/sterneerleben.info\/new\/wp-content\/uploads\/2023\/11\/herbst_kuerzer.jpg&#8220; alt=&#8220;Herbst kuerzer&#8220; title_text=&#8220;herbst_kuerzer&#8220; url=&#8220;https:\/\/sterneerleben.info\/new\/wp-content\/uploads\/2023\/11\/herbst_kuerzer.jpg&#8220; _builder_version=&#8220;4.27.4&#8243; _module_preset=&#8220;default&#8220; global_colors_info=&#8220;{}&#8220;][\/et_pb_image][\/et_pb_column][et_pb_column type=&#8220;1_2&#8243; _builder_version=&#8220;4.23.1&#8243; _module_preset=&#8220;default&#8220; global_colors_info=&#8220;{}&#8220;][et_pb_image src=&#8220;https:\/\/sterneerleben.info\/new\/wp-content\/uploads\/2023\/11\/james_webb_galaxien_heller.jpg&#8220; alt=&#8220;Spiral Amongst Thousands&#8220; title_text=&#8220;Spiral Amongst Thousands&#8220; url=&#8220;https:\/\/sterneerleben.info\/new\/wp-content\/uploads\/2023\/11\/james_webb_galaxien_heller.jpg&#8220; _builder_version=&#8220;4.27.4&#8243; _module_preset=&#8220;default&#8220; global_colors_info=&#8220;{}&#8220;][\/et_pb_image][et_pb_text _builder_version=&#8220;4.27.4&#8243; _module_preset=&#8220;default&#8220; text_font=&#8220;Roboto Condensed||||||||&#8220; text_text_color=&#8220;#000000&#8243; custom_padding=&#8220;0px|||||&#8220; global_colors_info=&#8220;{}&#8220;]<\/p>\n<p><span style=\"color: #000000;\">Bild links: Auch <strong>das Herbststernbild Pegasus<\/strong> (fliegendes Pferd) und die angrenzende Andromeda werden wir im Oktober auffinden k\u00f6nnen. In der Andromeda ist noch die Andromedagalaxie (<strong>Andromedanebel<\/strong>) zuhause. Sie ist die einzige Galaxie, die wir von der Erde aus bei guten Bedingungen von blossem Auge sehen k\u00f6nnen, obwohl sie 2.5 Millionen Lichtjahre von uns entfernt ist [Bild: hh]. <\/span><\/p>\n<p><span style=\"color: #000000;\">Aufgrund von Langzeitfotografien weiss man, dass es Miliarden von Galaxien im Universum gibt (siehe Bild oben) [<\/span><span style=\"color: #000000;\">Bild: <a href=\"https:\/\/esawebb.org\/images\/potm2301a\/\">https:\/\/esawebb.org\/images\/potm2301a]<\/a>.<\/span><\/p>\n<p><span style=\"color: #000000;\"><\/span><\/p>\n<p>[\/et_pb_text][\/et_pb_column][\/et_pb_row][\/et_pb_section][et_pb_section fb_built=&#8220;1&#8243; _builder_version=&#8220;4.23&#8243; background_color=&#8220;#FFFFFF&#8220; custom_margin=&#8220;0px||0px||false|false&#8220; custom_padding=&#8220;0px|7%|0px|7%|false|false&#8220; global_colors_info=&#8220;{}&#8220;][et_pb_row _builder_version=&#8220;4.23.1&#8243; width=&#8220;100%&#8220; max_width=&#8220;100%&#8220; custom_margin=&#8220;|auto|-19px|auto|false|false&#8220; custom_padding=&#8220;||0px|0px||&#8220; global_colors_info=&#8220;{}&#8220;][et_pb_column type=&#8220;4_4&#8243; _builder_version=&#8220;4.16&#8243; custom_padding=&#8220;|||&#8220; global_colors_info=&#8220;{}&#8220; custom_padding__hover=&#8220;|||&#8220;][et_pb_text admin_label=&#8220;Top Destination Title&#8220; _builder_version=&#8220;4.23.1&#8243; _module_preset=&#8220;e32ee8de-59d0-4b1a-8d0c-d656f4dff84a&#8220; text_font=&#8220;||||&#8220; header_text_align=&#8220;left&#8220; header_font_size=&#8220;40px&#8220; header_line_height=&#8220;1.3em&#8220; min_height=&#8220;55px&#8220; custom_margin=&#8220;||-1px|||&#8220; custom_padding=&#8220;||0px|||&#8220; animation_style=&#8220;zoom&#8220; animation_intensity_zoom=&#8220;4%&#8220; locked=&#8220;off&#8220; global_colors_info=&#8220;{}&#8220;]<\/p>\n<h2>Modelle bauen &#8211; Das Tischplanetarium<\/h2>\n<p>[\/et_pb_text][et_pb_divider color=&#8220;#ed4441&#8243; divider_position=&#8220;center&#8220; divider_weight=&#8220;3px&#8220; disabled_on=&#8220;off|off|off&#8220; _builder_version=&#8220;4.16&#8243; max_width=&#8220;150px&#8220; height=&#8220;false&#8220; custom_margin=&#8220;||21px|||&#8220; animation_style=&#8220;slide&#8220; animation_direction=&#8220;top&#8220; animation_delay=&#8220;100ms&#8220; animation_intensity_slide=&#8220;10%&#8220; locked=&#8220;off&#8220; global_colors_info=&#8220;{}&#8220;][\/et_pb_divider][\/et_pb_column][\/et_pb_row][et_pb_row column_structure=&#8220;1_2,1_2&#8243; _builder_version=&#8220;4.23.1&#8243; _module_preset=&#8220;default&#8220; width=&#8220;auto&#8220; max_width=&#8220;none&#8220; custom_margin=&#8220;-33px|auto||auto||&#8220; custom_padding=&#8220;||21px|||&#8220; global_colors_info=&#8220;{}&#8220;][et_pb_column type=&#8220;1_2&#8243; _builder_version=&#8220;4.21.0&#8243; _module_preset=&#8220;default&#8220; global_colors_info=&#8220;{}&#8220;][et_pb_image src=&#8220;https:\/\/sterneerleben.info\/new\/wp-content\/uploads\/2023\/11\/tischplanetarium-scaled.jpg&#8220; alt=&#8220;Tischplanetarium&#8220; title_text=&#8220;Tischplanetarium&#8220; url=&#8220;https:\/\/sterneerleben.info\/new\/wp-content\/uploads\/2023\/11\/tischplanetarium-scaled.jpg&#8220; _builder_version=&#8220;4.27.4&#8243; _module_preset=&#8220;default&#8220; global_colors_info=&#8220;{}&#8220;][\/et_pb_image][\/et_pb_column][et_pb_column type=&#8220;1_2&#8243; _builder_version=&#8220;4.21.0&#8243; _module_preset=&#8220;default&#8220; global_colors_info=&#8220;{}&#8220;][et_pb_text _builder_version=&#8220;4.27.4&#8243; _module_preset=&#8220;default&#8220; text_font=&#8220;Roboto Condensed||||||||&#8220; text_font_size=&#8220;18px&#8220; min_height=&#8220;99.3px&#8220; custom_margin=&#8220;||||false|false&#8220; custom_padding=&#8220;|3%||3%|false|false&#8220; global_colors_info=&#8220;{}&#8220;]<\/p>\n<p><span style=\"color: #000000;\">Beim Tischplanetarium kannst du die Sternenscheibe auf einen bestimmten Monat und eine bestimmte Urzeit einstellen. Danach kannst du das Planetarium z.B. aufs Nachttischli stellen und du siehst dann immer, was am Nachthimmel gerade zu sehen ist [Bild: hh].<\/span><\/p>\n<p>[\/et_pb_text][\/et_pb_column][\/et_pb_row][\/et_pb_section][et_pb_section fb_built=&#8220;1&#8243; _builder_version=&#8220;4.23.1&#8243; background_color=&#8220;#FFFFFF&#8220; custom_margin=&#8220;||||false|false&#8220; custom_padding=&#8220;0px|7%|0px|7%|false|false&#8220; global_colors_info=&#8220;{}&#8220;][et_pb_row _builder_version=&#8220;4.16&#8243; width=&#8220;100%&#8220; max_width=&#8220;100%&#8220; custom_margin=&#8220;0px|-2px||auto||&#8220; custom_padding=&#8220;||0px|0px||&#8220; global_colors_info=&#8220;{}&#8220;][et_pb_column type=&#8220;4_4&#8243; _builder_version=&#8220;4.16&#8243; custom_padding=&#8220;|||&#8220; global_colors_info=&#8220;{}&#8220; custom_padding__hover=&#8220;|||&#8220;][et_pb_text admin_label=&#8220;Top Destination Title&#8220; _builder_version=&#8220;4.23.1&#8243; _module_preset=&#8220;e32ee8de-59d0-4b1a-8d0c-d656f4dff84a&#8220; text_font=&#8220;||||&#8220; header_text_align=&#8220;left&#8220; header_font_size=&#8220;40px&#8220; header_line_height=&#8220;1.3em&#8220; min_height=&#8220;55px&#8220; custom_margin=&#8220;||-14px|||&#8220; custom_padding=&#8220;||0px|||&#8220; animation_style=&#8220;zoom&#8220; animation_intensity_zoom=&#8220;4%&#8220; locked=&#8220;off&#8220; global_colors_info=&#8220;{}&#8220;]<\/p>\n<h2>Wo wird sich Saturn wohl w\u00e4hrend unserem Kurs aufhalten?<\/h2>\n<p>[\/et_pb_text][et_pb_divider color=&#8220;#ed4441&#8243; divider_position=&#8220;center&#8220; divider_weight=&#8220;3px&#8220; disabled_on=&#8220;off|off|off&#8220; _builder_version=&#8220;4.16&#8243; max_width=&#8220;150px&#8220; height=&#8220;false&#8220; custom_margin=&#8220;||21px|||&#8220; animation_style=&#8220;slide&#8220; animation_direction=&#8220;top&#8220; animation_delay=&#8220;100ms&#8220; animation_intensity_slide=&#8220;10%&#8220; locked=&#8220;off&#8220; global_colors_info=&#8220;{}&#8220;][\/et_pb_divider][et_pb_text admin_label=&#8220;Top Destination Sub Title&#8220; _builder_version=&#8220;4.27.4&#8243; text_font=&#8220;Roboto Condensed||||||||&#8220; text_text_color=&#8220;#1a1a1a&#8220; text_font_size=&#8220;18px&#8220; text_line_height=&#8220;1.4em&#8220; min_height=&#8220;52.4px&#8220; custom_margin=&#8220;-2px|||||&#8220; custom_padding=&#8220;0px||0px|||&#8220; animation_style=&#8220;zoom&#8220; animation_direction=&#8220;top&#8220; animation_delay=&#8220;200ms&#8220; animation_intensity_zoom=&#8220;4%&#8220; locked=&#8220;off&#8220; global_colors_info=&#8220;{}&#8220;]<\/p>\n<p><strong>Saturn<\/strong> hat sich in den letzten <strong>vier Jahren<\/strong> sehr speziell verhalten. Wo werden wir ihn wohl im Oktober 2025 auffinden?<span style=\"color: #000000;\"><\/span><\/p>\n<p><span style=\"color: #0c71c3;\"><\/span><\/p>\n<p>[\/et_pb_text][\/et_pb_column][\/et_pb_row][et_pb_row column_structure=&#8220;1_3,1_3,1_3&#8243; _builder_version=&#8220;4.22.2&#8243; _module_preset=&#8220;default&#8220; width=&#8220;auto&#8220; max_width=&#8220;none&#8220; custom_margin=&#8220;-5px|auto||auto||&#8220; custom_padding=&#8220;6px||0px|||&#8220; global_colors_info=&#8220;{}&#8220;][et_pb_column type=&#8220;1_3&#8243; _builder_version=&#8220;4.21.0&#8243; _module_preset=&#8220;default&#8220; global_colors_info=&#8220;{}&#8220;][et_pb_image src=&#8220;https:\/\/sterneerleben.info\/new\/wp-content\/uploads\/2021\/05\/201218_steinbock_MYTHOLOGIE_STRICHE_red.jpg&#8220; alt=&#8220;Jupiter und Saturn&#8220; title_text=&#8220;flims_01_201218_steinbock_MYTHOLOGIE_STRICHE_red&#8220; url=&#8220;https:\/\/sterneerleben.info\/new\/wp-content\/uploads\/2024\/12\/steinbock_mythologie_heller_201218.jpg&#8220; _builder_version=&#8220;4.27.4&#8243; _module_preset=&#8220;default&#8220; global_colors_info=&#8220;{}&#8220;][\/et_pb_image][et_pb_text _builder_version=&#8220;4.23.1&#8243; _module_preset=&#8220;default&#8220; text_font=&#8220;Roboto Condensed||||||||&#8220; custom_margin=&#8220;-31px|||||&#8220; custom_padding=&#8220;3%|3%|3%|3%|false|false&#8220; global_colors_info=&#8220;{}&#8220;]<\/p>\n<p><span style=\"color: #000000;\">Kurz vor <strong>Weihnachten 2020<\/strong> standen <strong>Jupiter<\/strong> und <strong>Saturn<\/strong> noch <strong>rechts vom<\/strong> <strong>Steinbock<\/strong> nahe beisammen, weshalb sie fast wie der <strong>Weihnachtsstern<\/strong> aussahen. Am 18. Dezember 2020 hielt sich auch der Mond im Steinbock auf [Bild: hh].<\/span><\/p>\n<p>[\/et_pb_text][\/et_pb_column][et_pb_column type=&#8220;1_3&#8243; _builder_version=&#8220;4.16&#8243; _module_preset=&#8220;default&#8220; global_colors_info=&#8220;{}&#8220;][et_pb_image src=&#8220;https:\/\/sterneerleben.info\/new\/wp-content\/uploads\/2023\/05\/220428_planatenparade_01-scaled.jpg&#8220; alt=&#8220;Jupiter und Saturn&#8220; title_text=&#8220;220428_planatenparade_01&#8243; url=&#8220;https:\/\/sterneerleben.info\/new\/wp-content\/uploads\/2023\/05\/220428_planatenparade_01-scaled.jpg&#8220; _builder_version=&#8220;4.27.4&#8243; _module_preset=&#8220;default&#8220; global_colors_info=&#8220;{}&#8220;][\/et_pb_image][et_pb_text _builder_version=&#8220;4.27.4&#8243; _module_preset=&#8220;default&#8220; text_font=&#8220;Roboto Condensed||||||||&#8220; custom_margin=&#8220;-31px|||||&#8220; custom_padding=&#8220;3%|3%|3%|3%|false|false&#8220; global_colors_info=&#8220;{}&#8220;]<\/p>\n<p><span style=\"color: #000000;\">Am <strong>28. April 2022<\/strong> war<strong> Saturn<\/strong> <strong>links vom Steinbock<\/strong> aufzufinden (Pfeil in der Mitte). Saturn hat also den Steinbock durchwandert. Der Pfeil links im Bild zeigt \u00fcbrigens auf den Jupiter, der dem Saturn enteilt ist [Bild: hh].<br \/><\/span><\/p>\n<p>[\/et_pb_text][\/et_pb_column][et_pb_column type=&#8220;1_3&#8243; _builder_version=&#8220;4.16&#8243; _module_preset=&#8220;default&#8220; global_colors_info=&#8220;{}&#8220;][et_pb_image src=&#8220;https:\/\/sterneerleben.info\/new\/wp-content\/uploads\/2023\/05\/220922_iss_saturn_striche-scaled.jpg&#8220; title_text=&#8220;220922_iss_saturn_striche&#8220; url=&#8220;https:\/\/sterneerleben.info\/new\/wp-content\/uploads\/2023\/05\/220922_iss_saturn_striche-scaled.jpg&#8220; _builder_version=&#8220;4.27.4&#8243; _module_preset=&#8220;default&#8220; global_colors_info=&#8220;{}&#8220;][\/et_pb_image][et_pb_text _builder_version=&#8220;4.27.4&#8243; _module_preset=&#8220;default&#8220; text_font=&#8220;Roboto Condensed||||||||&#8220; custom_margin=&#8220;-31px|||||&#8220; custom_padding=&#8220;3%|3%|3%|3%|false|false&#8220; global_colors_info=&#8220;{}&#8220;]<\/p>\n<p><span style=\"color: #000000;\">Was ist denn da passiert? Am <strong>22. September 2022<\/strong> ist Saturn pl\u00f6tzlich wieder zur\u00fcck<strong> im Steinbock<\/strong>. Er hat sich <strong>r\u00fcckw\u00e4rts bewegt<\/strong> [Bild: hh].<br \/><\/span><\/p>\n<p>[\/et_pb_text][\/et_pb_column][\/et_pb_row][et_pb_row _builder_version=&#8220;4.23.1&#8243; _module_preset=&#8220;default&#8220; width=&#8220;100%&#8220; global_colors_info=&#8220;{}&#8220;][et_pb_column type=&#8220;4_4&#8243; _builder_version=&#8220;4.23.1&#8243; _module_preset=&#8220;default&#8220; global_colors_info=&#8220;{}&#8220;][et_pb_image src=&#8220;https:\/\/sterneerleben.info\/new\/wp-content\/uploads\/2024\/12\/saturnschleife_23_24_red.jpg&#8220; alt=&#8220;saturnschleife&#8220; title_text=&#8220;saturnschleife_23_24_red&#8220; url=&#8220;https:\/\/sterneerleben.info\/new\/wp-content\/uploads\/2024\/12\/saturnschleife_23_24_red.jpg&#8220; _builder_version=&#8220;4.27.4&#8243; _module_preset=&#8220;default&#8220; custom_margin=&#8220;||15px|||&#8220; global_colors_info=&#8220;{}&#8220;][\/et_pb_image][et_pb_text _builder_version=&#8220;4.27.4&#8243; _module_preset=&#8220;default&#8220; text_font=&#8220;Roboto Condensed||||||||&#8220; text_text_color=&#8220;#000000&#8243; global_colors_info=&#8220;{}&#8220;]<\/p>\n<p>Sowohl im Jahr 2023 wie auch 2024 lief er ebenfalls wieder eine Zeit lang r\u00fcckw\u00e4rts [Bild: hh]. Dieses spannende Ph\u00e4nomen werden wir im Kurs genauer anschauen.<\/p>\n<p>[\/et_pb_text][\/et_pb_column][\/et_pb_row][et_pb_row column_structure=&#8220;1_2,1_2&#8243; _builder_version=&#8220;4.23.1&#8243; _module_preset=&#8220;default&#8220; width=&#8220;100%&#8220; global_colors_info=&#8220;{}&#8220;][et_pb_column type=&#8220;1_2&#8243; _builder_version=&#8220;4.23.1&#8243; _module_preset=&#8220;default&#8220; global_colors_info=&#8220;{}&#8220;][et_pb_image src=&#8220;https:\/\/sterneerleben.info\/new\/wp-content\/uploads\/2023\/11\/20er_total-scaled-1.jpg&#8220; alt=&#8220;20er Note&#8220; title_text=&#8220;20er Note&#8220; url=&#8220;https:\/\/sterneerleben.info\/new\/wp-content\/uploads\/2021\/05\/20er_total-scaled.jpg&#8220; _builder_version=&#8220;4.27.4&#8243; _module_preset=&#8220;default&#8220; custom_padding=&#8220;0px|||||&#8220; global_colors_info=&#8220;{}&#8220;][\/et_pb_image][\/et_pb_column][et_pb_column type=&#8220;1_2&#8243; _builder_version=&#8220;4.23.1&#8243; _module_preset=&#8220;default&#8220; global_colors_info=&#8220;{}&#8220;][et_pb_text _builder_version=&#8220;4.23.1&#8243; _module_preset=&#8220;default&#8220; text_font=&#8220;Roboto Condensed||||||||&#8220; text_font_size=&#8220;18px&#8220; global_colors_info=&#8220;{}&#8220;]<\/p>\n<p><span style=\"color: #000000;\">Auf der <strong>20-Franken-Banknote<\/strong> sind neben den Sternbildern auch die Planeten aufgef\u00fchrt.<\/span><\/p>\n<p><span style=\"color: #000000;\">Eventuell sind deine Eltern (oder sonst eine erwachsene Person) bereit, das <strong>SNB-App \u00abSwiss Banknotes\u00bb<\/strong> (Schweizerische Nationalbank) herunterzuladen. Damit kannst du n\u00e4mlich die Sternbilder auf einer Himmelskugel betrachten. Zuerst erscheinen nur die Sterne und danach werden diese durch Linien zu Sternbildern verbunden.<\/span><\/p>\n<p>[\/et_pb_text][\/et_pb_column][\/et_pb_row][\/et_pb_section][et_pb_section fb_built=&#8220;1&#8243; _builder_version=&#8220;4.23&#8243; background_color=&#8220;#FFFFFF&#8220; custom_margin=&#8220;0%||0%||false|false&#8220; custom_padding=&#8220;0px|7%|0px|7%|false|false&#8220; global_colors_info=&#8220;{}&#8220;][et_pb_row _builder_version=&#8220;4.16&#8243; width=&#8220;100%&#8220; max_width=&#8220;100%&#8220; custom_margin=&#8220;0px|-2px|-6px|auto||&#8220; custom_padding=&#8220;||0px|0px||&#8220; global_colors_info=&#8220;{}&#8220;][et_pb_column type=&#8220;4_4&#8243; _builder_version=&#8220;4.16&#8243; custom_padding=&#8220;|||&#8220; global_colors_info=&#8220;{}&#8220; custom_padding__hover=&#8220;|||&#8220;][et_pb_text admin_label=&#8220;Top Destination Title&#8220; _builder_version=&#8220;4.23.1&#8243; _module_preset=&#8220;e32ee8de-59d0-4b1a-8d0c-d656f4dff84a&#8220; text_font=&#8220;||||&#8220; header_text_align=&#8220;left&#8220; header_font_size=&#8220;40px&#8220; header_line_height=&#8220;1.3em&#8220; custom_margin=&#8220;||0px||false|false&#8220; custom_padding=&#8220;||||false|false&#8220; animation_style=&#8220;zoom&#8220; animation_intensity_zoom=&#8220;4%&#8220; locked=&#8220;off&#8220; global_colors_info=&#8220;{}&#8220;]<\/p>\n<h2>Die besondere Bedeutung der Tierkreissternbilder<\/h2>\n<p>[\/et_pb_text][et_pb_divider color=&#8220;#ed4441&#8243; divider_position=&#8220;center&#8220; divider_weight=&#8220;3px&#8220; disabled_on=&#8220;off|off|off&#8220; _builder_version=&#8220;4.16&#8243; max_width=&#8220;150px&#8220; height=&#8220;false&#8220; custom_margin=&#8220;||21px|||&#8220; animation_style=&#8220;slide&#8220; animation_direction=&#8220;top&#8220; animation_delay=&#8220;100ms&#8220; animation_intensity_slide=&#8220;10%&#8220; locked=&#8220;off&#8220; global_colors_info=&#8220;{}&#8220;][\/et_pb_divider][\/et_pb_column][\/et_pb_row][et_pb_row _builder_version=&#8220;4.23.1&#8243; _module_preset=&#8220;default&#8220; width=&#8220;100%&#8220; global_colors_info=&#8220;{}&#8220;][et_pb_column type=&#8220;4_4&#8243; _builder_version=&#8220;4.23.1&#8243; _module_preset=&#8220;default&#8220; global_colors_info=&#8220;{}&#8220;][et_pb_image src=&#8220;https:\/\/sterneerleben.info\/new\/wp-content\/uploads\/2023\/11\/tierkreissternbilder-scaled.jpg&#8220; alt=&#8220;Tierkreissternbilder&#8220; title_text=&#8220;Tierkreissternbilder&#8220; url=&#8220;https:\/\/sterneerleben.info\/new\/wp-content\/uploads\/2023\/11\/tierkreissternbilder-scaled.jpg&#8220; _builder_version=&#8220;4.27.4&#8243; _module_preset=&#8220;default&#8220; global_colors_info=&#8220;{}&#8220;][\/et_pb_image][et_pb_text _builder_version=&#8220;4.23.1&#8243; _module_preset=&#8220;default&#8220; text_font=&#8220;Roboto Condensed||||||||&#8220; text_text_color=&#8220;#000000&#8243; text_font_size=&#8220;18px&#8220; global_colors_info=&#8220;{}&#8220;]<\/p>\n<p>Nicht nur die Sonne, sondern auch der Mond und alle Planeten bewegen sich durch die 12 Tierkreissternbilder.<\/p>\n<p>[\/et_pb_text][\/et_pb_column][\/et_pb_row][\/et_pb_section][et_pb_section fb_built=&#8220;1&#8243; _builder_version=&#8220;4.23&#8243; background_color=&#8220;#FFFFFF&#8220; custom_margin=&#8220;0%||0%||false|false&#8220; custom_padding=&#8220;0px|7%|0px|7%|false|false&#8220; global_colors_info=&#8220;{}&#8220;][et_pb_row _builder_version=&#8220;4.16&#8243; width=&#8220;100%&#8220; max_width=&#8220;100%&#8220; custom_margin=&#8220;0px|-2px|-6px|auto||&#8220; custom_padding=&#8220;||0px|0px||&#8220; global_colors_info=&#8220;{}&#8220;][et_pb_column type=&#8220;4_4&#8243; _builder_version=&#8220;4.16&#8243; custom_padding=&#8220;|||&#8220; global_colors_info=&#8220;{}&#8220; custom_padding__hover=&#8220;|||&#8220;][et_pb_text admin_label=&#8220;Top Destination Title&#8220; _builder_version=&#8220;4.23.1&#8243; _module_preset=&#8220;e32ee8de-59d0-4b1a-8d0c-d656f4dff84a&#8220; text_font=&#8220;||||&#8220; header_text_align=&#8220;left&#8220; header_font_size=&#8220;40px&#8220; header_line_height=&#8220;1.3em&#8220; custom_margin=&#8220;||0px||false|false&#8220; custom_padding=&#8220;||||false|false&#8220; animation_style=&#8220;zoom&#8220; animation_intensity_zoom=&#8220;4%&#8220; locked=&#8220;off&#8220; global_colors_info=&#8220;{}&#8220;]<\/p>\n<h2>Was hat eigentlich die Sonne mit unseren Nordlichtern zu tun?<\/h2>\n<p>[\/et_pb_text][et_pb_divider color=&#8220;#ed4441&#8243; divider_position=&#8220;center&#8220; divider_weight=&#8220;3px&#8220; disabled_on=&#8220;off|off|off&#8220; _builder_version=&#8220;4.16&#8243; max_width=&#8220;150px&#8220; height=&#8220;false&#8220; custom_margin=&#8220;||21px|||&#8220; animation_style=&#8220;slide&#8220; animation_direction=&#8220;top&#8220; animation_delay=&#8220;100ms&#8220; animation_intensity_slide=&#8220;10%&#8220; locked=&#8220;off&#8220; global_colors_info=&#8220;{}&#8220;][\/et_pb_divider][\/et_pb_column][\/et_pb_row][et_pb_row column_structure=&#8220;1_2,1_2&#8243; _builder_version=&#8220;4.27.4&#8243; _module_preset=&#8220;default&#8220; width=&#8220;100%&#8220; global_colors_info=&#8220;{}&#8220;][et_pb_column type=&#8220;1_2&#8243; _builder_version=&#8220;4.27.4&#8243; _module_preset=&#8220;default&#8220; global_colors_info=&#8220;{}&#8220;][et_pb_image src=&#8220;https:\/\/sterneerleben.info\/new\/wp-content\/uploads\/2024\/12\/20221025_125719-Kopie.jpg&#8220; title_text=&#8220;20221025_125719 Kopie&#8220; url=&#8220;https:\/\/sterneerleben.info\/new\/wp-content\/uploads\/2024\/12\/20221025_125719-Kopie.jpg&#8220; _builder_version=&#8220;4.27.4&#8243; _module_preset=&#8220;default&#8220; global_colors_info=&#8220;{}&#8220;][\/et_pb_image][\/et_pb_column][et_pb_column type=&#8220;1_2&#8243; _builder_version=&#8220;4.27.4&#8243; _module_preset=&#8220;default&#8220; global_colors_info=&#8220;{}&#8220;][et_pb_text _builder_version=&#8220;4.27.4&#8243; _module_preset=&#8220;default&#8220; text_font=&#8220;Roboto Condensed||||||||&#8220; text_font_size=&#8220;18px&#8220; text_line_height=&#8220;1.5em&#8220; global_colors_info=&#8220;{}&#8220;]<\/p>\n<p>Um so mehr <strong>Sonnenflecken<\/strong> es hat, um so mehr <strong>Nordlichter<\/strong> k\u00f6nnen wir bestaunnen.<\/p>\n<p><strong>Achtung<\/strong>: <strong>Ihr d\u00fcrft nie ungesch\u00fctzt in die Sonne schauen.<\/strong> Wir werden im Kurs eine so genannte <strong>Sonnenschutzbrille <\/strong>anfertigen. Mit dieser kann man gefahrlos die Sonne beobachten. <strong>Eine gew\u00f6hnliche Sonnenbrille darf auf keinen Fall benutzt werden!<br \/><\/strong><\/p>\n<p>[\/et_pb_text][\/et_pb_column][\/et_pb_row][et_pb_row column_structure=&#8220;1_2,1_2&#8243; _builder_version=&#8220;4.21.0&#8243; _module_preset=&#8220;default&#8220; width=&#8220;auto&#8220; max_width=&#8220;none&#8220; min_height=&#8220;469.5px&#8220; custom_margin=&#8220;-12px|auto|-5px|auto||&#8220; custom_padding=&#8220;||44px|||&#8220; global_colors_info=&#8220;{}&#8220;][et_pb_column type=&#8220;1_2&#8243; _builder_version=&#8220;4.21.0&#8243; _module_preset=&#8220;default&#8220; global_colors_info=&#8220;{}&#8220;][et_pb_image src=&#8220;https:\/\/sterneerleben.info\/new\/wp-content\/uploads\/2023\/05\/nina_leinwand.jpg&#8220; alt=&#8220;Sternkarte SuS&#8220; title_text=&#8220;nina_leinwand&#8220; url=&#8220;https:\/\/sterneerleben.info\/new\/wp-content\/uploads\/2023\/05\/nina_leinwand.jpg&#8220; _builder_version=&#8220;4.27.4&#8243; _module_preset=&#8220;default&#8220; global_colors_info=&#8220;{}&#8220;][\/et_pb_image][\/et_pb_column][et_pb_column type=&#8220;1_2&#8243; _builder_version=&#8220;4.16&#8243; _module_preset=&#8220;default&#8220; global_colors_info=&#8220;{}&#8220;][et_pb_video src=&#8220;https:\/\/vimeo.com\/828423435&#8243; _builder_version=&#8220;4.21.0&#8243; _module_preset=&#8220;default&#8220; custom_padding=&#8220;||0px|||&#8220; global_colors_info=&#8220;{}&#8220;][\/et_pb_video][et_pb_text _builder_version=&#8220;4.27.4&#8243; _module_preset=&#8220;default&#8220; text_font=&#8220;Roboto Condensed||||||||&#8220; text_font_size=&#8220;18px&#8220; text_line_height=&#8220;1.5em&#8220; module_alignment=&#8220;left&#8220; custom_margin=&#8220;-17px||||false|false&#8220; custom_padding=&#8220;0%|0px|0px|0px|false|false&#8220; global_colors_info=&#8220;{}&#8220;]<\/p>\n<p><span style=\"color: #000000;\">Nina hat sowohl im Grundlagen- wie auch im Forsetzungskurs teilgenommen und etliche wundersch\u00f6ne Zeichnungen von Nordlichtern gemacht. Dieses Bild links ist auf Leinwand gemalt. Vielen herzlichen Dank! <\/span><span style=\"color: #000000;\">Wir werden uns im Kurs auch mit diesem faszinierenden Naturph\u00e4nomen auseinandersetzen.<\/span><\/p>\n<p>[\/et_pb_text][\/et_pb_column][\/et_pb_row][\/et_pb_section][et_pb_section fb_built=&#8220;1&#8243; _builder_version=&#8220;4.23&#8243; background_color=&#8220;#FFFFFF&#8220; min_height=&#8220;908px&#8220; custom_margin=&#8220;0px||0px||false|false&#8220; custom_padding=&#8220;0px|7%|0px|7%|false|false&#8220; global_colors_info=&#8220;{}&#8220;][et_pb_row _builder_version=&#8220;4.16&#8243; width=&#8220;100%&#8220; max_width=&#8220;100%&#8220; min_height=&#8220;221.4px&#8220; custom_margin=&#8220;2px|-2px||auto||&#8220; custom_padding=&#8220;||0px|0px||&#8220; global_colors_info=&#8220;{}&#8220;][et_pb_column type=&#8220;4_4&#8243; _builder_version=&#8220;4.16&#8243; custom_padding=&#8220;|||&#8220; global_colors_info=&#8220;{}&#8220; custom_padding__hover=&#8220;|||&#8220;][et_pb_text admin_label=&#8220;Top Destination Title&#8220; _builder_version=&#8220;4.27.4&#8243; _module_preset=&#8220;e32ee8de-59d0-4b1a-8d0c-d656f4dff84a&#8220; text_font=&#8220;||||&#8220; header_text_align=&#8220;left&#8220; header_font_size=&#8220;40px&#8220; header_line_height=&#8220;1.3em&#8220; min_height=&#8220;55px&#8220; custom_margin=&#8220;||-1px|||&#8220; custom_padding=&#8220;||0px|||&#8220; animation_style=&#8220;zoom&#8220; animation_intensity_zoom=&#8220;4%&#8220; locked=&#8220;off&#8220; global_colors_info=&#8220;{}&#8220;]<\/p>\n<h2>Ein Sch\u00fcler*innen-Experiment flog zur Internationalen Raumstation<\/h2>\n<p>[\/et_pb_text][et_pb_divider color=&#8220;#ed4441&#8243; divider_position=&#8220;center&#8220; divider_weight=&#8220;3px&#8220; disabled_on=&#8220;off|off|off&#8220; _builder_version=&#8220;4.16&#8243; max_width=&#8220;150px&#8220; height=&#8220;false&#8220; custom_margin=&#8220;||21px|||&#8220; animation_style=&#8220;slide&#8220; animation_direction=&#8220;top&#8220; animation_delay=&#8220;100ms&#8220; animation_intensity_slide=&#8220;10%&#8220; locked=&#8220;off&#8220; global_colors_info=&#8220;{}&#8220;][\/et_pb_divider][et_pb_text admin_label=&#8220;Top Destination Sub Title&#8220; _builder_version=&#8220;4.27.4&#8243; text_font=&#8220;Roboto||||||||&#8220; text_text_color=&#8220;#1a1a1a&#8220; text_font_size=&#8220;18px&#8220; text_line_height=&#8220;1.5em&#8220; custom_margin=&#8220;||-6px|||&#8220; custom_padding=&#8220;0px||8px|||&#8220; animation_style=&#8220;zoom&#8220; animation_direction=&#8220;top&#8220; animation_delay=&#8220;200ms&#8220; animation_intensity_zoom=&#8220;4%&#8220; locked=&#8220;off&#8220; global_colors_info=&#8220;{}&#8220;]<\/p>\n<p>Das h\u00e4tten sich <span style=\"color: #000000;\">Carmen, Elia, Theo und Jorina <\/span>noch vor kurzem kaum zu tr\u00e4umen gewagt, dass ein Experiment von ihnen mit einer Rakete zur Internationalen Raumstation (ISS) fliegen w\u00fcrde. Aber es wurde wahr!<\/p>\n<p>[\/et_pb_text][\/et_pb_column][\/et_pb_row][et_pb_row column_structure=&#8220;2_5,3_5&#8243; _builder_version=&#8220;4.16&#8243; _module_preset=&#8220;default&#8220; width=&#8220;100%&#8220; max_width=&#8220;2543px&#8220; custom_padding=&#8220;||17px|||&#8220; global_colors_info=&#8220;{}&#8220;][et_pb_column type=&#8220;2_5&#8243; _builder_version=&#8220;4.16&#8243; _module_preset=&#8220;default&#8220; global_colors_info=&#8220;{}&#8220;][et_pb_image src=&#8220;https:\/\/sterneerleben.info\/new\/wp-content\/uploads\/2021\/05\/code4space_org_siegerinnen.jpg&#8220; title_text=&#8220;code4space_org_siegerinnen&#8220; url=&#8220;https:\/\/sterneerleben.info\/new\/wp-content\/uploads\/2021\/05\/code4space_org_siegerinnen.jpg&#8220; _builder_version=&#8220;4.27.4&#8243; _module_preset=&#8220;default&#8220; custom_margin=&#8220;||11px|||&#8220; global_colors_info=&#8220;{}&#8220;][\/et_pb_image][et_pb_text _builder_version=&#8220;4.21.0&#8243; _module_preset=&#8220;default&#8220; text_font=&#8220;Roboto Condensed||||||||&#8220; text_text_color=&#8220;#8300E9&#8243; text_font_size=&#8220;16px&#8220; global_colors_info=&#8220;{}&#8220;]<span style=\"color: #000000;\">Was mit dem <strong>Calliope mini<\/strong> und vor allem mit <strong>Ausdauer und Teamgeist<\/strong> zu erreichen ist, haben k\u00fcrzlich die <strong>Astronuts<\/strong> aus Willisau bewiesen. Carmen Heller, Elia Isenschmid, Theo Koller, Jorina Wyss mit der Lehrerin Franziska Sch\u00e4r haben am internationalen Wettbewerb <a href=\"https:\/\/code4space.org\/\" target=\"_blank\" rel=\"noopener\"><em>&gt; Code4Space<\/em><\/a> mitgemacht und gewonnen. Das von ihnen entwickelte Calliope-mini-Experiment flog letztes Jahr zur internationalen Weltraumstation ISS. Unglaublich! Die Astronautin <strong>Samantha Cristoforetti<\/strong> hat dann im Weltraum das Experiment der Astronuts durchf\u00fchrt (siehe Film rechts). <a href=\"https:\/\/code4space.be\" target=\"_blank\" rel=\"noopener\">&gt; Hier<\/a> kannst du mehr \u00fcber dieses faszinierende Projekt erfahren!<br \/>\n<\/span>[\/et_pb_text][\/et_pb_column][et_pb_column type=&#8220;3_5&#8243; _builder_version=&#8220;4.16&#8243; _module_preset=&#8220;default&#8220; global_colors_info=&#8220;{}&#8220;][et_pb_video src=&#8220;https:\/\/vimeo.com\/822535534?share=copy&#8220; _builder_version=&#8220;4.21.0&#8243; _module_preset=&#8220;default&#8220; min_height=&#8220;567px&#8220; custom_padding=&#8220;0px|||||&#8220; global_colors_info=&#8220;{}&#8220;][\/et_pb_video][\/et_pb_column][\/et_pb_row][\/et_pb_section][et_pb_section fb_built=&#8220;1&#8243; _builder_version=&#8220;4.23&#8243; background_color=&#8220;#FFFFFF&#8220; min_height=&#8220;712.1px&#8220; custom_margin=&#8220;0px||0px||false|false&#8220; custom_padding=&#8220;64px|7%|14px|7%|false|false&#8220; global_colors_info=&#8220;{}&#8220;][et_pb_row _builder_version=&#8220;4.16&#8243; width=&#8220;100%&#8220; max_width=&#8220;100%&#8220; custom_margin=&#8220;-33px|-2px||auto||&#8220; custom_padding=&#8220;||0px|0px||&#8220; global_colors_info=&#8220;{}&#8220;][et_pb_column type=&#8220;4_4&#8243; _builder_version=&#8220;4.16&#8243; custom_padding=&#8220;|||&#8220; global_colors_info=&#8220;{}&#8220; custom_padding__hover=&#8220;|||&#8220;][et_pb_text admin_label=&#8220;Top Destination Title&#8220; _builder_version=&#8220;4.23.1&#8243; _module_preset=&#8220;e32ee8de-59d0-4b1a-8d0c-d656f4dff84a&#8220; text_font=&#8220;||||&#8220; header_text_align=&#8220;left&#8220; header_font_size=&#8220;40px&#8220; header_line_height=&#8220;1.3em&#8220; custom_margin=&#8220;||-4px||false|false&#8220; custom_padding=&#8220;||||false|false&#8220; animation_style=&#8220;zoom&#8220; animation_intensity_zoom=&#8220;4%&#8220; locked=&#8220;off&#8220; global_colors_info=&#8220;{}&#8220;]<\/p>\n<h2>Eine Raumsonde landete auf dem Kometen Tschuri! (2. Teil)<\/h2>\n<p>[\/et_pb_text][et_pb_divider color=&#8220;#ed4441&#8243; divider_position=&#8220;center&#8220; divider_weight=&#8220;3px&#8220; disabled_on=&#8220;off|off|off&#8220; _builder_version=&#8220;4.16&#8243; max_width=&#8220;150px&#8220; height=&#8220;false&#8220; custom_margin=&#8220;||21px|||&#8220; animation_style=&#8220;slide&#8220; animation_direction=&#8220;top&#8220; animation_delay=&#8220;100ms&#8220; animation_intensity_slide=&#8220;10%&#8220; locked=&#8220;off&#8220; global_colors_info=&#8220;{}&#8220;][\/et_pb_divider][et_pb_text admin_label=&#8220;Top Destination Sub Title&#8220; _builder_version=&#8220;4.23.1&#8243; text_font=&#8220;Roboto||||||||&#8220; text_text_color=&#8220;#1a1a1a&#8220; text_font_size=&#8220;18px&#8220; text_line_height=&#8220;1.5em&#8220; custom_padding=&#8220;0px||8px|||&#8220; animation_style=&#8220;zoom&#8220; animation_direction=&#8220;top&#8220; animation_delay=&#8220;200ms&#8220; animation_intensity_zoom=&#8220;4%&#8220; locked=&#8220;off&#8220; global_colors_info=&#8220;{}&#8220;]<\/p>\n<p>Die <strong>Weltraumfahrt und der Schwerelosigkeit<\/strong> werden auch in diesem Kurs besprochen. Die sensationelle Ladung der Raumsonde <strong>Philae<\/strong> auf dem Kometen <strong>Tschuri<\/strong> werden wir noch genauer anschauen. Auch Filmausschnitte \u00fcber die gegl\u00fcckte <strong>Rettung der Apollo-13-Crew<\/strong> werden wir sehen.<\/p>\n<p>[\/et_pb_text][\/et_pb_column][\/et_pb_row][et_pb_row column_structure=&#8220;1_2,1_2&#8243; _builder_version=&#8220;4.23.1&#8243; _module_preset=&#8220;default&#8220; width=&#8220;auto&#8220; max_width=&#8220;none&#8220; custom_padding=&#8220;||27px|||&#8220; global_colors_info=&#8220;{}&#8220;][et_pb_column type=&#8220;1_2&#8243; _builder_version=&#8220;4.21.0&#8243; _module_preset=&#8220;default&#8220; global_colors_info=&#8220;{}&#8220;][et_pb_image src=&#8220;https:\/\/sterneerleben.info\/new\/wp-content\/uploads\/2023\/05\/20221020_171236_221017f_flims-scaled.jpg&#8220; alt=&#8220;philae&#8220; title_text=&#8220;20221020_171236_221017f_flims&#8220; url=&#8220;https:\/\/sterneerleben.info\/new\/wp-content\/uploads\/2023\/05\/20221020_171236_221017f_flims-scaled.jpg&#8220; _builder_version=&#8220;4.27.4&#8243; _module_preset=&#8220;default&#8220; custom_padding=&#8220;|0px||||&#8220; global_colors_info=&#8220;{}&#8220;][\/et_pb_image][\/et_pb_column][et_pb_column type=&#8220;1_2&#8243; _builder_version=&#8220;4.16&#8243; _module_preset=&#8220;default&#8220; global_colors_info=&#8220;{}&#8220;][et_pb_image src=&#8220;https:\/\/sterneerleben.info\/new\/wp-content\/uploads\/2022\/06\/tschury_los_angeles.jpg&#8220; alt=&#8220;Tscuri Los Angeles&#8220; title_text=&#8220;Tscuri Los Angeles&#8220; url=&#8220;https:\/\/sterneerleben.info\/new\/wp-content\/uploads\/2022\/06\/tschury_los_angeles.jpg&#8220; _builder_version=&#8220;4.27.4&#8243; _module_preset=&#8220;default&#8220; global_colors_info=&#8220;{}&#8220;][\/et_pb_image][\/et_pb_column][\/et_pb_row][et_pb_row _builder_version=&#8220;4.21.0&#8243; _module_preset=&#8220;default&#8220; width=&#8220;100%&#8220; max_width=&#8220;100%&#8220; module_alignment=&#8220;left&#8220; min_height=&#8220;81px&#8220; custom_padding=&#8220;4px||1px|||&#8220; global_colors_info=&#8220;{}&#8220;][et_pb_column type=&#8220;4_4&#8243; _builder_version=&#8220;4.21.0&#8243; _module_preset=&#8220;default&#8220; global_colors_info=&#8220;{}&#8220;][et_pb_text _builder_version=&#8220;4.23.1&#8243; _module_preset=&#8220;default&#8220; text_font=&#8220;Roboto Condensed||||||||&#8220; text_font_size=&#8220;16px&#8220; width=&#8220;100%&#8220; global_colors_info=&#8220;{}&#8220;]<\/p>\n<p><span style=\"color: #000000;\">Die Berner Physikerin Kathrin Altwegg und ihr Team haben das wichtige Experiment <em>Rosina<\/em> auf der Kometenmission <strong><em>Rosetta<\/em> <\/strong>gebaut und durchgef\u00fchrt. Nach \u00fcber 10 j\u00e4hriger Reise ist die Raumsonde <em><strong>Rosetta<\/strong> <\/em>2014 beim Kometen Tschuri angekommen und ihr kleiner Begleiter <em><strong>Philae<\/strong> <\/em>ist auf dem Kometen gelandet. <strong>Auf diesem Kometen w\u00fcrdest du nur rund 2 Gramm schwer sein! <\/strong>Vielleicht hast du Lust, im Kurs ein Modell von Philae zu bauen oder einfach mehr \u00fcber diese spannende Mission zu erfahren?<br \/><\/span><\/p>\n<p>[\/et_pb_text][\/et_pb_column][\/et_pb_row][\/et_pb_section][et_pb_section fb_built=&#8220;1&#8243; _builder_version=&#8220;4.23&#8243; background_color=&#8220;#FFFFFF&#8220; custom_margin=&#8220;0px||0px||false|false&#8220; custom_padding=&#8220;0px|7%|0px|7%|false|false&#8220; global_colors_info=&#8220;{}&#8220;][et_pb_row _builder_version=&#8220;4.16&#8243; width=&#8220;100%&#8220; max_width=&#8220;100%&#8220; custom_margin=&#8220;0px|-2px|-18px|auto||&#8220; custom_padding=&#8220;||0px|0px||&#8220; global_colors_info=&#8220;{}&#8220;][et_pb_column type=&#8220;4_4&#8243; _builder_version=&#8220;4.16&#8243; custom_padding=&#8220;|||&#8220; global_colors_info=&#8220;{}&#8220; custom_padding__hover=&#8220;|||&#8220;][et_pb_text admin_label=&#8220;Top Destination Title&#8220; _builder_version=&#8220;4.27.4&#8243; _module_preset=&#8220;e32ee8de-59d0-4b1a-8d0c-d656f4dff84a&#8220; text_font=&#8220;||||&#8220; header_text_align=&#8220;left&#8220; header_font_size=&#8220;40px&#8220; header_line_height=&#8220;1.3em&#8220; custom_margin=&#8220;||1px||false|false&#8220; custom_padding=&#8220;||||false|false&#8220; animation_style=&#8220;zoom&#8220; animation_intensity_zoom=&#8220;4%&#8220; locked=&#8220;off&#8220; global_colors_info=&#8220;{}&#8220;]<\/p>\n<h2>Extraf\u00fchrung in der Sternwarte in Falera nur f\u00fcr uns!<\/h2>\n<p>[\/et_pb_text][et_pb_divider color=&#8220;#ed4441&#8243; divider_position=&#8220;center&#8220; divider_weight=&#8220;3px&#8220; disabled_on=&#8220;off|off|off&#8220; _builder_version=&#8220;4.16&#8243; max_width=&#8220;150px&#8220; height=&#8220;false&#8220; custom_margin=&#8220;||21px|||&#8220; animation_style=&#8220;slide&#8220; animation_direction=&#8220;top&#8220; animation_delay=&#8220;100ms&#8220; animation_intensity_slide=&#8220;10%&#8220; locked=&#8220;off&#8220; global_colors_info=&#8220;{}&#8220;][\/et_pb_divider][\/et_pb_column][\/et_pb_row][et_pb_row column_structure=&#8220;1_2,1_2&#8243; _builder_version=&#8220;4.16&#8243; _module_preset=&#8220;default&#8220; width=&#8220;100%&#8220; max_width=&#8220;100%&#8220; custom_margin=&#8220;-13px|auto||auto||&#8220; global_colors_info=&#8220;{}&#8220;][et_pb_column type=&#8220;1_2&#8243; _builder_version=&#8220;4.16&#8243; _module_preset=&#8220;default&#8220; global_colors_info=&#8220;{}&#8220;][et_pb_image src=&#8220;https:\/\/sterneerleben.info\/new\/wp-content\/uploads\/2024\/12\/20241007_210305-scaled.jpg&#8220; alt=&#8220;fernrohr astromedia&#8220; title_text=&#8220;20241007_210305&#8243; url=&#8220;https:\/\/sterneerleben.info\/new\/wp-content\/uploads\/2024\/12\/20241007_210305-scaled.jpg&#8220; _builder_version=&#8220;4.27.4&#8243; _module_preset=&#8220;default&#8220; custom_margin=&#8220;-1px|||||&#8220; global_colors_info=&#8220;{}&#8220;][\/et_pb_image][\/et_pb_column][et_pb_column type=&#8220;1_2&#8243; _builder_version=&#8220;4.16&#8243; _module_preset=&#8220;default&#8220; global_colors_info=&#8220;{}&#8220;][et_pb_text _builder_version=&#8220;4.27.4&#8243; _module_preset=&#8220;default&#8220; text_font=&#8220;Roboto Condensed||||||||&#8220; text_text_color=&#8220;#000000&#8243; text_font_size=&#8220;18px&#8220; global_colors_info=&#8220;{}&#8220;]<\/p>\n<p>Am 09. Oktober 2025 d\u00fcrfen wir an einer <strong>F\u00fchrung<\/strong> in der <strong>Sternwarte <em>Mirasteilas <\/em><\/strong>teilnehmen. Dieser Anlass ist immer etwas sehr Spezielles, zum einen, weil die Sternwarteleute immer viel Spannendes zum Erz\u00e4hlen haben und zum anderen, da ihr durch das zweitgr\u00f6sste, \u00f6ffentlich zug\u00e4ngliche Teleskop der Schweiz schauen k\u00f6nnt. Vorher besuchen wir\u00a0 noch den Steinkalender <strong><em>Parc La Mutta<\/em><\/strong> und br\u00e4teln zusammen unser Nachtessen.<\/p>\n<p><strong>Um 22:00 Uhr sind wir dann auf dem Parkplatz in Falera zum Abholen bereit.<\/strong><\/p>\n<p>[\/et_pb_text][\/et_pb_column][\/et_pb_row][\/et_pb_section][et_pb_section fb_built=&#8220;1&#8243; _builder_version=&#8220;4.23&#8243; background_color=&#8220;#FFFFFF&#8220; custom_margin=&#8220;0px||0px||false|false&#8220; custom_padding=&#8220;0px|7%|0px|7%|false|false&#8220; locked=&#8220;off&#8220; global_colors_info=&#8220;{}&#8220;][et_pb_row _builder_version=&#8220;4.23.1&#8243; width=&#8220;100%&#8220; max_width=&#8220;100%&#8220; custom_margin=&#8220;0px|-2px|-14px|auto||&#8220; custom_padding=&#8220;3px||0px|0px||&#8220; global_colors_info=&#8220;{}&#8220;][et_pb_column type=&#8220;4_4&#8243; _builder_version=&#8220;4.16&#8243; custom_padding=&#8220;|||&#8220; global_colors_info=&#8220;{}&#8220; custom_padding__hover=&#8220;|||&#8220;][et_pb_text admin_label=&#8220;Top Destination Title&#8220; _builder_version=&#8220;4.27.4&#8243; _module_preset=&#8220;e32ee8de-59d0-4b1a-8d0c-d656f4dff84a&#8220; text_font=&#8220;||||&#8220; header_text_align=&#8220;left&#8220; header_font_size=&#8220;40px&#8220; header_line_height=&#8220;1.3em&#8220; custom_margin=&#8220;||1px|||&#8220; custom_padding=&#8220;||2px|||&#8220; animation_style=&#8220;zoom&#8220; animation_intensity_zoom=&#8220;4%&#8220; locked=&#8220;off&#8220; global_colors_info=&#8220;{}&#8220;]<\/p>\n<h2>Claude Nicollier &#8211; der einzige Schweizer Astronaut &#8211; wird uns besuchen!<\/h2>\n<p>[\/et_pb_text][et_pb_divider color=&#8220;#ed4441&#8243; divider_position=&#8220;center&#8220; divider_weight=&#8220;3px&#8220; disabled_on=&#8220;off|off|off&#8220; _builder_version=&#8220;4.16&#8243; max_width=&#8220;150px&#8220; height=&#8220;false&#8220; custom_margin=&#8220;||21px|||&#8220; animation_style=&#8220;slide&#8220; animation_direction=&#8220;top&#8220; animation_delay=&#8220;100ms&#8220; animation_intensity_slide=&#8220;10%&#8220; locked=&#8220;off&#8220; global_colors_info=&#8220;{}&#8220;][\/et_pb_divider][\/et_pb_column][\/et_pb_row][et_pb_row column_structure=&#8220;1_2,1_2&#8243; _builder_version=&#8220;4.16&#8243; _module_preset=&#8220;default&#8220; width=&#8220;100%&#8220; max_width=&#8220;100%&#8220; custom_padding=&#8220;2px|||||&#8220; global_colors_info=&#8220;{}&#8220;][et_pb_column type=&#8220;1_2&#8243; _builder_version=&#8220;4.16&#8243; _module_preset=&#8220;default&#8220; global_colors_info=&#8220;{}&#8220;][et_pb_image src=&#8220;https:\/\/sterneerleben.info\/new\/wp-content\/uploads\/2024\/12\/Claude_Nicollier_repairing_Hubble.jpg&#8220; title_text=&#8220;Claude_Nicollier_repairing_Hubble&#8220; url=&#8220;https:\/\/sterneerleben.info\/new\/wp-content\/uploads\/2024\/12\/Claude_Nicollier_repairing_Hubble.jpg&#8220; _builder_version=&#8220;4.27.4&#8243; _module_preset=&#8220;default&#8220; custom_margin=&#8220;||6px|||&#8220; global_colors_info=&#8220;{}&#8220;][\/et_pb_image][et_pb_text _builder_version=&#8220;4.27.4&#8243; _module_preset=&#8220;default&#8220; text_font=&#8220;Roboto Condensed||||||||&#8220; global_colors_info=&#8220;{}&#8220;]<\/p>\n<p><span style=\"color: #000000;\">Claude Nicollier war vier Mal im Weltall, vor allem als Experte f\u00fcr das Hubble-Weltraumteleskop [Bild: ESA].<br \/><\/span><\/p>\n<p>[\/et_pb_text][et_pb_image src=&#8220;https:\/\/sterneerleben.info\/new\/wp-content\/uploads\/2024\/12\/EURECA_verkehrshaus-Kopie.jpg&#8220; title_text=&#8220;EURECA_verkehrshaus Kopie&#8220; url=&#8220;https:\/\/sterneerleben.info\/new\/wp-content\/uploads\/2024\/12\/EURECA_verkehrshaus-Kopie.jpg&#8220; _builder_version=&#8220;4.27.4&#8243; _module_preset=&#8220;default&#8220; custom_margin=&#8220;||6px|||&#8220; global_colors_info=&#8220;{}&#8220;][\/et_pb_image][\/et_pb_column][et_pb_column type=&#8220;1_2&#8243; _builder_version=&#8220;4.16&#8243; _module_preset=&#8220;default&#8220; global_colors_info=&#8220;{}&#8220;][et_pb_image src=&#8220;https:\/\/sterneerleben.info\/new\/wp-content\/uploads\/2024\/12\/20240124_nicollier_fotomontage-scaled.jpg&#8220; title_text=&#8220;20240124_nicollier_fotomontage&#8220; url=&#8220;https:\/\/sterneerleben.info\/new\/wp-content\/uploads\/2024\/12\/20240124_nicollier_fotomontage-scaled.jpg&#8220; _builder_version=&#8220;4.27.4&#8243; _module_preset=&#8220;default&#8220; custom_margin=&#8220;||9px|||&#8220; global_colors_info=&#8220;{}&#8220;][\/et_pb_image][et_pb_text _builder_version=&#8220;4.27.4&#8243; _module_preset=&#8220;default&#8220; text_font=&#8220;Roboto Condensed||||||||&#8220; text_text_color=&#8220;#000000&#8243; global_colors_info=&#8220;{}&#8220;]<\/p>\n<p>Claude Nicollier anl\u00e4sslich des Vortrages <em>Eindr\u00fccke aus dem Weltall<\/em> in D\u00fcbendorf am 24.01.2024 [Bild: hh].<\/p>\n<p>[\/et_pb_text][et_pb_text _builder_version=&#8220;4.27.4&#8243; _module_preset=&#8220;default&#8220; text_font=&#8220;Roboto Condensed||||||||&#8220; text_font_size=&#8220;18px&#8220; hover_enabled=&#8220;0&#8243; global_colors_info=&#8220;{}&#8220; sticky_enabled=&#8220;0&#8243;]<\/p>\n<p><span style=\"color: #000000;\"><\/span><\/p>\n<p><span style=\"color: #000000;\">Unglaublich, aber Claude Nicollier hat zugesagt, dass er am <strong>Montag, 06. Oktober 2025 um 19:30 Uhr in die Eventhalle<\/strong> kommen wird. Der Vortrag <strong>&#8222;Eindr\u00fccke aus dem Weltraum&#8220;<\/strong> ist gratis und \u00f6ffentlich, d.h. ihr k\u00f6nnt mitnehmen, wen ihr wollt.<\/span><\/p>\n<p><span style=\"color: #000000;\"><strong>Claude Nicollier war vier Mal mit dem Space-Shuttle im Weltall<\/strong>. Zwei Mal hat er das <strong>Hubble-Weltraum-Teleskop<\/strong> gewartet und einmal hat er die Experimente-Plattform <strong>EURECA<\/strong> (Satellit) ausgesetzt. Ein Jahr sp\u00e4ter wurde EURECA wieder eingefangen und auf die Erde zur\u00fcckgebracht, um die Experimente auszuwerten. Aus finanziellen Gr\u00fcnden blieb EURECA danach auf der Erde und kann nun im Verkehrshaus Luzern besichtigt werden [Bild links: hh].<br \/><\/span><\/p>\n<p>[\/et_pb_text][\/et_pb_column][\/et_pb_row][\/et_pb_section][et_pb_section fb_built=&#8220;1&#8243; _builder_version=&#8220;4.23&#8243; background_color=&#8220;#FFFFFF&#8220; custom_margin=&#8220;0px||0px||false|false&#8220; custom_padding=&#8220;0px|7%|0px|7%|false|false&#8220; global_colors_info=&#8220;{}&#8220;][et_pb_row _builder_version=&#8220;4.16&#8243; width=&#8220;100%&#8220; max_width=&#8220;100%&#8220; custom_margin=&#8220;0px|0px||auto|false|false&#8220; custom_padding=&#8220;||0px|0px||&#8220; global_colors_info=&#8220;{}&#8220;][et_pb_column type=&#8220;4_4&#8243; _builder_version=&#8220;4.16&#8243; custom_padding=&#8220;|||&#8220; global_colors_info=&#8220;{}&#8220; custom_padding__hover=&#8220;|||&#8220;][et_pb_text admin_label=&#8220;Top Destination Title&#8220; _builder_version=&#8220;4.23.1&#8243; _module_preset=&#8220;e32ee8de-59d0-4b1a-8d0c-d656f4dff84a&#8220; text_font=&#8220;||||&#8220; header_text_align=&#8220;left&#8220; header_font_size=&#8220;40px&#8220; header_line_height=&#8220;1.3em&#8220; custom_margin=&#8220;||-1px||false|false&#8220; custom_padding=&#8220;||||false|false&#8220; animation_style=&#8220;zoom&#8220; animation_intensity_zoom=&#8220;4%&#8220; locked=&#8220;off&#8220; global_colors_info=&#8220;{}&#8220;]<\/p>\n<h2>Wer wir sind<\/h2>\n<p>[\/et_pb_text][et_pb_divider color=&#8220;#ed4441&#8243; divider_position=&#8220;center&#8220; divider_weight=&#8220;3px&#8220; disabled_on=&#8220;off|off|off&#8220; _builder_version=&#8220;4.16&#8243; max_width=&#8220;150px&#8220; height=&#8220;false&#8220; custom_margin=&#8220;||21px|||&#8220; animation_style=&#8220;slide&#8220; animation_direction=&#8220;top&#8220; animation_delay=&#8220;100ms&#8220; animation_intensity_slide=&#8220;10%&#8220; locked=&#8220;off&#8220; global_colors_info=&#8220;{}&#8220;][\/et_pb_divider][\/et_pb_column][\/et_pb_row][et_pb_row column_structure=&#8220;1_4,1_4,1_4,1_4&#8243; _builder_version=&#8220;4.16&#8243; _module_preset=&#8220;default&#8220; width=&#8220;100%&#8220; max_width=&#8220;100%&#8220; custom_padding=&#8220;5px||0px|||&#8220; global_colors_info=&#8220;{}&#8220;][et_pb_column type=&#8220;1_4&#8243; _builder_version=&#8220;4.16&#8243; _module_preset=&#8220;default&#8220; global_colors_info=&#8220;{}&#8220;][et_pb_image src=&#8220;https:\/\/sterneerleben.info\/new\/wp-content\/uploads\/2022\/06\/2021_3zu2.jpg&#8220; alt=&#8220;Heinz&#8220; title_text=&#8220;Heinz&#8220; _builder_version=&#8220;4.23.1&#8243; _module_preset=&#8220;default&#8220; custom_margin=&#8220;||-1px|||&#8220; global_colors_info=&#8220;{}&#8220;][\/et_pb_image][et_pb_text _builder_version=&#8220;4.16&#8243; _module_preset=&#8220;default&#8220; text_font=&#8220;Roboto Condensed||||||||&#8220; text_text_color=&#8220;#000000&#8243; custom_padding=&#8220;5%|3%|5%|3%|true|true&#8220; global_colors_info=&#8220;{}&#8220;]<\/p>\n<p><strong>Heinz Hofer<\/strong><\/p>\n<p>Ich bin seit der 3. Klasse fasziniert von den Ph\u00e4nomenen des Nachthimmels.<\/p>\n<p>[\/et_pb_text][\/et_pb_column][et_pb_column type=&#8220;1_4&#8243; _builder_version=&#8220;4.16&#8243; _module_preset=&#8220;default&#8220; global_colors_info=&#8220;{}&#8220;][et_pb_image src=&#8220;https:\/\/sterneerleben.info\/new\/wp-content\/uploads\/2024\/09\/andres_evelyne_red.jpg&#8220; alt=&#8220;evelyne andres&#8220; title_text=&#8220;andres_evelyne_red&#8220; _builder_version=&#8220;4.27.4&#8243; _module_preset=&#8220;default&#8220; custom_margin=&#8220;||-5px|||&#8220; global_colors_info=&#8220;{}&#8220;][\/et_pb_image][et_pb_text _builder_version=&#8220;4.27.4&#8243; _module_preset=&#8220;default&#8220; text_font=&#8220;Roboto Condensed||||||||&#8220; text_text_color=&#8220;#000000&#8243; custom_margin=&#8220;4px|||||&#8220; custom_padding=&#8220;5%|3%|5%|3%|true|true&#8220; global_colors_info=&#8220;{}&#8220;]<\/p>\n<p><strong>Evelyne Andres<br \/><\/strong><\/p>\n<p><span><span style=\"color: #000000; font-family: 'Roboto Condensed', Helvetica, Arial, Lucida, sans-serif; font-size: 14px; font-style: normal; font-variant-ligatures: normal; font-variant-caps: normal; font-weight: 500; letter-spacing: normal; orphans: 2; text-align: left; text-indent: 0px; text-transform: none; widows: 2; word-spacing: 0px; -webkit-text-stroke-width: 0px; white-space: normal; background-color: #ffffff; text-decoration-thickness: initial; text-decoration-style: initial; text-decoration-color: initial; display: inline !important; float: none;\">Sonne, Mond und Sterne hab ich einfach sehr, sehr gerne. Ich finde es unfassbar beeindruckend, was sich am Himmel tut, sobald die Sonne untergegangen ist.<br \/><\/span><\/span><\/p>\n<p>[\/et_pb_text][\/et_pb_column][et_pb_column type=&#8220;1_4&#8243; _builder_version=&#8220;4.16&#8243; _module_preset=&#8220;default&#8220; global_colors_info=&#8220;{}&#8220;][et_pb_image src=&#8220;https:\/\/sterneerleben.info\/new\/wp-content\/uploads\/2023\/11\/portrait_elisabeth_II.jpg&#8220; alt=&#8220;Elisabeth&#8220; title_text=&#8220;Elisabeth&#8220; _builder_version=&#8220;4.23.1&#8243; _module_preset=&#8220;default&#8220; custom_margin=&#8220;||0px||false|false&#8220; global_colors_info=&#8220;{}&#8220;][\/et_pb_image][et_pb_text _builder_version=&#8220;4.27.4&#8243; _module_preset=&#8220;default&#8220; text_font=&#8220;Roboto Condensed||||||||&#8220; text_text_color=&#8220;#000000&#8243; custom_padding=&#8220;5%|3%|5%|3%|true|true&#8220; global_colors_info=&#8220;{}&#8220;]<\/p>\n<p><strong>Elisabeth Jahnke<\/strong><\/p>\n<p><span style=\"color: #000000; font-family: 'Roboto Condensed', Helvetica, Arial, Lucida, sans-serif; font-size: 14px; font-style: normal; font-variant-ligatures: normal; font-variant-caps: normal; font-weight: 500; letter-spacing: normal; orphans: 2; text-align: left; text-indent: 0px; text-transform: none; widows: 2; word-spacing: 0px; -webkit-text-stroke-width: 0px; white-space: normal; background-color: #ffffff; text-decoration-thickness: initial; text-decoration-style: initial; text-decoration-color: initial; display: inline !important; float: none;\">Von klein auf faszinieren mich Sterne, Mond und Planeten. Ich freue mich darauf, mit dir den Nachthimmel zu erforschen!<\/span><\/p>\n<p>[\/et_pb_text][\/et_pb_column][et_pb_column type=&#8220;1_4&#8243; _builder_version=&#8220;4.16&#8243; _module_preset=&#8220;default&#8220; global_colors_info=&#8220;{}&#8220;][et_pb_image src=&#8220;https:\/\/sterneerleben.info\/new\/wp-content\/uploads\/2021\/06\/portrait_ruth.jpg&#8220; alt=&#8220;Ruth&#8220; title_text=&#8220;Ruth&#8220; _builder_version=&#8220;4.23.1&#8243; _module_preset=&#8220;default&#8220; custom_margin=&#8220;||-6px|||&#8220; global_colors_info=&#8220;{}&#8220;][\/et_pb_image][et_pb_text _builder_version=&#8220;4.27.4&#8243; _module_preset=&#8220;default&#8220; text_font=&#8220;Roboto Condensed||||||||&#8220; text_text_color=&#8220;#000000&#8243; min_height=&#8220;140.7px&#8220; custom_padding=&#8220;5%||5%|3%|true|false&#8220; global_colors_info=&#8220;{}&#8220;]<\/p>\n<p><strong>Ruth Hofer<\/strong><\/p>\n<p><span><span style=\"color: #000000; font-family: 'Roboto Condensed', Helvetica, Arial, Lucida, sans-serif; font-size: 14px; font-style: normal; font-variant-ligatures: normal; font-variant-caps: normal; font-weight: 500; letter-spacing: normal; orphans: 2; text-align: left; text-indent: 0px; text-transform: none; widows: 2; word-spacing: 0px; -webkit-text-stroke-width: 0px; white-space: normal; background-color: #ffffff; text-decoration-thickness: initial; text-decoration-style: initial; text-decoration-color: initial; display: inline !important; float: none;\">Mit meinen Dritt- und Viertkl\u00e4ssler*innen erlebte ich immer wieder wundersch\u00f6ne Sternstunden. Dies w\u00fcnsche ich euch auch in eurem Kurs.<\/span><\/span><\/p>\n<p>[\/et_pb_text][\/et_pb_column][\/et_pb_row][et_pb_row column_structure=&#8220;1_4,1_4,1_4,1_4&#8243; _builder_version=&#8220;4.16&#8243; _module_preset=&#8220;default&#8220; width=&#8220;100%&#8220; max_width=&#8220;100%&#8220; custom_padding=&#8220;||1px|||&#8220; global_colors_info=&#8220;{}&#8220;][et_pb_column type=&#8220;1_4&#8243; _builder_version=&#8220;4.16&#8243; _module_preset=&#8220;default&#8220; global_colors_info=&#8220;{}&#8220;][et_pb_image src=&#8220;https:\/\/sterneerleben.info\/new\/wp-content\/uploads\/2024\/10\/Philipp-Keil-Kopie-scaled.jpg&#8220; alt=&#8220;Pascale&#8220; title_text=&#8220;Philipp Keil Kopie&#8220; _builder_version=&#8220;4.27.0&#8243; _module_preset=&#8220;default&#8220; custom_margin=&#8220;||-5px|||&#8220; global_colors_info=&#8220;{}&#8220;][\/et_pb_image][et_pb_text _builder_version=&#8220;4.27.4&#8243; _module_preset=&#8220;default&#8220; text_font=&#8220;Roboto Condensed||||||||&#8220; text_text_color=&#8220;#000000&#8243; custom_padding=&#8220;5%|3%|5%|3%|true|true&#8220; global_colors_info=&#8220;{}&#8220;]<\/p>\n<p><strong>Philipp Keil (wird dieses Jahr nicht dabei sein)<\/strong><\/p>\n<p><span style=\"color: #000000; font-family: 'Roboto Condensed', Helvetica, Arial, Lucida, sans-serif; font-size: 14px; font-style: normal; font-variant-ligatures: normal; font-variant-caps: normal; font-weight: 500; letter-spacing: normal; orphans: 2; text-align: left; text-indent: 0px; text-transform: none; widows: 2; word-spacing: 0px; -webkit-text-stroke-width: 0px; white-space: normal; background-color: #ffffff; text-decoration-thickness: initial; text-decoration-style: initial; text-decoration-color: initial; display: inline !important; float: none;\">Als Sch\u00fcler und Student habe ich den Nacht- und Sternenhimmel kennengelernt. Fast 20 Jahre sp\u00e4ter bin ich immer noch fasziniert.<\/span><\/p>\n<p>[\/et_pb_text][\/et_pb_column][et_pb_column type=&#8220;1_4&#8243; _builder_version=&#8220;4.16&#8243; _module_preset=&#8220;default&#8220; global_colors_info=&#8220;{}&#8220;][et_pb_image src=&#8220;https:\/\/sterneerleben.info\/new\/wp-content\/uploads\/2023\/09\/pascale-Kopie.jpg&#8220; alt=&#8220;Pascale&#8220; title_text=&#8220;Pascale&#8220; _builder_version=&#8220;4.27.4&#8243; _module_preset=&#8220;default&#8220; custom_margin=&#8220;||-5px|||&#8220; global_colors_info=&#8220;{}&#8220;][\/et_pb_image][et_pb_text _builder_version=&#8220;4.27.4&#8243; _module_preset=&#8220;default&#8220; text_font=&#8220;Roboto Condensed||||||||&#8220; text_text_color=&#8220;#000000&#8243; custom_margin=&#8220;4px|||||&#8220; custom_padding=&#8220;5%|3%|5%|3%|true|true&#8220; global_colors_info=&#8220;{}&#8220;]<\/p>\n<p><strong>Pascale Kohler (wird dieses Jahr nicht dabei sein)<\/strong><\/p>\n<p><span><span style=\"color: #000000; font-family: 'Roboto Condensed', Helvetica, Arial, Lucida, sans-serif; font-size: 14px; font-style: normal; font-variant-ligatures: normal; font-variant-caps: normal; font-weight: 500; letter-spacing: normal; orphans: 2; text-align: left; text-indent: 0px; text-transform: none; widows: 2; word-spacing: 0px; -webkit-text-stroke-width: 0px; white-space: normal; background-color: #ffffff; text-decoration-thickness: initial; text-decoration-style: initial; text-decoration-color: initial; display: inline !important; float: none;\">Der Nachthimmel fasziniert und begeistert mich immer wieder aufs Neue!<\/span><\/span><\/p>\n<p>[\/et_pb_text][\/et_pb_column][et_pb_column type=&#8220;1_4&#8243; _builder_version=&#8220;4.16&#8243; _module_preset=&#8220;default&#8220; global_colors_info=&#8220;{}&#8220;][et_pb_image src=&#8220;https:\/\/sterneerleben.info\/new\/wp-content\/uploads\/2022\/06\/portrait_emilia-scaled.jpg&#8220; alt=&#8220;Emilia&#8220; title_text=&#8220;Emilia&#8220; _builder_version=&#8220;4.23.1&#8243; _module_preset=&#8220;default&#8220; custom_margin=&#8220;||-6px|||&#8220; global_colors_info=&#8220;{}&#8220;][\/et_pb_image][et_pb_text _builder_version=&#8220;4.27.0&#8243; _module_preset=&#8220;default&#8220; text_font=&#8220;Roboto Condensed||||||||&#8220; text_text_color=&#8220;#000000&#8243; min_height=&#8220;140.7px&#8220; custom_padding=&#8220;5%|3%|5%|3%|true|false&#8220; global_colors_info=&#8220;{}&#8220;]<\/p>\n<p><strong>Emilia Boeschoten (wird dieses Jahr nicht dabei sein)<br \/><\/strong><\/p>\n<p><span><span style=\"color: #000000; font-family: 'Roboto Condensed', Helvetica, Arial, Lucida, sans-serif; font-size: 14px; font-style: normal; font-variant-ligatures: normal; font-variant-caps: normal; font-weight: 500; letter-spacing: normal; orphans: 2; text-align: left; text-indent: 0px; text-transform: none; widows: 2; word-spacing: 0px; -webkit-text-stroke-width: 0px; white-space: normal; background-color: #ffffff; text-decoration-thickness: initial; text-decoration-style: initial; text-decoration-color: initial; display: inline !important; float: none;\">Seit dem Kindergarten fasziniert mich der Sternenhimmel. Und die Frage, ob es wohl gr\u00fcne Sterne gibt\u2026?<\/span><\/span><\/p>\n<p>[\/et_pb_text][\/et_pb_column][et_pb_column type=&#8220;1_4&#8243; _builder_version=&#8220;4.16&#8243; _module_preset=&#8220;default&#8220; global_colors_info=&#8220;{}&#8220;][et_pb_image src=&#8220;https:\/\/sterneerleben.info\/new\/wp-content\/uploads\/2023\/09\/fiona_portrait.jpg&#8220; alt=&#8220;Fiona&#8220; title_text=&#8220;Fiona&#8220; _builder_version=&#8220;4.23.1&#8243; _module_preset=&#8220;default&#8220; custom_margin=&#8220;||-1px|||&#8220; global_colors_info=&#8220;{}&#8220;][\/et_pb_image][et_pb_text _builder_version=&#8220;4.27.0&#8243; _module_preset=&#8220;default&#8220; text_font=&#8220;Roboto Condensed||||||||&#8220; text_text_color=&#8220;#000000&#8243; custom_padding=&#8220;5%|3%|5%|3%|true|true&#8220; global_colors_info=&#8220;{}&#8220;]<\/p>\n<p><strong>Fiona Hofer (wird dieses Jahr nicht dabei sein)<br \/><\/strong><\/p>\n<p><span style=\"color: #000000; font-family: 'Roboto Condensed', Helvetica, Arial, Lucida, sans-serif; font-size: 14px; font-style: normal; font-variant-ligatures: normal; font-variant-caps: normal; font-weight: 500; letter-spacing: normal; orphans: 2; text-align: left; text-indent: 0px; text-transform: none; widows: 2; word-spacing: 0px; -webkit-text-stroke-width: 0px; white-space: normal; background-color: #ffffff; text-decoration-thickness: initial; text-decoration-style: initial; text-decoration-color: initial; display: inline !important; float: none;\">Ich liebe die Natur mit all ihren Facetten \u2013 dazu geh\u00f6rt auch das Erleben der Dunkelheit, des Nacht- und Sternenhimmels.<\/span><\/p>\n<p>[\/et_pb_text][\/et_pb_column][\/et_pb_row][et_pb_row column_structure=&#8220;1_4,1_4,1_4,1_4&#8243; _builder_version=&#8220;4.16&#8243; _module_preset=&#8220;default&#8220; width=&#8220;100%&#8220; max_width=&#8220;100%&#8220; global_colors_info=&#8220;{}&#8220;][et_pb_column type=&#8220;1_4&#8243; _builder_version=&#8220;4.16&#8243; _module_preset=&#8220;default&#8220; global_colors_info=&#8220;{}&#8220;][et_pb_image src=&#8220;https:\/\/sterneerleben.info\/new\/wp-content\/uploads\/2021\/06\/portrait_rauber.jpg&#8220; alt=&#8220;C\u00e9line Rauber&#8220; title_text=&#8220;C\u00e9line Rauber&#8220; _builder_version=&#8220;4.23.1&#8243; _module_preset=&#8220;default&#8220; custom_margin=&#8220;||0px||false|false&#8220; global_colors_info=&#8220;{}&#8220;][\/et_pb_image][et_pb_text _builder_version=&#8220;4.27.0&#8243; _module_preset=&#8220;default&#8220; text_font=&#8220;Roboto Condensed||||||||&#8220; text_text_color=&#8220;#000000&#8243; custom_padding=&#8220;5%|3%|5%|3%|true|true&#8220; global_colors_info=&#8220;{}&#8220;]<\/p>\n<p style=\"box-sizing: border-box; margin: 0px; padding: 0px 0px 1em; border: 0px; outline: 0px; font-size: 14px; text-size-adjust: 100%; vertical-align: baseline; background: #ffffff; color: #000000; font-family: 'Roboto Condensed', Helvetica, Arial, Lucida, sans-serif; font-style: normal; font-variant-ligatures: normal; font-variant-caps: normal; font-weight: 500; letter-spacing: normal; orphans: 2; text-align: left; text-indent: 0px; text-transform: none; widows: 2; word-spacing: 0px; -webkit-text-stroke-width: 0px; white-space: normal; text-decoration-thickness: initial; text-decoration-style: initial; text-decoration-color: initial;\"><strong style=\"box-sizing: border-box; margin: 0px; padding: 0px; border: 0px; outline: 0px; font-size: 14px; text-size-adjust: 100%; vertical-align: baseline; background: transparent; font-weight: bold;\">C\u00e9line Rauber <strong> (wird dieses Jahr nicht dabei sein)<\/strong><\/strong><strong><\/strong><\/p>\n<p><span style=\"color: #000000; font-family: 'Roboto Condensed', Helvetica, Arial, Lucida, sans-serif; font-size: 14px; font-style: normal; font-variant-ligatures: normal; font-variant-caps: normal; font-weight: 500; letter-spacing: normal; orphans: 2; text-align: left; text-indent: 0px; text-transform: none; widows: 2; word-spacing: 0px; -webkit-text-stroke-width: 0px; white-space: normal; background-color: #ffffff; text-decoration-thickness: initial; text-decoration-style: initial; text-decoration-color: initial; display: inline !important; float: none;\">Seit dem ersten Foto einer Sternschnuppe ist es um mich geschehen. Nunmehr seit 3 Jahren besch\u00e4ftige ich mich intensiv mit den begeisternden F\u00e4chern Physik und Astronomie und hoffe, diese Begeisterung nun mit euch teilen zu k\u00f6nnen.<\/span><\/p>\n<p>[\/et_pb_text][\/et_pb_column][et_pb_column type=&#8220;1_4&#8243; _builder_version=&#8220;4.16&#8243; _module_preset=&#8220;default&#8220; global_colors_info=&#8220;{}&#8220;][\/et_pb_column][et_pb_column type=&#8220;1_4&#8243; _builder_version=&#8220;4.16&#8243; _module_preset=&#8220;default&#8220; global_colors_info=&#8220;{}&#8220;][\/et_pb_column][et_pb_column type=&#8220;1_4&#8243; _builder_version=&#8220;4.16&#8243; _module_preset=&#8220;default&#8220; global_colors_info=&#8220;{}&#8220;][\/et_pb_column][\/et_pb_row][\/et_pb_section][et_pb_section fb_built=&#8220;1&#8243; _builder_version=&#8220;4.23&#8243; _module_preset=&#8220;default&#8220; background_color=&#8220;#FFFFFF&#8220; min_height=&#8220;72.8px&#8220; custom_margin=&#8220;0px||0px||false|false&#8220; custom_padding=&#8220;7px|7%|4px|7.1%|false|false&#8220; global_colors_info=&#8220;{}&#8220;][et_pb_row _builder_version=&#8220;4.16&#8243; _module_preset=&#8220;default&#8220; width=&#8220;100%&#8220; max_width=&#8220;100%&#8220; global_colors_info=&#8220;{}&#8220;][et_pb_column type=&#8220;4_4&#8243; _builder_version=&#8220;4.16&#8243; _module_preset=&#8220;default&#8220; global_colors_info=&#8220;{}&#8220;][et_pb_text _builder_version=&#8220;4.27.4&#8243; _module_preset=&#8220;default&#8220; text_font=&#8220;Roboto Condensed||||||||&#8220; text_font_size=&#8220;11px&#8220; global_colors_info=&#8220;{}&#8220;]<\/p>\n<p><span style=\"color: #000000;\">Aktualisiert am 24.06.2025<\/span><\/p>\n<p>[\/et_pb_text][\/et_pb_column][\/et_pb_row][\/et_pb_section]<\/p>\n","protected":false},"excerpt":{"rendered":"<p>Sterne erleben 2025 &#8211; Teil 2Vergiss nicht, weiterhin empor zu den Sternen zu blicken, anstatt hinab auf deine F\u00fcsse (nach Stephen Hawking).\u00a0Vom 9. bis 10. Oktober 2025 findet in Flims ein Fortsetzungskurs statt. Ideal ist es, wenn du bereits einen Grundlagenkurs (egal in welchem Jahr) oder dieses Jahr Teil 1 besucht hast. Wir werden in [&hellip;]<\/p>\n","protected":false},"author":1,"featured_media":0,"parent":0,"menu_order":0,"comment_status":"closed","ping_status":"closed","template":"","meta":{"_bbp_topic_count":0,"_bbp_reply_count":0,"_bbp_total_topic_count":0,"_bbp_total_reply_count":0,"_bbp_voice_count":0,"_bbp_anonymous_reply_count":0,"_bbp_topic_count_hidden":0,"_bbp_reply_count_hidden":0,"_bbp_forum_subforum_count":0,"_et_pb_use_builder":"on","_et_pb_old_content":"","_et_gb_content_width":"","footnotes":""},"class_list":["post-1439","page","type-page","status-publish","hentry"],"_links":{"self":[{"href":"https:\/\/sterneerleben.info\/new\/wp-json\/wp\/v2\/pages\/1439","targetHints":{"allow":["GET"]}}],"collection":[{"href":"https:\/\/sterneerleben.info\/new\/wp-json\/wp\/v2\/pages"}],"about":[{"href":"https:\/\/sterneerleben.info\/new\/wp-json\/wp\/v2\/types\/page"}],"author":[{"embeddable":true,"href":"https:\/\/sterneerleben.info\/new\/wp-json\/wp\/v2\/users\/1"}],"replies":[{"embeddable":true,"href":"https:\/\/sterneerleben.info\/new\/wp-json\/wp\/v2\/comments?post=1439"}],"version-history":[{"count":9,"href":"https:\/\/sterneerleben.info\/new\/wp-json\/wp\/v2\/pages\/1439\/revisions"}],"predecessor-version":[{"id":1855,"href":"https:\/\/sterneerleben.info\/new\/wp-json\/wp\/v2\/pages\/1439\/revisions\/1855"}],"wp:attachment":[{"href":"https:\/\/sterneerleben.info\/new\/wp-json\/wp\/v2\/media?parent=1439"}],"curies":[{"name":"wp","href":"https:\/\/api.w.org\/{rel}","templated":true}]}}