{"id":1356,"date":"2024-12-13T16:57:46","date_gmt":"2024-12-13T15:57:46","guid":{"rendered":"https:\/\/sterneerleben.info\/new\/?page_id=1356"},"modified":"2025-08-12T12:27:35","modified_gmt":"2025-08-12T10:27:35","slug":"flims-2025-1","status":"publish","type":"page","link":"https:\/\/sterneerleben.info\/new\/flims-2025-1\/","title":{"rendered":"Sterne 2025-1"},"content":{"rendered":"<p>[et_pb_section fb_built=&#8220;1&#8243; fullwidth=&#8220;on&#8220; _builder_version=&#8220;4.23.1&#8243; _module_preset=&#8220;d830f751-67a4-4c4c-ae13-b3ef4a849105&#8243; background_color=&#8220;#1e2937&#8243; global_colors_info=&#8220;{}&#8220;][et_pb_fullwidth_image src=&#8220;https:\/\/sterneerleben.info\/new\/wp-content\/uploads\/2024\/12\/DSC_3056_220518_planeten_II-Kopie-scaled.jpg&#8220; alt=&#8220;Panorama Gurnigel 201114&#8243; title_text=&#8220;DSC_3056_220518_planeten_II Kopie&#8220; url=&#8220;https:\/\/sterneerleben.info\/new\/wp-content\/uploads\/2024\/12\/DSC_3056_220518_planeten_II-Kopie-scaled.jpg&#8220; _builder_version=&#8220;4.27.4&#8243; _module_preset=&#8220;default&#8220; background_color=&#8220;#1e2937&#8243; custom_margin=&#8220;||0px|||&#8220; custom_padding=&#8220;||20px|||&#8220; animation_style=&#8220;zoom&#8220; animation_intensity_zoom=&#8220;4%&#8220; global_colors_info=&#8220;{}&#8220;][\/et_pb_fullwidth_image][\/et_pb_section][et_pb_section fb_built=&#8220;1&#8243; _builder_version=&#8220;4.23.1&#8243; _module_preset=&#8220;default&#8220; background_color=&#8220;#1e2937&#8243; min_height=&#8220;211.2px&#8220; custom_margin=&#8220;-2.2%||0.2%||false|false&#8220; custom_padding=&#8220;0px|7%|2px|7%|false|false&#8220; global_colors_info=&#8220;{}&#8220;][et_pb_row _builder_version=&#8220;4.23.1&#8243; _module_preset=&#8220;default&#8220; background_color=&#8220;#1e2937&#8243; width=&#8220;100%&#8220; max_width=&#8220;100%&#8220; min_height=&#8220;200.2px&#8220; custom_margin=&#8220;0px|0px|6px|0px|false|false&#8220; custom_padding=&#8220;0px||0px|0px|false|false&#8220; global_colors_info=&#8220;{}&#8220;][et_pb_column type=&#8220;4_4&#8243; _builder_version=&#8220;4.16&#8243; _module_preset=&#8220;default&#8220; custom_padding=&#8220;|||&#8220; global_colors_info=&#8220;{}&#8220; custom_padding__hover=&#8220;|||&#8220;][et_pb_text _builder_version=&#8220;4.27.4&#8243; _module_preset=&#8220;default&#8220; text_font=&#8220;Roboto Condensed||||||||&#8220; text_text_color=&#8220;#FFFFFF&#8220; text_letter_spacing=&#8220;1px&#8220; text_line_height=&#8220;1.2em&#8220; background_color=&#8220;#1e2937&#8243; min_height=&#8220;15.8px&#8220; custom_padding=&#8220;25px||3px|||&#8220; animation_style=&#8220;zoom&#8220; animation_intensity_zoom=&#8220;4%&#8220; animation_speed_curve=&#8220;ease&#8220; global_colors_info=&#8220;{}&#8220;]<\/p>\n<p>Wundersch\u00f6ne Planetenparade vom 18. Mai 2022 um 04:40 Uhr auf dem Beatenberg. Von rechts nach links: Der Saturn hat den Steinbock verlassen, danach folgt der Wassermann [gezeichnet nach Werner Perrey] und in den Fischen sitzen Mars und Jupiter. Kurze Zeit sp\u00e4ter tauchte auch die Venus noch auf [Bild: hh].<\/p>\n<p>[\/et_pb_text][et_pb_text admin_label=&#8220;Top Destination Title&#8220; _builder_version=&#8220;4.27.4&#8243; _module_preset=&#8220;06cf5114-fbf1-444b-8a41-0e24f35ceec3&#8243; text_font=&#8220;Roboto Condensed||||||||&#8220; header_text_align=&#8220;left&#8220; header_font_size=&#8220;40px&#8220; header_line_height=&#8220;1.3em&#8220; background_color=&#8220;#1e2937&#8243; min_height=&#8220;55px&#8220; custom_margin=&#8220;||-1px|||&#8220; custom_padding=&#8220;||0px|||&#8220; animation_style=&#8220;zoom&#8220; animation_intensity_zoom=&#8220;4%&#8220; header_font_tablet=&#8220;Oswald|700||on|||||&#8220; header_font_phone=&#8220;Oswald|700||on|||||&#8220; header_font_last_edited=&#8220;on|phone&#8220; header_text_color_tablet=&#8220;&#8220; header_text_color_phone=&#8220;&#8220; header_text_color_last_edited=&#8220;on|phone&#8220; header_font_size_tablet=&#8220;40px&#8220; header_font_size_phone=&#8220;30px&#8220; header_font_size_last_edited=&#8220;on|phone&#8220; locked=&#8220;off&#8220; global_colors_info=&#8220;{}&#8220;]<\/p>\n<h1><span style=\"color: #ffffff;\">Sterne erleben 2025 &#8211; Teil 1<\/span><span style=\"color: #ffffff;\"><br \/><\/span><\/h1>\n<p>[\/et_pb_text][et_pb_text admin_label=&#8220;Top Destination Sub Title&#8220; _builder_version=&#8220;4.23.1&#8243; _module_preset=&#8220;06cf5114-fbf1-444b-8a41-0e24f35ceec3&#8243; text_font=&#8220;Roboto Condensed||||||||&#8220; text_font_size=&#8220;20px&#8220; header_4_font=&#8220;Oswald|500|||||||&#8220; background_color=&#8220;#1e2937&#8243; custom_margin=&#8220;||19px|||&#8220; custom_padding=&#8220;0px||1px|||&#8220; animation_style=&#8220;zoom&#8220; animation_intensity_zoom=&#8220;4%&#8220; animation_speed_curve=&#8220;ease&#8220; locked=&#8220;off&#8220; global_colors_info=&#8220;{}&#8220;]<\/p>\n<h4><span style=\"color: #ffffff;\">Vergiss nicht, empor zu den Sternen zu blicken, anstatt hinab auf deine F\u00fcsse (nach Stephen Hawking)<\/span><\/h4>\n<p>&nbsp;<\/p>\n<p>[\/et_pb_text][\/et_pb_column][\/et_pb_row][\/et_pb_section][et_pb_section fb_built=&#8220;1&#8243; _builder_version=&#8220;4.23.1&#8243; background_color=&#8220;#FFFFFF&#8220; min_height=&#8220;0px&#8220; custom_margin=&#8220;||||false|false&#8220; custom_padding=&#8220;20px|7%|3px|7%|false|false&#8220; global_colors_info=&#8220;{}&#8220;][et_pb_row _builder_version=&#8220;4.23.1&#8243; width=&#8220;100%&#8220; max_width=&#8220;100%&#8220; custom_margin=&#8220;0px||||false|false&#8220; custom_padding=&#8220;0px||0px|0px||&#8220; global_colors_info=&#8220;{}&#8220;][et_pb_column type=&#8220;4_4&#8243; _builder_version=&#8220;4.16&#8243; custom_padding=&#8220;|||&#8220; global_colors_info=&#8220;{}&#8220; custom_padding__hover=&#8220;|||&#8220;][et_pb_text admin_label=&#8220;Top Destination Title&#8220; _builder_version=&#8220;4.23.1&#8243; _module_preset=&#8220;e32ee8de-59d0-4b1a-8d0c-d656f4dff84a&#8220; text_font=&#8220;||||&#8220; header_text_align=&#8220;left&#8220; header_font_size=&#8220;40px&#8220; header_line_height=&#8220;1.3em&#8220; custom_margin=&#8220;||2px||false|false&#8220; custom_padding=&#8220;0px||0px||false|false&#8220; animation_style=&#8220;zoom&#8220; animation_intensity_zoom=&#8220;4%&#8220; locked=&#8220;off&#8220; global_colors_info=&#8220;{}&#8220;]<\/p>\n<h2>HERZLICH WILLKOMMEN!<\/h2>\n<p>[\/et_pb_text][et_pb_divider color=&#8220;#ed4441&#8243; divider_position=&#8220;center&#8220; divider_weight=&#8220;3px&#8220; disabled_on=&#8220;off|off|off&#8220; _builder_version=&#8220;4.16&#8243; max_width=&#8220;150px&#8220; height=&#8220;false&#8220; custom_margin=&#8220;||21px|||&#8220; animation_style=&#8220;slide&#8220; animation_direction=&#8220;top&#8220; animation_delay=&#8220;100ms&#8220; animation_intensity_slide=&#8220;10%&#8220; locked=&#8220;off&#8220; global_colors_info=&#8220;{}&#8220;][\/et_pb_divider][et_pb_text admin_label=&#8220;Top Destination Sub Title&#8220; _builder_version=&#8220;4.27.4&#8243; _module_preset=&#8220;e32ee8de-59d0-4b1a-8d0c-d656f4dff84a&#8220; text_font=&#8220;Roboto Condensed||||||||&#8220; text_text_color=&#8220;#000000&#8243; min_height=&#8220;95.4px&#8220; custom_margin=&#8220;||||false|false&#8220; custom_padding=&#8220;||||false|false&#8220; hover_enabled=&#8220;0&#8243; locked=&#8220;off&#8220; global_colors_info=&#8220;{}&#8220; sticky_enabled=&#8220;0&#8243;]<\/p>\n<p>Vom 6. bis 7. Oktober 2025 findet in Flims bereits der siebte Sterne-erleben-Kurs statt.<span style=\"color: #000000;\"><br \/><\/span><\/p>\n<p class=\"v1v1v1msonormal\">Der Sternenhimmel und der Mond bringen uns immer wieder zum Staunen und Nachdenken. Du wirst in Flims viel Spannendes und Faszinierendes \u00fcber das Universum kennenlernen und Vieles selbst beobachten und ausprobieren k\u00f6nnen. <strong>Am Montagabend kannst du einen sehr interessanten Vortrag von Claude Nicollier besuchen: &#8222;Eindr\u00fccke aus dem Weltraum&#8220;.<\/strong> Claude Nicollier ist nach wie vor der einzige Schweizer, der bereits im Weltall war und dies erst noch vier Mal. Zum Vortrag sind auch Freunde, Familie und Verwandte von dir herzlich eingeladen. \u00dcbernachten wirst du dieses Mal Zuhause, bei Bekannten oder Freunden. Am Dienstag besch\u00e4ftigen wir uns u.a. mit der Mondlandung und weiteren spannenden Themen.<o:p><\/o:p><\/p>\n<p class=\"v1v1v1msonormal\">Wir freuen uns, dich kennen zu lernen und gr\u00fcssen dich herzlich<\/p>\n<p><span style=\"color: #000000;\">Heinz und Team<\/span><strong><a href=\"https:\/\/gate2science.ch\/angebot\/sterne-erleben-1\/\" target=\"_blank\" rel=\"noopener\"><span style=\"color: #000000;\"><span style=\"color: #0000ff;\"><\/span><\/span><\/a><\/strong><\/p>\n<p><span style=\"color: #0c71c3;\"><\/span><\/p>\n<p>[\/et_pb_text][\/et_pb_column][\/et_pb_row][\/et_pb_section][et_pb_section fb_built=&#8220;1&#8243; _builder_version=&#8220;4.23&#8243; background_color=&#8220;#FFFFFF&#8220; custom_margin=&#8220;0px||0px||false|false&#8220; custom_padding=&#8220;0px|7%|0px|7%|false|false&#8220; global_colors_info=&#8220;{}&#8220;][et_pb_row _builder_version=&#8220;4.16&#8243; width=&#8220;100%&#8220; max_width=&#8220;100%&#8220; custom_margin=&#8220;0px|-2px||auto||&#8220; custom_padding=&#8220;||0px|0px||&#8220; global_colors_info=&#8220;{}&#8220;][et_pb_column type=&#8220;4_4&#8243; _builder_version=&#8220;4.16&#8243; custom_padding=&#8220;|||&#8220; global_colors_info=&#8220;{}&#8220; custom_padding__hover=&#8220;|||&#8220;][et_pb_text admin_label=&#8220;Top Destination Title&#8220; _builder_version=&#8220;4.23.1&#8243; _module_preset=&#8220;e32ee8de-59d0-4b1a-8d0c-d656f4dff84a&#8220; text_font=&#8220;||||&#8220; header_text_align=&#8220;left&#8220; header_font_size=&#8220;40px&#8220; header_line_height=&#8220;1.3em&#8220; min_height=&#8220;55px&#8220; custom_margin=&#8220;||-1px|||&#8220; custom_padding=&#8220;||0px|||&#8220; animation_style=&#8220;zoom&#8220; animation_intensity_zoom=&#8220;4%&#8220; locked=&#8220;off&#8220; global_colors_info=&#8220;{}&#8220;]<\/p>\n<h2>Geschichten \u00fcber Sternbilder f\u00fchren uns zu den Circumpolar-Sternbildern und zum Sommerdreieck<\/h2>\n<p>[\/et_pb_text][et_pb_divider color=&#8220;#ed4441&#8243; divider_position=&#8220;center&#8220; divider_weight=&#8220;3px&#8220; disabled_on=&#8220;off|off|off&#8220; _builder_version=&#8220;4.23.1&#8243; max_width=&#8220;150px&#8220; height=&#8220;false&#8220; custom_margin=&#8220;||||false|false&#8220; animation_style=&#8220;slide&#8220; animation_direction=&#8220;top&#8220; animation_delay=&#8220;100ms&#8220; animation_intensity_slide=&#8220;10%&#8220; locked=&#8220;off&#8220; global_colors_info=&#8220;{}&#8220;][\/et_pb_divider][\/et_pb_column][\/et_pb_row][et_pb_row _builder_version=&#8220;4.27.4&#8243; _module_preset=&#8220;default&#8220; width=&#8220;100%&#8220; global_colors_info=&#8220;{}&#8220;][et_pb_column type=&#8220;4_4&#8243; _builder_version=&#8220;4.27.4&#8243; _module_preset=&#8220;default&#8220; global_colors_info=&#8220;{}&#8220;][et_pb_image src=&#8220;https:\/\/sterneerleben.info\/new\/wp-content\/uploads\/2021\/05\/gr_baer_duehnfort_bild-scaled.jpg&#8220; title_text=&#8220;flims_01_gr_baer_duehnfort_bild&#8220; url=&#8220;https:\/\/sterneerleben.info\/new\/wp-content\/uploads\/2025\/03\/gr_baer_duehnfort_bild_reduziert.jpg&#8220; _builder_version=&#8220;4.27.4&#8243; _module_preset=&#8220;default&#8220; global_colors_info=&#8220;{}&#8220;][\/et_pb_image][et_pb_text _builder_version=&#8220;4.27.4&#8243; _module_preset=&#8220;default&#8220; text_font=&#8220;Roboto Condensed||||||||&#8220; text_text_color=&#8220;#000000&#8243; custom_margin=&#8220;-8px||||false|false&#8220; custom_padding=&#8220;||||false|false&#8220; global_colors_info=&#8220;{}&#8220;]<\/p>\n<p><span style=\"color: #000000; font-family: 'Roboto Condensed', Helvetica, Arial, Lucida, sans-serif; font-size: 16px; font-style: normal; font-variant-ligatures: normal; font-variant-caps: normal; font-weight: 500; letter-spacing: normal; orphans: 2; text-align: left; text-indent: 0px; text-transform: none; widows: 2; word-spacing: 0px; -webkit-text-stroke-width: 0px; white-space: normal; background-color: #ffffff; text-decoration-thickness: initial; text-decoration-style: initial; text-decoration-color: initial; display: inline !important; float: none;\">Auf diesem Bild vertreibt <strong>K\u00f6nig Arktur<\/strong> (Sternbild Bootes mit dem Hauptstern Arktur) den b\u00f6sen Zauberer (als <strong>Grossen B\u00e4ren<\/strong> verkleidet). Rechts schwimmt die K\u00f6nigin <em><strong>Cassiopeia<\/strong><\/em> im Wasser und ruft um Hilfe<\/span><span style=\"color: #000000; font-family: 'Roboto Condensed', Helvetica, Arial, Lucida, sans-serif; font-size: 16px; font-style: normal; font-variant-ligatures: normal; font-variant-caps: normal; font-weight: 500; letter-spacing: normal; orphans: 2; text-align: left; text-indent: 0px; text-transform: none; widows: 2; word-spacing: 0px; -webkit-text-stroke-width: 0px; white-space: normal; background-color: #ffffff; text-decoration-thickness: initial; text-decoration-style: initial; text-decoration-color: initial; display: inline !important; float: none;\"> [Bilder: Kinder einer 4. Klasse].<br \/><\/span><\/p>\n<p>[\/et_pb_text][\/et_pb_column][\/et_pb_row][et_pb_row column_structure=&#8220;1_2,1_2&#8243; _builder_version=&#8220;4.23.1&#8243; _module_preset=&#8220;default&#8220; width=&#8220;100%&#8220; max_width=&#8220;none&#8220; custom_padding=&#8220;0px|||||&#8220; global_colors_info=&#8220;{}&#8220;][et_pb_column type=&#8220;1_2&#8243; _builder_version=&#8220;4.23.1&#8243; _module_preset=&#8220;default&#8220; global_colors_info=&#8220;{}&#8220;][et_pb_image src=&#8220;https:\/\/sterneerleben.info\/new\/wp-content\/uploads\/2023\/11\/neuhaus_grbaer_01_DSC_5221_171114_weisse_sterne-scaled.jpg&#8220; alt=&#8220;Grosser B\u00e4r Neuhaus&#8220; title_text=&#8220;Grosser B\u00e4r Neuhaus&#8220; url=&#8220;https:\/\/sterneerleben.info\/new\/wp-content\/uploads\/2023\/11\/neuhaus_grbaer_01_DSC_5221_171114_weisse_sterne-scaled.jpg&#8220; _builder_version=&#8220;4.27.4&#8243; _module_preset=&#8220;default&#8220; global_colors_info=&#8220;{}&#8220;][\/et_pb_image][\/et_pb_column][et_pb_column type=&#8220;1_2&#8243; _builder_version=&#8220;4.23.1&#8243; _module_preset=&#8220;default&#8220; global_colors_info=&#8220;{}&#8220;][et_pb_image src=&#8220;https:\/\/sterneerleben.info\/new\/wp-content\/uploads\/2023\/11\/neuhaus_sommer_02_5242_171114_web.jpg&#8220; alt=&#8220;Sommerdreieck Neuhaus&#8220; title_text=&#8220;Sommerdreieck Neuhaus&#8220; url=&#8220;https:\/\/sterneerleben.info\/new\/wp-content\/uploads\/2023\/11\/neuhaus_sommer_02_5242_171114_web.jpg&#8220; _builder_version=&#8220;4.27.4&#8243; _module_preset=&#8220;default&#8220; global_colors_info=&#8220;{}&#8220;][\/et_pb_image][\/et_pb_column][\/et_pb_row][et_pb_row column_structure=&#8220;1_2,1_2&#8243; _builder_version=&#8220;4.23.1&#8243; _module_preset=&#8220;default&#8220; width=&#8220;100%&#8220; max_width=&#8220;none&#8220; custom_margin=&#8220;||||false|false&#8220; custom_padding=&#8220;0px||||false|false&#8220; global_colors_info=&#8220;{}&#8220;][et_pb_column type=&#8220;1_2&#8243; _builder_version=&#8220;4.23.1&#8243; _module_preset=&#8220;default&#8220; global_colors_info=&#8220;{}&#8220;][et_pb_text _builder_version=&#8220;4.27.4&#8243; _module_preset=&#8220;default&#8220; text_font=&#8220;Roboto Condensed||||||||&#8220; text_text_color=&#8220;#000000&#8243; custom_margin=&#8220;||||false|false&#8220; custom_padding=&#8220;||||false|false&#8220; global_colors_info=&#8220;{}&#8220;]<\/p>\n<p><span style=\"color: #000000; font-family: 'Roboto Condensed', Helvetica, Arial, Lucida, sans-serif; font-size: 16px; font-style: normal; font-variant-ligatures: normal; font-variant-caps: normal; font-weight: 500; letter-spacing: normal; orphans: 2; text-align: left; text-indent: 0px; text-transform: none; widows: 2; word-spacing: 0px; -webkit-text-stroke-width: 0px; white-space: normal; background-color: #ffffff; text-decoration-thickness: initial; text-decoration-style: initial; text-decoration-color: initial; display: inline !important; float: none;\">Die<span>\u00a0<\/span><\/span><strong style=\"box-sizing: border-box; margin: 0px; padding: 0px; border: 0px; outline: 0px; font-size: 16px; text-size-adjust: 100%; vertical-align: baseline; background: #ffffff; font-weight: bold; color: #000000; font-family: 'Roboto Condensed', Helvetica, Arial, Lucida, sans-serif; font-style: normal; font-variant-ligatures: normal; font-variant-caps: normal; letter-spacing: normal; orphans: 2; text-align: left; text-indent: 0px; text-transform: none; widows: 2; word-spacing: 0px; -webkit-text-stroke-width: 0px; white-space: normal; text-decoration-thickness: initial; text-decoration-style: initial; text-decoration-color: initial;\">Circumpolarsternbilder<\/strong><span style=\"color: #000000; font-family: 'Roboto Condensed', Helvetica, Arial, Lucida, sans-serif; font-size: 16px; font-style: normal; font-variant-ligatures: normal; font-variant-caps: normal; font-weight: 500; letter-spacing: normal; orphans: 2; text-align: left; text-indent: 0px; text-transform: none; widows: 2; word-spacing: 0px; -webkit-text-stroke-width: 0px; white-space: normal; background-color: #ffffff; text-decoration-thickness: initial; text-decoration-style: initial; text-decoration-color: initial; display: inline !important; float: none;\"><span>\u00a0<\/span>sind diejenigen Sternbilder, die so nahe um den<span>\u00a0<\/span><\/span><strong style=\"box-sizing: border-box; margin: 0px; padding: 0px; border: 0px; outline: 0px; font-size: 16px; text-size-adjust: 100%; vertical-align: baseline; background: #ffffff; font-weight: bold; color: #000000; font-family: 'Roboto Condensed', Helvetica, Arial, Lucida, sans-serif; font-style: normal; font-variant-ligatures: normal; font-variant-caps: normal; letter-spacing: normal; orphans: 2; text-align: left; text-indent: 0px; text-transform: none; widows: 2; word-spacing: 0px; -webkit-text-stroke-width: 0px; white-space: normal; text-decoration-thickness: initial; text-decoration-style: initial; text-decoration-color: initial;\">Polarstern<\/strong><span style=\"color: #000000; font-family: 'Roboto Condensed', Helvetica, Arial, Lucida, sans-serif; font-size: 16px; font-style: normal; font-variant-ligatures: normal; font-variant-caps: normal; font-weight: 500; letter-spacing: normal; orphans: 2; text-align: left; text-indent: 0px; text-transform: none; widows: 2; word-spacing: 0px; -webkit-text-stroke-width: 0px; white-space: normal; background-color: #ffffff; text-decoration-thickness: initial; text-decoration-style: initial; text-decoration-color: initial; display: inline !important; float: none;\"><span>\u00a0<\/span>kreisen, dass sie in jeder Jahreszeit im Norden aufzufinden sind. Somit werden wir sie auch im Kurs zu sehen bekommen. Auf diesem Bild sieht man den Polarstern, an dem der Kleine Wagen angebunden ist. Der B\u00e4renh\u00fcter (Bootes, Fr\u00fchlingssternbild) vertreibt gerade den Grossen B\u00e4ren hinter den Harder bei Interlaken [Bild: hh].<\/span><\/p>\n<p>[\/et_pb_text][\/et_pb_column][et_pb_column type=&#8220;1_2&#8243; _builder_version=&#8220;4.23.1&#8243; _module_preset=&#8220;default&#8220; global_colors_info=&#8220;{}&#8220;][et_pb_text _builder_version=&#8220;4.27.4&#8243; _module_preset=&#8220;default&#8220; text_font=&#8220;Roboto Condensed||||||||&#8220; text_text_color=&#8220;#000000&#8243; custom_margin=&#8220;||||false|false&#8220; custom_padding=&#8220;0px|2px||4px|false|false&#8220; global_colors_info=&#8220;{}&#8220;]<\/p>\n<p><strong style=\"box-sizing: border-box; margin: 0px; padding: 0px; border: 0px; outline: 0px; font-size: 16px; text-size-adjust: 100%; vertical-align: baseline; background: #ffffff; font-weight: bold; color: #000000; font-family: 'Roboto Condensed', Helvetica, Arial, Lucida, sans-serif; font-style: normal; font-variant-ligatures: normal; font-variant-caps: normal; letter-spacing: normal; orphans: 2; text-align: left; text-indent: 0px; text-transform: none; widows: 2; word-spacing: 0px; -webkit-text-stroke-width: 0px; white-space: normal; text-decoration-thickness: initial; text-decoration-style: initial; text-decoration-color: initial;\">Das Sommerdreieck<\/strong><span style=\"box-sizing: border-box; margin: 0px; padding: 0px; border: 0px; outline: 0px; font-size: 16px; text-size-adjust: 100%; vertical-align: baseline; background: #ffffff; color: #000000; font-family: 'Roboto Condensed', Helvetica, Arial, Lucida, sans-serif; font-style: normal; font-variant-ligatures: normal; font-variant-caps: normal; font-weight: 500; letter-spacing: normal; orphans: 2; text-align: left; text-indent: 0px; text-transform: none; widows: 2; word-spacing: 0px; -webkit-text-stroke-width: 0px; white-space: normal; text-decoration-thickness: initial; text-decoration-style: initial; text-decoration-color: initial; float: none; display: inline !important;\"> (Leier, Schwan, Adler, Delfin und Pfeil) werden wir im Oktober von Flims aus beobachten k\u00f6nnen. Auf diesem Bild steht das Sommerdreieck \u00fcber dem Thunersee gerade \u00fcber dem Niesen<\/span><span style=\"box-sizing: border-box; margin: 0px; padding: 0px; border: 0px; outline: 0px; font-size: 16px; text-size-adjust: 100%; vertical-align: baseline; background: #ffffff; color: #000000; font-family: 'Roboto Condensed', Helvetica, Arial, Lucida, sans-serif; font-style: normal; font-variant-ligatures: normal; font-variant-caps: normal; font-weight: 500; letter-spacing: normal; orphans: 2; text-align: left; text-indent: 0px; text-transform: none; widows: 2; word-spacing: 0px; -webkit-text-stroke-width: 0px; white-space: normal; text-decoration-thickness: initial; text-decoration-style: initial; text-decoration-color: initial;\"><span> [Bild: hh]<\/span>.<\/span><\/p>\n<p>[\/et_pb_text][\/et_pb_column][\/et_pb_row][\/et_pb_section][et_pb_section fb_built=&#8220;1&#8243; _builder_version=&#8220;4.23&#8243; background_color=&#8220;#FFFFFF&#8220; custom_margin=&#8220;0px||0px||false|false&#8220; custom_padding=&#8220;0px|7%|0px|7%|false|false&#8220; global_colors_info=&#8220;{}&#8220;][et_pb_row _builder_version=&#8220;4.16&#8243; width=&#8220;100%&#8220; max_width=&#8220;100%&#8220; custom_margin=&#8220;0px|-2px||auto||&#8220; custom_padding=&#8220;||0px|0px||&#8220; global_colors_info=&#8220;{}&#8220;][et_pb_column type=&#8220;4_4&#8243; _builder_version=&#8220;4.16&#8243; custom_padding=&#8220;|||&#8220; global_colors_info=&#8220;{}&#8220; custom_padding__hover=&#8220;|||&#8220;][et_pb_text admin_label=&#8220;Top Destination Title&#8220; _builder_version=&#8220;4.23.1&#8243; _module_preset=&#8220;e32ee8de-59d0-4b1a-8d0c-d656f4dff84a&#8220; text_font=&#8220;||||&#8220; header_text_align=&#8220;left&#8220; header_font_size=&#8220;40px&#8220; header_line_height=&#8220;1.3em&#8220; min_height=&#8220;55px&#8220; custom_margin=&#8220;||-1px|||&#8220; custom_padding=&#8220;||0px|||&#8220; animation_style=&#8220;zoom&#8220; animation_intensity_zoom=&#8220;4%&#8220; locked=&#8220;off&#8220; global_colors_info=&#8220;{}&#8220;]<\/p>\n<h2>Mit Hilfe der selbst gebauten Sternkarte findest du dich am Nachthimmel zurecht<\/h2>\n<p>[\/et_pb_text][et_pb_divider color=&#8220;#ed4441&#8243; divider_position=&#8220;center&#8220; divider_weight=&#8220;3px&#8220; disabled_on=&#8220;off|off|off&#8220; _builder_version=&#8220;4.16&#8243; max_width=&#8220;150px&#8220; height=&#8220;false&#8220; custom_margin=&#8220;||21px|||&#8220; animation_style=&#8220;slide&#8220; animation_direction=&#8220;top&#8220; animation_delay=&#8220;100ms&#8220; animation_intensity_slide=&#8220;10%&#8220; locked=&#8220;off&#8220; global_colors_info=&#8220;{}&#8220;][\/et_pb_divider][\/et_pb_column][\/et_pb_row][et_pb_row column_structure=&#8220;1_2,1_2&#8243; _builder_version=&#8220;4.23.1&#8243; _module_preset=&#8220;default&#8220; width=&#8220;100%&#8220; custom_padding=&#8220;3px|||||&#8220; global_colors_info=&#8220;{}&#8220;][et_pb_column type=&#8220;1_2&#8243; _builder_version=&#8220;4.23.1&#8243; _module_preset=&#8220;default&#8220; global_colors_info=&#8220;{}&#8220;][et_pb_image src=&#8220;https:\/\/sterneerleben.info\/new\/wp-content\/uploads\/2024\/12\/sternkarte_21_alles_220320_07-Kopie.jpg&#8220; alt=&#8220;mondmeere&#8220; title_text=&#8220;sternkarte_21_alles_220320_animation&#8220; url=&#8220;https:\/\/sterneerleben.info\/new\/wp-content\/uploads\/2024\/12\/sternkarte_21_alles_220320_07-Kopie.jpg&#8220; _builder_version=&#8220;4.27.4&#8243; _module_preset=&#8220;default&#8220; border_width_all=&#8220;1px&#8220; border_color_all=&#8220;#000000&#8243; global_colors_info=&#8220;{}&#8220;][\/et_pb_image][\/et_pb_column][et_pb_column type=&#8220;1_2&#8243; _builder_version=&#8220;4.23.1&#8243; _module_preset=&#8220;default&#8220; global_colors_info=&#8220;{}&#8220;][et_pb_image src=&#8220;https:\/\/sterneerleben.info\/new\/wp-content\/uploads\/2024\/12\/sternkarte_damit_arbeiten-scaled.jpg&#8220; alt=&#8220;mondfinsternis_2003&#8243; title_text=&#8220;sternkarte_damit_arbeiten&#8220; url=&#8220;https:\/\/sterneerleben.info\/new\/wp-content\/uploads\/2024\/12\/sternkarte_damit_arbeiten-scaled.jpg&#8220; _builder_version=&#8220;4.27.4&#8243; _module_preset=&#8220;default&#8220; global_colors_info=&#8220;{}&#8220;][\/et_pb_image][\/et_pb_column][\/et_pb_row][et_pb_row _builder_version=&#8220;4.23.1&#8243; _module_preset=&#8220;default&#8220; width=&#8220;100%&#8220; custom_padding=&#8220;1px|||||&#8220; global_colors_info=&#8220;{}&#8220;][et_pb_column type=&#8220;4_4&#8243; _builder_version=&#8220;4.23.1&#8243; _module_preset=&#8220;default&#8220; global_colors_info=&#8220;{}&#8220;][et_pb_text _builder_version=&#8220;4.27.4&#8243; _module_preset=&#8220;default&#8220; text_font=&#8220;Roboto Condensed||||||||&#8220; text_text_color=&#8220;#000000&#8243; text_line_height=&#8220;1.5em&#8220; custom_margin=&#8220;-9px|||||&#8220; global_colors_info=&#8220;{}&#8220;]<\/p>\n<p>Das Arbeiten mit der selbstgebauten Sternkarte braucht ewas \u00dcbung [Bilder: hh].<\/p>\n<p>[\/et_pb_text][\/et_pb_column][\/et_pb_row][\/et_pb_section][et_pb_section fb_built=&#8220;1&#8243; _builder_version=&#8220;4.23&#8243; background_color=&#8220;#FFFFFF&#8220; min_height=&#8220;502px&#8220; custom_margin=&#8220;-4px||0px||false|false&#8220; custom_padding=&#8220;0px|7%|0px|7%|false|false&#8220; global_colors_info=&#8220;{}&#8220;][et_pb_row _builder_version=&#8220;4.16&#8243; width=&#8220;100%&#8220; max_width=&#8220;100%&#8220; custom_margin=&#8220;0px|-2px||auto||&#8220; custom_padding=&#8220;||0px|0px||&#8220; global_colors_info=&#8220;{}&#8220;][et_pb_column type=&#8220;4_4&#8243; _builder_version=&#8220;4.16&#8243; custom_padding=&#8220;|||&#8220; global_colors_info=&#8220;{}&#8220; custom_padding__hover=&#8220;|||&#8220;][et_pb_text admin_label=&#8220;Top Destination Title&#8220; _builder_version=&#8220;4.23.1&#8243; _module_preset=&#8220;e32ee8de-59d0-4b1a-8d0c-d656f4dff84a&#8220; text_font=&#8220;||||&#8220; header_text_align=&#8220;left&#8220; header_font_size=&#8220;40px&#8220; header_line_height=&#8220;1.3em&#8220; min_height=&#8220;55px&#8220; custom_margin=&#8220;||-1px|||&#8220; custom_padding=&#8220;||0px|||&#8220; animation_style=&#8220;zoom&#8220; animation_intensity_zoom=&#8220;4%&#8220; locked=&#8220;off&#8220; global_colors_info=&#8220;{}&#8220;]<\/p>\n<h2>Die Planeten werden auch als Wandelsterne bezeichnet<\/h2>\n<p>[\/et_pb_text][et_pb_divider color=&#8220;#ed4441&#8243; divider_position=&#8220;center&#8220; divider_weight=&#8220;3px&#8220; disabled_on=&#8220;off|off|off&#8220; _builder_version=&#8220;4.23.1&#8243; max_width=&#8220;150px&#8220; height=&#8220;false&#8220; custom_margin=&#8220;||||false|false&#8220; animation_style=&#8220;slide&#8220; animation_direction=&#8220;top&#8220; animation_delay=&#8220;100ms&#8220; animation_intensity_slide=&#8220;10%&#8220; locked=&#8220;off&#8220; global_colors_info=&#8220;{}&#8220;][\/et_pb_divider][\/et_pb_column][\/et_pb_row][et_pb_row column_structure=&#8220;1_2,1_2&#8243; _builder_version=&#8220;4.23.1&#8243; _module_preset=&#8220;default&#8220; width=&#8220;100%&#8220; min_height=&#8220;363.6px&#8220; custom_padding=&#8220;||11px|||&#8220; global_colors_info=&#8220;{}&#8220;][et_pb_column type=&#8220;1_2&#8243; _builder_version=&#8220;4.23.1&#8243; _module_preset=&#8220;default&#8220; global_colors_info=&#8220;{}&#8220;][et_pb_image src=&#8220;https:\/\/sterneerleben.info\/new\/wp-content\/uploads\/2024\/12\/steinbock_mythologie_heller_201218.jpg&#8220; alt=&#8220;Jupiter und Saturn Weihnachten 2020&#8243; title_text=&#8220;steinbock_mythologie_heller_201218&#8243; url=&#8220;https:\/\/sterneerleben.info\/new\/wp-content\/uploads\/2024\/12\/steinbock_mythologie_heller_201218.jpg&#8220; _builder_version=&#8220;4.27.4&#8243; _module_preset=&#8220;default&#8220; border_width_all=&#8220;1px&#8220; border_color_all=&#8220;#000000&#8243; global_colors_info=&#8220;{}&#8220;][\/et_pb_image][\/et_pb_column][et_pb_column type=&#8220;1_2&#8243; _builder_version=&#8220;4.23.1&#8243; _module_preset=&#8220;default&#8220; global_colors_info=&#8220;{}&#8220;][et_pb_text _builder_version=&#8220;4.27.4&#8243; _module_preset=&#8220;default&#8220; text_font=&#8220;Roboto Condensed||||||||&#8220; text_text_color=&#8220;#000000&#8243; text_font_size=&#8220;18px&#8220; global_colors_info=&#8220;{}&#8220;]<\/p>\n<p>Das Bild links wurde um die Weihnachtszeit 2020 aufgenommen. Zu sehen sind das Tierkreissternbild <strong><em>Steinbock<\/em><\/strong>, der <strong>Mond<\/strong> (im Steinbock) und rechts vor dem Steinbock stehen die beiden hellen Planeten <strong><em>Jupiter<\/em> <\/strong>und <strong><em>Saturn <\/em><\/strong>sehr nahe beieinander. Im Jahre 7 vor Christus begegneten sich die zwei Planeten ebenfalls. Bildeten sie zusammen wohl den <strong>Weihnachtsstern<\/strong>?<\/p>\n<p>Jupiter und Saturn haben in der Zwischenzeit den Steinbock hinter sich gelassen. Da die Planeten innerhalb der Sternbilder &#8222;wandeln&#8220;, wurden sie fr\u00fcher auch als Wandelsterne bezeichnet. Wo stehen die beiden wohl im Oktober 2025?<\/p>\n<p>&nbsp;<\/p>\n<p>&nbsp;<\/p>\n<p>[\/et_pb_text][\/et_pb_column][\/et_pb_row][\/et_pb_section][et_pb_section fb_built=&#8220;1&#8243; _builder_version=&#8220;4.23&#8243; background_color=&#8220;#FFFFFF&#8220; min_height=&#8220;502px&#8220; custom_margin=&#8220;-4px||0px||false|false&#8220; custom_padding=&#8220;0px|7%|0px|7%|false|false&#8220; global_colors_info=&#8220;{}&#8220;][et_pb_row _builder_version=&#8220;4.16&#8243; width=&#8220;100%&#8220; max_width=&#8220;100%&#8220; custom_margin=&#8220;2px|-2px||auto||&#8220; custom_padding=&#8220;||0px|0px||&#8220; global_colors_info=&#8220;{}&#8220;][et_pb_column type=&#8220;4_4&#8243; _builder_version=&#8220;4.16&#8243; custom_padding=&#8220;|||&#8220; global_colors_info=&#8220;{}&#8220; custom_padding__hover=&#8220;|||&#8220;][et_pb_text admin_label=&#8220;Top Destination Title&#8220; _builder_version=&#8220;4.23.1&#8243; _module_preset=&#8220;e32ee8de-59d0-4b1a-8d0c-d656f4dff84a&#8220; text_font=&#8220;||||&#8220; header_text_align=&#8220;left&#8220; header_font_size=&#8220;40px&#8220; header_line_height=&#8220;1.3em&#8220; min_height=&#8220;55px&#8220; custom_margin=&#8220;||-1px|||&#8220; custom_padding=&#8220;||0px|||&#8220; animation_style=&#8220;zoom&#8220; animation_intensity_zoom=&#8220;4%&#8220; locked=&#8220;off&#8220; global_colors_info=&#8220;{}&#8220;]<\/p>\n<h2>Sehen wir die R\u00fcckseite des Mondes wirklich nie?<\/h2>\n<p>[\/et_pb_text][et_pb_divider color=&#8220;#ed4441&#8243; divider_position=&#8220;center&#8220; divider_weight=&#8220;3px&#8220; disabled_on=&#8220;off|off|off&#8220; _builder_version=&#8220;4.23.1&#8243; max_width=&#8220;150px&#8220; height=&#8220;false&#8220; custom_margin=&#8220;||||false|false&#8220; animation_style=&#8220;slide&#8220; animation_direction=&#8220;top&#8220; animation_delay=&#8220;100ms&#8220; animation_intensity_slide=&#8220;10%&#8220; locked=&#8220;off&#8220; global_colors_info=&#8220;{}&#8220;][\/et_pb_divider][\/et_pb_column][\/et_pb_row][et_pb_row column_structure=&#8220;1_2,1_2&#8243; _builder_version=&#8220;4.23.1&#8243; _module_preset=&#8220;default&#8220; width=&#8220;100%&#8220; global_colors_info=&#8220;{}&#8220;][et_pb_column type=&#8220;1_2&#8243; _builder_version=&#8220;4.23.1&#8243; _module_preset=&#8220;default&#8220; global_colors_info=&#8220;{}&#8220;][et_pb_image src=&#8220;https:\/\/sterneerleben.info\/new\/wp-content\/uploads\/2023\/11\/mondmeere_loesungen.jpg&#8220; alt=&#8220;mondmeere&#8220; title_text=&#8220;mondmeere&#8220; url=&#8220;https:\/\/sterneerleben.info\/new\/wp-content\/uploads\/2023\/11\/mondmeere_loesungen.jpg&#8220; _builder_version=&#8220;4.27.4&#8243; _module_preset=&#8220;default&#8220; border_width_all=&#8220;1px&#8220; border_color_all=&#8220;#000000&#8243; global_colors_info=&#8220;{}&#8220;][\/et_pb_image][\/et_pb_column][et_pb_column type=&#8220;1_2&#8243; _builder_version=&#8220;4.23.1&#8243; _module_preset=&#8220;default&#8220; global_colors_info=&#8220;{}&#8220;][et_pb_image src=&#8220;https:\/\/sterneerleben.info\/new\/wp-content\/uploads\/2023\/11\/mondfinsternis_2003-scaled.jpg&#8220; alt=&#8220;mondfinsternis_2003&#8243; title_text=&#8220;mondfinsternis_2003&#8243; url=&#8220;https:\/\/sterneerleben.info\/new\/wp-content\/uploads\/2023\/11\/mondfinsternis_2003-scaled.jpg&#8220; _builder_version=&#8220;4.27.4&#8243; _module_preset=&#8220;default&#8220; global_colors_info=&#8220;{}&#8220;][\/et_pb_image][\/et_pb_column][\/et_pb_row][et_pb_row _builder_version=&#8220;4.23.1&#8243; _module_preset=&#8220;default&#8220; width=&#8220;100%&#8220; custom_padding=&#8220;1px|||||&#8220; global_colors_info=&#8220;{}&#8220;][et_pb_column type=&#8220;4_4&#8243; _builder_version=&#8220;4.23.1&#8243; _module_preset=&#8220;default&#8220; global_colors_info=&#8220;{}&#8220;][et_pb_text _builder_version=&#8220;4.27.4&#8243; _module_preset=&#8220;default&#8220; text_font=&#8220;Roboto Condensed||||||||&#8220; text_text_color=&#8220;#000000&#8243; text_line_height=&#8220;1.5em&#8220; custom_margin=&#8220;-12px|||||&#8220; global_colors_info=&#8220;{}&#8220;]<\/p>\n<p>In der Skizze links sind die Namen einiger Meere und Krater aufgef\u00fchrt. Im Bild rechts (Mondfinsternis vom 08.11.2003) sind die Meere und Krater ebenfalls erkennbar. Sieht man immer die gleichen Meere und Krater [Bilder: hh]?<\/p>\n<p>[\/et_pb_text][\/et_pb_column][\/et_pb_row][\/et_pb_section][et_pb_section fb_built=&#8220;1&#8243; _builder_version=&#8220;4.23.1&#8243; background_color=&#8220;#FFFFFF&#8220; custom_margin=&#8220;0px||0px||false|false&#8220; custom_padding=&#8220;6px|7%|14px|7%|false|false&#8220; global_colors_info=&#8220;{}&#8220;][et_pb_row _builder_version=&#8220;4.16&#8243; width=&#8220;100%&#8220; max_width=&#8220;100%&#8220; custom_margin=&#8220;-33px|-2px||auto||&#8220; custom_padding=&#8220;49px||0px|0px||&#8220; global_colors_info=&#8220;{}&#8220;][et_pb_column type=&#8220;4_4&#8243; _builder_version=&#8220;4.16&#8243; custom_padding=&#8220;|||&#8220; global_colors_info=&#8220;{}&#8220; custom_padding__hover=&#8220;|||&#8220;][et_pb_text admin_label=&#8220;Top Destination Title&#8220; _builder_version=&#8220;4.23.1&#8243; _module_preset=&#8220;e32ee8de-59d0-4b1a-8d0c-d656f4dff84a&#8220; text_font=&#8220;||||&#8220; header_text_align=&#8220;left&#8220; header_font_size=&#8220;40px&#8220; header_line_height=&#8220;1.3em&#8220; min_height=&#8220;55px&#8220; custom_margin=&#8220;||-1px|||&#8220; custom_padding=&#8220;||0px|||&#8220; animation_style=&#8220;zoom&#8220; animation_intensity_zoom=&#8220;4%&#8220; locked=&#8220;off&#8220; global_colors_info=&#8220;{}&#8220;]<\/p>\n<h2>Eine Raumsonde landete auf dem Kometen Tschuri! (1. Teil)<\/h2>\n<p>[\/et_pb_text][et_pb_divider color=&#8220;#ed4441&#8243; divider_position=&#8220;center&#8220; divider_weight=&#8220;3px&#8220; disabled_on=&#8220;off|off|off&#8220; _builder_version=&#8220;4.23.1&#8243; max_width=&#8220;150px&#8220; height=&#8220;false&#8220; custom_margin=&#8220;||0px||false|false&#8220; animation_style=&#8220;slide&#8220; animation_direction=&#8220;top&#8220; animation_delay=&#8220;100ms&#8220; animation_intensity_slide=&#8220;10%&#8220; locked=&#8220;off&#8220; global_colors_info=&#8220;{}&#8220;][\/et_pb_divider][et_pb_text admin_label=&#8220;Top Destination Sub Title&#8220; _builder_version=&#8220;4.23.1&#8243; text_font=&#8220;Roboto Condensed||||||||&#8220; text_text_color=&#8220;#1a1a1a&#8220; text_font_size=&#8220;18px&#8220; text_line_height=&#8220;1.5em&#8220; min_height=&#8220;75px&#8220; custom_margin=&#8220;10px||-7px|||&#8220; custom_padding=&#8220;0px||8px|||&#8220; animation_style=&#8220;slide&#8220; animation_direction=&#8220;top&#8220; animation_delay=&#8220;200ms&#8220; animation_intensity_slide=&#8220;10%&#8220; locked=&#8220;off&#8220; global_colors_info=&#8220;{}&#8220;]<\/p>\n<p>Mit der <strong>Weltraumfahrt und der Schwerelosigkeit<\/strong> werden wir uns auch befassen. Wir werden sicher die sensationelle Ladung der Raumsonde <strong>Philae<\/strong> auf dem Kometen <strong>Tschuri<\/strong> zusammen kurz diskutieren. Details und das Bauen einfacher Modelle werden Themen im Fortsetzungskurs sein.<\/p>\n<p>[\/et_pb_text][\/et_pb_column][\/et_pb_row][et_pb_row column_structure=&#8220;1_2,1_2&#8243; _builder_version=&#8220;4.27.4&#8243; _module_preset=&#8220;default&#8220; width=&#8220;auto&#8220; max_width=&#8220;none&#8220; custom_padding=&#8220;||27px|||&#8220; global_colors_info=&#8220;{}&#8220;][et_pb_column type=&#8220;1_2&#8243; _builder_version=&#8220;4.27.4&#8243; _module_preset=&#8220;default&#8220; global_colors_info=&#8220;{}&#8220;][et_pb_image src=&#8220;https:\/\/sterneerleben.info\/new\/wp-content\/uploads\/2023\/11\/tschuri_3.jpg&#8220; alt=&#8220;Tschuri&#8220; title_text=&#8220;Tschuri&#8220; url=&#8220;https:\/\/sterneerleben.info\/new\/wp-content\/uploads\/2023\/11\/tschuri_3.jpg&#8220; _builder_version=&#8220;4.27.4&#8243; _module_preset=&#8220;default&#8220; global_colors_info=&#8220;{}&#8220;][\/et_pb_image][\/et_pb_column][et_pb_column type=&#8220;1_2&#8243; _builder_version=&#8220;4.21.0&#8243; _module_preset=&#8220;default&#8220; global_colors_info=&#8220;{}&#8220;][et_pb_video src=&#8220;https:\/\/www.youtube.com\/watch?v=gDmp4ZhSuIc&#8220; _builder_version=&#8220;4.27.4&#8243; _module_preset=&#8220;default&#8220; global_colors_info=&#8220;{}&#8220;][\/et_pb_video][et_pb_text _builder_version=&#8220;4.27.4&#8243; _module_preset=&#8220;default&#8220; text_font=&#8220;Roboto Condensed||||||||&#8220; text_font_size=&#8220;18px&#8220; text_line_height=&#8220;1.5em&#8220; global_colors_info=&#8220;{}&#8220;]<\/p>\n<p><span style=\"color: #000000;\">Nach \u00fcber <strong>10 j\u00e4hriger Reise (!)<\/strong> ist die Raumsonde <em><strong>Rosetta<\/strong> <\/em>2014 beim Kometen Tschuri (Bild oben) angekommen und ihr kleiner Begleiter <em><strong>Philae<\/strong> <\/em>ist auf dem Kometen gelandet. Die Berner Physikerin Kathrin Altwegg und ihr Team haben das wichtige Experiment <em>Rosina<\/em> auf der Kometenmission <strong><em>Rosetta<\/em> <\/strong>gebaut und durchgef\u00fchrt.<br \/><\/span><\/p>\n<p>[\/et_pb_text][\/et_pb_column][\/et_pb_row][\/et_pb_section][et_pb_section fb_built=&#8220;1&#8243; _builder_version=&#8220;4.23&#8243; background_color=&#8220;#FFFFFF&#8220; custom_margin=&#8220;0px||0px||false|false&#8220; custom_padding=&#8220;0px|7%|0px|7%|false|false&#8220; global_colors_info=&#8220;{}&#8220;][et_pb_row _builder_version=&#8220;4.23.1&#8243; width=&#8220;100%&#8220; max_width=&#8220;100%&#8220; custom_margin=&#8220;0px|-2px|-14px|auto||&#8220; custom_padding=&#8220;3px||0px|0px||&#8220; global_colors_info=&#8220;{}&#8220;][et_pb_column type=&#8220;4_4&#8243; _builder_version=&#8220;4.16&#8243; custom_padding=&#8220;|||&#8220; global_colors_info=&#8220;{}&#8220; custom_padding__hover=&#8220;|||&#8220;][et_pb_text admin_label=&#8220;Top Destination Title&#8220; _builder_version=&#8220;4.27.4&#8243; _module_preset=&#8220;e32ee8de-59d0-4b1a-8d0c-d656f4dff84a&#8220; text_font=&#8220;||||&#8220; header_text_align=&#8220;left&#8220; header_font_size=&#8220;40px&#8220; header_line_height=&#8220;1.3em&#8220; custom_margin=&#8220;||1px|||&#8220; custom_padding=&#8220;||2px|||&#8220; animation_style=&#8220;zoom&#8220; animation_intensity_zoom=&#8220;4%&#8220; locked=&#8220;off&#8220; global_colors_info=&#8220;{}&#8220;]<\/p>\n<h2>Claude Nicollier &#8211; der einzige Schweizer Astronaut &#8211; wird uns am Montagabend besuchen!<\/h2>\n<p>[\/et_pb_text][et_pb_divider color=&#8220;#ed4441&#8243; divider_position=&#8220;center&#8220; divider_weight=&#8220;3px&#8220; disabled_on=&#8220;off|off|off&#8220; _builder_version=&#8220;4.16&#8243; max_width=&#8220;150px&#8220; height=&#8220;false&#8220; custom_margin=&#8220;||21px|||&#8220; animation_style=&#8220;slide&#8220; animation_direction=&#8220;top&#8220; animation_delay=&#8220;100ms&#8220; animation_intensity_slide=&#8220;10%&#8220; locked=&#8220;off&#8220; global_colors_info=&#8220;{}&#8220;][\/et_pb_divider][\/et_pb_column][\/et_pb_row][et_pb_row column_structure=&#8220;1_2,1_2&#8243; _builder_version=&#8220;4.16&#8243; _module_preset=&#8220;default&#8220; width=&#8220;100%&#8220; max_width=&#8220;100%&#8220; custom_padding=&#8220;2px|||||&#8220; global_colors_info=&#8220;{}&#8220;][et_pb_column type=&#8220;1_2&#8243; _builder_version=&#8220;4.16&#8243; _module_preset=&#8220;default&#8220; global_colors_info=&#8220;{}&#8220;][et_pb_image src=&#8220;https:\/\/sterneerleben.info\/new\/wp-content\/uploads\/2024\/12\/Claude_Nicollier_repairing_Hubble.jpg&#8220; title_text=&#8220;Claude_Nicollier_repairing_Hubble&#8220; url=&#8220;https:\/\/sterneerleben.info\/new\/wp-content\/uploads\/2024\/12\/Claude_Nicollier_repairing_Hubble.jpg&#8220; _builder_version=&#8220;4.27.4&#8243; _module_preset=&#8220;default&#8220; custom_margin=&#8220;||6px|||&#8220; global_colors_info=&#8220;{}&#8220;][\/et_pb_image][et_pb_text _builder_version=&#8220;4.27.4&#8243; _module_preset=&#8220;default&#8220; text_font=&#8220;Roboto Condensed||||||||&#8220; global_colors_info=&#8220;{}&#8220;]<\/p>\n<p><span style=\"color: #000000;\">Claude Nicollier war vier Mal im Weltall, vor allem als Experte f\u00fcr das Hubble-Weltraumteleskop [Bild: ESA].<br \/><\/span><\/p>\n<p>[\/et_pb_text][et_pb_image src=&#8220;https:\/\/sterneerleben.info\/new\/wp-content\/uploads\/2024\/12\/EURECA_verkehrshaus-Kopie.jpg&#8220; title_text=&#8220;EURECA_verkehrshaus Kopie&#8220; url=&#8220;https:\/\/sterneerleben.info\/new\/wp-content\/uploads\/2024\/12\/EURECA_verkehrshaus-Kopie.jpg&#8220; _builder_version=&#8220;4.27.4&#8243; _module_preset=&#8220;default&#8220; custom_margin=&#8220;||6px|||&#8220; global_colors_info=&#8220;{}&#8220;][\/et_pb_image][\/et_pb_column][et_pb_column type=&#8220;1_2&#8243; _builder_version=&#8220;4.16&#8243; _module_preset=&#8220;default&#8220; global_colors_info=&#8220;{}&#8220;][et_pb_image src=&#8220;https:\/\/sterneerleben.info\/new\/wp-content\/uploads\/2024\/12\/20240124_nicollier_fotomontage-scaled.jpg&#8220; title_text=&#8220;20240124_nicollier_fotomontage&#8220; url=&#8220;https:\/\/sterneerleben.info\/new\/wp-content\/uploads\/2024\/12\/20240124_nicollier_fotomontage-scaled.jpg&#8220; _builder_version=&#8220;4.27.4&#8243; _module_preset=&#8220;default&#8220; custom_margin=&#8220;||9px|||&#8220; global_colors_info=&#8220;{}&#8220;][\/et_pb_image][et_pb_text _builder_version=&#8220;4.27.4&#8243; _module_preset=&#8220;default&#8220; text_font=&#8220;Roboto Condensed||||||||&#8220; text_text_color=&#8220;#000000&#8243; global_colors_info=&#8220;{}&#8220;]<\/p>\n<p>Claude Nicollier anl\u00e4sslich des Vortrages <em>Eindr\u00fccke aus dem Weltall<\/em> in D\u00fcbendorf am 24.01.2024 [Bild: hh].<\/p>\n<p>[\/et_pb_text][et_pb_text _builder_version=&#8220;4.27.4&#8243; _module_preset=&#8220;default&#8220; text_font=&#8220;Roboto Condensed||||||||&#8220; text_font_size=&#8220;18px&#8220; global_colors_info=&#8220;{}&#8220;]<\/p>\n<p><span style=\"color: #000000;\"><\/span><\/p>\n<p><span style=\"color: #000000;\">Unglaublich, aber Claude Nicollier hat zugesagt, dass er am <strong>Montag, 06. Oktober 2025 um 19:30 Uhr in die Eventhalle<\/strong> kommen wird. Der Vortrag <strong>&#8222;Eindr\u00fccke aus dem Weltraum&#8220;<\/strong> ist gratis und \u00f6ffentlich, d.h. ihr k\u00f6nnt mitnehmen, wen ihr wollt.<\/span><\/p>\n<p><span style=\"color: #000000;\"><strong>Claude Nicollier war vier Mal mit dem Space-Shuttle im Weltall<\/strong>. Zwei Mal hat er das <strong>Hubble-Weltraum-Teleskop<\/strong> gewartet und einmal hat er die Experimente-Plattform <strong>EURECA<\/strong> (Satellit) ausgesetzt. Ein Jahr sp\u00e4ter wurde EURECA wieder eingefangen und auf die Erde zur\u00fcckgebracht, um die Experimente auszuwerten. Aus finanziellen Gr\u00fcnden blieb EURECA danach auf der Erde und kann nun im Verkehrshaus Luzern besichtigt werden [Bild links: hh].<br \/><\/span><\/p>\n<p>[\/et_pb_text][\/et_pb_column][\/et_pb_row][\/et_pb_section][et_pb_section fb_built=&#8220;1&#8243; _builder_version=&#8220;4.23.1&#8243; background_color=&#8220;#FFFFFF&#8220; custom_margin=&#8220;0px||0px||false|false&#8220; custom_padding=&#8220;0px|7%|0px|7%|false|false&#8220; global_colors_info=&#8220;{}&#8220;][et_pb_row _builder_version=&#8220;4.16&#8243; width=&#8220;100%&#8220; max_width=&#8220;100%&#8220; custom_margin=&#8220;0px|-2px||auto||&#8220; custom_padding=&#8220;||0px|0px||&#8220; global_colors_info=&#8220;{}&#8220;][et_pb_column type=&#8220;4_4&#8243; _builder_version=&#8220;4.16&#8243; custom_padding=&#8220;|||&#8220; global_colors_info=&#8220;{}&#8220; custom_padding__hover=&#8220;|||&#8220;][et_pb_text admin_label=&#8220;Top Destination Title&#8220; _builder_version=&#8220;4.27.4&#8243; _module_preset=&#8220;e32ee8de-59d0-4b1a-8d0c-d656f4dff84a&#8220; text_font=&#8220;||||&#8220; header_text_align=&#8220;left&#8220; header_font_size=&#8220;40px&#8220; header_line_height=&#8220;1.3em&#8220; min_height=&#8220;47px&#8220; custom_margin=&#8220;||3px|||&#8220; custom_padding=&#8220;||0px|||&#8220; animation_style=&#8220;zoom&#8220; animation_intensity_zoom=&#8220;4%&#8220; locked=&#8220;off&#8220; global_colors_info=&#8220;{}&#8220;]<\/p>\n<h2>Zusammen werden wir noch viele weitere Themen anschauen<\/h2>\n<p>[\/et_pb_text][et_pb_divider color=&#8220;#ed4441&#8243; divider_position=&#8220;center&#8220; divider_weight=&#8220;3px&#8220; disabled_on=&#8220;off|off|off&#8220; _builder_version=&#8220;4.23.1&#8243; max_width=&#8220;150px&#8220; height=&#8220;false&#8220; custom_margin=&#8220;||21px|||&#8220; animation_style=&#8220;slide&#8220; animation_direction=&#8220;top&#8220; animation_delay=&#8220;100ms&#8220; animation_intensity_slide=&#8220;10%&#8220; locked=&#8220;off&#8220; global_colors_info=&#8220;{}&#8220;][\/et_pb_divider][et_pb_text _builder_version=&#8220;4.23.1&#8243; _module_preset=&#8220;default&#8220; text_font=&#8220;Roboto Condensed||||||||&#8220; text_text_color=&#8220;#000000&#8243; text_font_size=&#8220;18px&#8220; custom_margin=&#8220;-11px|||||&#8220; global_colors_info=&#8220;{}&#8220;]<\/p>\n<p>Falls du W\u00fcnsche hast, kannst du uns diese gerne mailen: <a href=\"mailto:heinz.hofer@quicknet.ch\">heinz.hofer@quicknet.ch<\/a><\/p>\n<p>[\/et_pb_text][\/et_pb_column][\/et_pb_row][\/et_pb_section][et_pb_section fb_built=&#8220;1&#8243; _builder_version=&#8220;4.23&#8243; background_color=&#8220;#FFFFFF&#8220; custom_margin=&#8220;0px||0px||false|false&#8220; custom_padding=&#8220;0px|7%|0px|7%|false|false&#8220; global_colors_info=&#8220;{}&#8220;][et_pb_row _builder_version=&#8220;4.16&#8243; width=&#8220;100%&#8220; max_width=&#8220;100%&#8220; custom_margin=&#8220;0px|0px||auto|false|false&#8220; custom_padding=&#8220;||0px|0px||&#8220; global_colors_info=&#8220;{}&#8220;][et_pb_column type=&#8220;4_4&#8243; _builder_version=&#8220;4.16&#8243; custom_padding=&#8220;|||&#8220; global_colors_info=&#8220;{}&#8220; custom_padding__hover=&#8220;|||&#8220;][et_pb_text admin_label=&#8220;Top Destination Title&#8220; _builder_version=&#8220;4.23.1&#8243; _module_preset=&#8220;e32ee8de-59d0-4b1a-8d0c-d656f4dff84a&#8220; text_font=&#8220;||||&#8220; header_text_align=&#8220;left&#8220; header_font_size=&#8220;40px&#8220; header_line_height=&#8220;1.3em&#8220; custom_margin=&#8220;||1px||false|false&#8220; custom_padding=&#8220;||0px||false|false&#8220; animation_style=&#8220;zoom&#8220; animation_intensity_zoom=&#8220;4%&#8220; locked=&#8220;off&#8220; global_colors_info=&#8220;{}&#8220;]<\/p>\n<h2>Wer wir sind<\/h2>\n<p>[\/et_pb_text][et_pb_divider color=&#8220;#ed4441&#8243; divider_position=&#8220;center&#8220; divider_weight=&#8220;3px&#8220; disabled_on=&#8220;off|off|off&#8220; _builder_version=&#8220;4.23.1&#8243; max_width=&#8220;150px&#8220; height=&#8220;false&#8220; custom_margin=&#8220;||||false|false&#8220; animation_style=&#8220;slide&#8220; animation_direction=&#8220;top&#8220; animation_delay=&#8220;100ms&#8220; animation_intensity_slide=&#8220;10%&#8220; locked=&#8220;off&#8220; global_colors_info=&#8220;{}&#8220;][\/et_pb_divider][\/et_pb_column][\/et_pb_row][et_pb_row column_structure=&#8220;1_4,1_4,1_4,1_4&#8243; _builder_version=&#8220;4.16&#8243; _module_preset=&#8220;default&#8220; width=&#8220;100%&#8220; max_width=&#8220;100%&#8220; custom_padding=&#8220;0px||5px|||&#8220; global_colors_info=&#8220;{}&#8220;][et_pb_column type=&#8220;1_4&#8243; _builder_version=&#8220;4.16&#8243; _module_preset=&#8220;default&#8220; global_colors_info=&#8220;{}&#8220;][et_pb_image src=&#8220;https:\/\/sterneerleben.info\/new\/wp-content\/uploads\/2022\/06\/2021_3zu2.jpg&#8220; alt=&#8220;Heinz&#8220; title_text=&#8220;Heinz&#8220; _builder_version=&#8220;4.23.1&#8243; _module_preset=&#8220;default&#8220; custom_margin=&#8220;||-1px|||&#8220; global_colors_info=&#8220;{}&#8220;][\/et_pb_image][et_pb_text _builder_version=&#8220;4.23.1&#8243; _module_preset=&#8220;default&#8220; text_font=&#8220;Roboto Condensed||||||||&#8220; text_text_color=&#8220;#000000&#8243; text_line_height=&#8220;1.5em&#8220; custom_padding=&#8220;5%|3%|5%|3%|true|true&#8220; global_colors_info=&#8220;{}&#8220;]<\/p>\n<p><strong>Heinz Hofer<\/strong><\/p>\n<p>Ich bin seit der 3. Klasse fasziniert von den Ph\u00e4nomenen des Nachthimmels.<\/p>\n<p>[\/et_pb_text][\/et_pb_column][et_pb_column type=&#8220;1_4&#8243; _builder_version=&#8220;4.16&#8243; _module_preset=&#8220;default&#8220; global_colors_info=&#8220;{}&#8220;][et_pb_image src=&#8220;https:\/\/sterneerleben.info\/new\/wp-content\/uploads\/2024\/09\/andres_evelyne_red.jpg&#8220; alt=&#8220;evelyne andres&#8220; title_text=&#8220;andres_evelyne_red&#8220; _builder_version=&#8220;4.27.0&#8243; _module_preset=&#8220;default&#8220; custom_margin=&#8220;||-5px|||&#8220; global_colors_info=&#8220;{}&#8220;][\/et_pb_image][et_pb_text _builder_version=&#8220;4.27.4&#8243; _module_preset=&#8220;default&#8220; text_font=&#8220;Roboto Condensed||||||||&#8220; text_text_color=&#8220;#000000&#8243; text_line_height=&#8220;1.5em&#8220; custom_padding=&#8220;5%|3%|5%|3%|true|true&#8220; global_colors_info=&#8220;{}&#8220;]<\/p>\n<p><strong>Evelyne Andres<br \/><\/strong><\/p>\n<p>Sonne, Mond und Sterne hab ich einfach sehr, sehr gerne. Ich finde es unfassbar beeindruckend, was sich am Himmel tut, sobald die Sonne untergegangen ist.<\/p>\n<p>[\/et_pb_text][\/et_pb_column][et_pb_column type=&#8220;1_4&#8243; _builder_version=&#8220;4.16&#8243; _module_preset=&#8220;default&#8220; global_colors_info=&#8220;{}&#8220;][et_pb_image src=&#8220;https:\/\/sterneerleben.info\/new\/wp-content\/uploads\/2023\/11\/portrait_elisabeth_II.jpg&#8220; alt=&#8220;Elisabeth&#8220; title_text=&#8220;Elisabeth&#8220; _builder_version=&#8220;4.27.0&#8243; _module_preset=&#8220;default&#8220; custom_margin=&#8220;||-1px|||&#8220; global_colors_info=&#8220;{}&#8220;][\/et_pb_image][et_pb_text _builder_version=&#8220;4.27.4&#8243; _module_preset=&#8220;default&#8220; text_font=&#8220;Roboto Condensed||||||||&#8220; text_text_color=&#8220;#000000&#8243; text_line_height=&#8220;1.5em&#8220; custom_padding=&#8220;5%|3%|5%|3%|true|true&#8220; global_colors_info=&#8220;{}&#8220;]<\/p>\n<p><strong>Elisabeth Jahnke<\/strong><\/p>\n<p>Von klein auf faszinieren mich Sterne, Mond und Planeten. Ich freue mich darauf, mit dir den Nachthimmel zu erforschen!<\/p>\n<p><span>\u00a0<\/span><\/p>\n<p>[\/et_pb_text][\/et_pb_column][et_pb_column type=&#8220;1_4&#8243; _builder_version=&#8220;4.16&#8243; _module_preset=&#8220;default&#8220; global_colors_info=&#8220;{}&#8220;][et_pb_image src=&#8220;https:\/\/sterneerleben.info\/new\/wp-content\/uploads\/2021\/06\/portrait_ruth.jpg&#8220; alt=&#8220;Ruth&#8220; title_text=&#8220;Ruth&#8220; _builder_version=&#8220;4.23.1&#8243; _module_preset=&#8220;default&#8220; custom_margin=&#8220;||-6px|||&#8220; global_colors_info=&#8220;{}&#8220;][\/et_pb_image][et_pb_text _builder_version=&#8220;4.27.4&#8243; _module_preset=&#8220;default&#8220; text_font=&#8220;Roboto Condensed||||||||&#8220; text_text_color=&#8220;#000000&#8243; text_line_height=&#8220;1.5em&#8220; min_height=&#8220;140.7px&#8220; custom_padding=&#8220;5%||5%|3%|true|false&#8220; global_colors_info=&#8220;{}&#8220;]<\/p>\n<p><strong>Ruth Hofer<\/strong><\/p>\n<p><span>Mit meinen Dritt- und Viertkl\u00e4ssler*innen erlebte ich immer wieder wundersch\u00f6ne Sternstunden. Dies w\u00fcnsche ich euch auch in eurem Kurs.<\/span><\/p>\n<p>[\/et_pb_text][\/et_pb_column][\/et_pb_row][et_pb_row column_structure=&#8220;1_4,1_4,1_4,1_4&#8243; _builder_version=&#8220;4.16&#8243; _module_preset=&#8220;default&#8220; width=&#8220;100%&#8220; max_width=&#8220;100%&#8220; min_height=&#8220;554.5px&#8220; custom_padding=&#8220;||4px|||&#8220; global_colors_info=&#8220;{}&#8220;][et_pb_column type=&#8220;1_4&#8243; _builder_version=&#8220;4.16&#8243; _module_preset=&#8220;default&#8220; global_colors_info=&#8220;{}&#8220;][et_pb_image src=&#8220;https:\/\/sterneerleben.info\/new\/wp-content\/uploads\/2024\/10\/Philipp-Keil-Kopie-scaled.jpg&#8220; alt=&#8220;evelyne andres&#8220; title_text=&#8220;Philipp Keil Kopie&#8220; _builder_version=&#8220;4.27.4&#8243; _module_preset=&#8220;default&#8220; custom_margin=&#8220;||-5px|||&#8220; global_colors_info=&#8220;{}&#8220;][\/et_pb_image][et_pb_text _builder_version=&#8220;4.27.4&#8243; _module_preset=&#8220;default&#8220; text_font=&#8220;Roboto Condensed||||||||&#8220; text_text_color=&#8220;#000000&#8243; text_line_height=&#8220;1.5em&#8220; custom_padding=&#8220;5%|3%|5%|3%|true|true&#8220; global_colors_info=&#8220;{}&#8220;]<\/p>\n<p><strong>Phillip Keil (wird dieses Jahr nicht dabei sein)<\/strong><\/p>\n<p><span style=\"color: #000000; font-family: 'Roboto Condensed', Helvetica, Arial, Lucida, sans-serif; font-size: 14px; font-style: normal; font-variant-ligatures: normal; font-variant-caps: normal; font-weight: 500; letter-spacing: normal; orphans: 2; text-align: left; text-indent: 0px; text-transform: none; widows: 2; word-spacing: 0px; -webkit-text-stroke-width: 0px; white-space: normal; background-color: #ffffff; text-decoration-thickness: initial; text-decoration-style: initial; text-decoration-color: initial; display: inline !important; float: none;\">Als Sch\u00fcler und Student habe ich den Nacht- und Sternenhimmel kennengelernt. Fast 20 Jahre sp\u00e4ter bin ich immer noch fasziniert.<\/span><\/p>\n<p>[\/et_pb_text][\/et_pb_column][et_pb_column type=&#8220;1_4&#8243; _builder_version=&#8220;4.16&#8243; _module_preset=&#8220;default&#8220; global_colors_info=&#8220;{}&#8220;][et_pb_image src=&#8220;https:\/\/sterneerleben.info\/new\/wp-content\/uploads\/2022\/06\/portrait_emilia-scaled.jpg&#8220; alt=&#8220;Emilia&#8220; title_text=&#8220;Emilia&#8220; _builder_version=&#8220;4.23.1&#8243; _module_preset=&#8220;default&#8220; custom_margin=&#8220;||-6px|||&#8220; global_colors_info=&#8220;{}&#8220;][\/et_pb_image][et_pb_text _builder_version=&#8220;4.27.4&#8243; _module_preset=&#8220;default&#8220; text_font=&#8220;Roboto Condensed||||||||&#8220; text_text_color=&#8220;#000000&#8243; text_line_height=&#8220;1.5em&#8220; min_height=&#8220;137.7px&#8220; custom_padding=&#8220;6.3%||6.3%|3%|true|false&#8220; global_colors_info=&#8220;{}&#8220;]<\/p>\n<p><strong>Emilia Boeschoten (wird dieses Jahr nicht dabei sein)<br \/><\/strong><\/p>\n<p>Seit dem Kindergarten fasziniert mich der Sternenhimmel. Und die Frage, ob es wohl gr\u00fcne Sterne gibt\u2026?<\/p>\n<p>[\/et_pb_text][\/et_pb_column][et_pb_column type=&#8220;1_4&#8243; _builder_version=&#8220;4.16&#8243; _module_preset=&#8220;default&#8220; global_colors_info=&#8220;{}&#8220;][et_pb_image src=&#8220;https:\/\/sterneerleben.info\/new\/wp-content\/uploads\/2023\/09\/pascale-Kopie.jpg&#8220; alt=&#8220;Pascale&#8220; title_text=&#8220;Pascale&#8220; _builder_version=&#8220;4.27.0&#8243; _module_preset=&#8220;default&#8220; custom_margin=&#8220;||0px||false|false&#8220; global_colors_info=&#8220;{}&#8220;][\/et_pb_image][et_pb_text _builder_version=&#8220;4.27.4&#8243; _module_preset=&#8220;default&#8220; text_font=&#8220;Roboto Condensed||||||||&#8220; text_text_color=&#8220;#000000&#8243; text_line_height=&#8220;1.5em&#8220; custom_padding=&#8220;5%|3%|5%|3%|true|true&#8220; global_colors_info=&#8220;{}&#8220;]<\/p>\n<p><strong>Pascale Kohler (wird dieses Jahr nicht dabei sein)<\/strong><\/p>\n<p>Der Nachthimmel fasziniert und begeistert mich immer wieder aufs Neue!<\/p>\n<p>[\/et_pb_text][\/et_pb_column][et_pb_column type=&#8220;1_4&#8243; _builder_version=&#8220;4.16&#8243; _module_preset=&#8220;default&#8220; global_colors_info=&#8220;{}&#8220;][et_pb_image src=&#8220;https:\/\/sterneerleben.info\/new\/wp-content\/uploads\/2023\/09\/fiona_portrait.jpg&#8220; alt=&#8220;Fiona&#8220; title_text=&#8220;Fiona&#8220; _builder_version=&#8220;4.27.0&#8243; _module_preset=&#8220;default&#8220; custom_margin=&#8220;||0px||false|false&#8220; global_colors_info=&#8220;{}&#8220;][\/et_pb_image][et_pb_text _builder_version=&#8220;4.27.0&#8243; _module_preset=&#8220;default&#8220; text_font=&#8220;Roboto Condensed||||||||&#8220; text_text_color=&#8220;#000000&#8243; text_line_height=&#8220;1.5em&#8220; custom_padding=&#8220;5%|3%|5%|3%|true|true&#8220; global_colors_info=&#8220;{}&#8220;]<\/p>\n<p><strong>Fiona Hofer (wird dieses Jahr nicht dabei sein)<br \/><\/strong><\/p>\n<p><span>Ich liebe die Natur mit all ihren Facetten &#8211; dazu geh\u00f6rt auch das Erleben der Dunkelheit, des Nacht- und Sternenhimmels.<\/span><\/p>\n<p>[\/et_pb_text][\/et_pb_column][\/et_pb_row][et_pb_row column_structure=&#8220;1_4,1_4,1_4,1_4&#8243; _builder_version=&#8220;4.16&#8243; _module_preset=&#8220;default&#8220; width=&#8220;100%&#8220; max_width=&#8220;100%&#8220; min_height=&#8220;554.5px&#8220; custom_padding=&#8220;||4px|||&#8220; global_colors_info=&#8220;{}&#8220;][et_pb_column type=&#8220;1_4&#8243; _builder_version=&#8220;4.16&#8243; _module_preset=&#8220;default&#8220; global_colors_info=&#8220;{}&#8220;][et_pb_image src=&#8220;https:\/\/sterneerleben.info\/new\/wp-content\/uploads\/2021\/06\/portrait_rauber.jpg&#8220; alt=&#8220;C\u00e9line&#8220; title_text=&#8220;C\u00e9line&#8220; _builder_version=&#8220;4.23.1&#8243; _module_preset=&#8220;default&#8220; custom_margin=&#8220;||0px||false|false&#8220; global_colors_info=&#8220;{}&#8220;][\/et_pb_image][et_pb_text _builder_version=&#8220;4.27.0&#8243; _module_preset=&#8220;default&#8220; text_font=&#8220;Roboto Condensed||||||||&#8220; text_text_color=&#8220;#000000&#8243; text_line_height=&#8220;1.5em&#8220; custom_padding=&#8220;5%|3%|5%|3%|true|true&#8220; global_colors_info=&#8220;{}&#8220;]<\/p>\n<p><strong>C\u00e9line Rauber (wird dieses Jahr nicht dabei sein)<br \/><\/strong><\/p>\n<p>Seit dem ersten Foto einer Sternschnuppe ist es um mich geschehen. Nunmehr seit 3 Jahren besch\u00e4ftige ich mich intensiv mit den begeisternden F\u00e4chern Physik und Astronomie und hoffe, diese Begeisterung nun mit euch teilen zu k\u00f6nnen.<\/p>\n<p>[\/et_pb_text][\/et_pb_column][et_pb_column type=&#8220;1_4&#8243; _builder_version=&#8220;4.16&#8243; _module_preset=&#8220;default&#8220; global_colors_info=&#8220;{}&#8220;][\/et_pb_column][et_pb_column type=&#8220;1_4&#8243; _builder_version=&#8220;4.16&#8243; _module_preset=&#8220;default&#8220; global_colors_info=&#8220;{}&#8220;][\/et_pb_column][et_pb_column type=&#8220;1_4&#8243; _builder_version=&#8220;4.16&#8243; _module_preset=&#8220;default&#8220; global_colors_info=&#8220;{}&#8220;][\/et_pb_column][\/et_pb_row][\/et_pb_section][et_pb_section fb_built=&#8220;1&#8243; _builder_version=&#8220;4.23.1&#8243; background_color=&#8220;#FFFFFF&#8220; custom_margin=&#8220;0px||0px||false|false&#8220; custom_padding=&#8220;0px|7%|0px|7%|false|false&#8220; global_colors_info=&#8220;{}&#8220;][et_pb_row _builder_version=&#8220;4.16&#8243; width=&#8220;100%&#8220; max_width=&#8220;100%&#8220; custom_margin=&#8220;0px|-2px||auto||&#8220; custom_padding=&#8220;||0px|0px||&#8220; global_colors_info=&#8220;{}&#8220;][et_pb_column type=&#8220;4_4&#8243; _builder_version=&#8220;4.16&#8243; custom_padding=&#8220;|||&#8220; global_colors_info=&#8220;{}&#8220; custom_padding__hover=&#8220;|||&#8220;][et_pb_text admin_label=&#8220;Top Destination Title&#8220; _builder_version=&#8220;4.27.4&#8243; _module_preset=&#8220;e32ee8de-59d0-4b1a-8d0c-d656f4dff84a&#8220; text_font=&#8220;||||&#8220; header_text_align=&#8220;left&#8220; header_font_size=&#8220;40px&#8220; header_line_height=&#8220;1.3em&#8220; min_height=&#8220;47px&#8220; custom_margin=&#8220;||3px|||&#8220; custom_padding=&#8220;||0px|||&#8220; animation_style=&#8220;zoom&#8220; animation_intensity_zoom=&#8220;4%&#8220; locked=&#8220;off&#8220; global_colors_info=&#8220;{}&#8220;]<\/p>\n<h2>Downloads<\/h2>\n<p>[\/et_pb_text][et_pb_divider color=&#8220;#ed4441&#8243; divider_position=&#8220;center&#8220; divider_weight=&#8220;3px&#8220; disabled_on=&#8220;off|off|off&#8220; _builder_version=&#8220;4.23.1&#8243; max_width=&#8220;150px&#8220; height=&#8220;false&#8220; custom_margin=&#8220;||21px|||&#8220; animation_style=&#8220;slide&#8220; animation_direction=&#8220;top&#8220; animation_delay=&#8220;100ms&#8220; animation_intensity_slide=&#8220;10%&#8220; locked=&#8220;off&#8220; global_colors_info=&#8220;{}&#8220;][\/et_pb_divider][et_pb_text _builder_version=&#8220;4.27.2&#8243; _module_preset=&#8220;default&#8220; text_font=&#8220;Roboto Condensed||||||||&#8220; text_text_color=&#8220;#000000&#8243; text_font_size=&#8220;18px&#8220; custom_margin=&#8220;-11px|||||&#8220; global_colors_info=&#8220;{}&#8220;]<\/p>\n<p>Download Lernsoftware &#8222;Sternbilder kennenlernen&#8220;: <a href=\"https:\/\/creainmotion.info\/download\/sternbilder_kennenlernen.zip\">https:\/\/creainmotion.info\/download\/sternbilder_kennenlernen.zip<\/a><a href=\"mailto:heinz.hofer@quicknet.ch\"><\/a><\/p>\n<p>[\/et_pb_text][\/et_pb_column][\/et_pb_row][\/et_pb_section][et_pb_section fb_built=&#8220;1&#8243; _builder_version=&#8220;4.23&#8243; _module_preset=&#8220;default&#8220; background_color=&#8220;#FFFFFF&#8220; min_height=&#8220;72.8px&#8220; custom_margin=&#8220;0px||0px||false|false&#8220; custom_padding=&#8220;7px|7%|4px|7.1%|false|false&#8220; global_colors_info=&#8220;{}&#8220;][et_pb_row _builder_version=&#8220;4.16&#8243; _module_preset=&#8220;default&#8220; width=&#8220;100%&#8220; max_width=&#8220;100%&#8220; global_colors_info=&#8220;{}&#8220;][et_pb_column type=&#8220;4_4&#8243; _builder_version=&#8220;4.16&#8243; _module_preset=&#8220;default&#8220; global_colors_info=&#8220;{}&#8220;][et_pb_text _builder_version=&#8220;4.27.4&#8243; _module_preset=&#8220;default&#8220; text_font=&#8220;Roboto Condensed||||||||&#8220; text_font_size=&#8220;11px&#8220; global_colors_info=&#8220;{}&#8220;]<\/p>\n<p><span style=\"color: #000000;\">Aktualisiert am 13.07.2025<\/span><\/p>\n<p>[\/et_pb_text][\/et_pb_column][\/et_pb_row][\/et_pb_section]<\/p>\n","protected":false},"excerpt":{"rendered":"<p>Wundersch\u00f6ne Planetenparade vom 18. Mai 2022 um 04:40 Uhr auf dem Beatenberg. Von rechts nach links: Der Saturn hat den Steinbock verlassen, danach folgt der Wassermann [gezeichnet nach Werner Perrey] und in den Fischen sitzen Mars und Jupiter. Kurze Zeit sp\u00e4ter tauchte auch die Venus noch auf [Bild: hh].Sterne erleben 2025 &#8211; Teil 1Vergiss nicht, [&hellip;]<\/p>\n","protected":false},"author":1,"featured_media":0,"parent":0,"menu_order":0,"comment_status":"closed","ping_status":"closed","template":"","meta":{"_bbp_topic_count":0,"_bbp_reply_count":0,"_bbp_total_topic_count":0,"_bbp_total_reply_count":0,"_bbp_voice_count":0,"_bbp_anonymous_reply_count":0,"_bbp_topic_count_hidden":0,"_bbp_reply_count_hidden":0,"_bbp_forum_subforum_count":0,"_et_pb_use_builder":"on","_et_pb_old_content":"","_et_gb_content_width":"","footnotes":""},"class_list":["post-1356","page","type-page","status-publish","hentry"],"_links":{"self":[{"href":"https:\/\/sterneerleben.info\/new\/wp-json\/wp\/v2\/pages\/1356","targetHints":{"allow":["GET"]}}],"collection":[{"href":"https:\/\/sterneerleben.info\/new\/wp-json\/wp\/v2\/pages"}],"about":[{"href":"https:\/\/sterneerleben.info\/new\/wp-json\/wp\/v2\/types\/page"}],"author":[{"embeddable":true,"href":"https:\/\/sterneerleben.info\/new\/wp-json\/wp\/v2\/users\/1"}],"replies":[{"embeddable":true,"href":"https:\/\/sterneerleben.info\/new\/wp-json\/wp\/v2\/comments?post=1356"}],"version-history":[{"count":9,"href":"https:\/\/sterneerleben.info\/new\/wp-json\/wp\/v2\/pages\/1356\/revisions"}],"predecessor-version":[{"id":1859,"href":"https:\/\/sterneerleben.info\/new\/wp-json\/wp\/v2\/pages\/1356\/revisions\/1859"}],"wp:attachment":[{"href":"https:\/\/sterneerleben.info\/new\/wp-json\/wp\/v2\/media?parent=1356"}],"curies":[{"name":"wp","href":"https:\/\/api.w.org\/{rel}","templated":true}]}}