{"id":2034,"date":"2022-12-18T22:41:23","date_gmt":"2022-12-18T21:41:23","guid":{"rendered":"https:\/\/sterneerleben.info\/beobachtungsarchiv\/?page_id=2034"},"modified":"2022-12-18T23:40:30","modified_gmt":"2022-12-18T22:40:30","slug":"06-10-22-mond-verspaet","status":"publish","type":"page","link":"https:\/\/sterneerleben.info\/beobachtungsarchiv\/06-10-22-mond-verspaet\/","title":{"rendered":"06.10.22 Mond versp\u00e4t"},"content":{"rendered":"<p>[et_pb_section fb_built=&#8220;1&#8243; _builder_version=&#8220;4.16&#8243; _module_preset=&#8220;default&#8220; background_color=&#8220;#222222&#8243; global_colors_info=&#8220;{}&#8220;][et_pb_row _builder_version=&#8220;4.16&#8243; _module_preset=&#8220;default&#8220; global_colors_info=&#8220;{}&#8220;][et_pb_column type=&#8220;4_4&#8243; _builder_version=&#8220;4.16&#8243; _module_preset=&#8220;default&#8220; global_colors_info=&#8220;{}&#8220;][et_pb_text _builder_version=&#8220;4.19.4&#8243; _module_preset=&#8220;default&#8220; text_text_color=&#8220;#DBDBDB&#8220; header_text_color=&#8220;#DBDBDB&#8220; global_colors_info=&#8220;{}&#8220;]<\/p>\n<h1>06. Oktober 2022: Der Mond ist versp\u00e4tet<\/h1>\n<p>[\/et_pb_text][\/et_pb_column][\/et_pb_row][et_pb_row _builder_version=&#8220;4.16&#8243; _module_preset=&#8220;default&#8220; global_colors_info=&#8220;{}&#8220;][et_pb_column type=&#8220;4_4&#8243; _builder_version=&#8220;4.16&#8243; _module_preset=&#8220;default&#8220; global_colors_info=&#8220;{}&#8220;][et_pb_image src=&#8220;https:\/\/sterneerleben.info\/beobachtungsarchiv\/wp-content\/uploads\/2022\/10\/221006_DSC_3240_planeten_mond_striche-scaled.jpg&#8220; alt=&#8220;jupiter fische wassermann steinbock saturn&#8220; title_text=&#8220;221006_DSC_3240_planeten_mond_striche&#8220; _builder_version=&#8220;4.19.4&#8243; _module_preset=&#8220;default&#8220; global_colors_info=&#8220;{}&#8220;][\/et_pb_image][et_pb_text _builder_version=&#8220;4.19.4&#8243; _module_preset=&#8220;default&#8220; custom_padding=&#8220;0px|||||&#8220; hover_enabled=&#8220;0&#8243; global_colors_info=&#8220;{}&#8220; sticky_enabled=&#8220;0&#8243;]<\/p>\n<p><span style=\"color: #ffffff;\">06.10.2022, 21:43 Uhr, Zeltplatz Seeg\u00e4rtli Brienz: Blick gegen S\u00fcdwesten: Der Mond hat sich seit gestern<a href=\"https:\/\/sterneerleben.info\/beobachtungsarchiv\/1951-2\/\" target=\"_blank\" rel=\"noopener\"> &gt; 5. Oktober<\/a> schon deutlich versp\u00e4tet!<br \/><\/span><\/p>\n<p><span style=\"color: #ffffff;\"> Nikon D850, 1.6 s, f\/2.8, 1&#8217;600 ISO, 24 mm [24 \u2013 70 mm, Sigma] (Foto: hh).<\/span><\/p>\n<p>[\/et_pb_text][\/et_pb_column][\/et_pb_row][et_pb_row _builder_version=&#8220;4.16&#8243; _module_preset=&#8220;default&#8220; global_colors_info=&#8220;{}&#8220;][et_pb_column type=&#8220;4_4&#8243; _builder_version=&#8220;4.16&#8243; _module_preset=&#8220;default&#8220; global_colors_info=&#8220;{}&#8220;][et_pb_text _builder_version=&#8220;4.19.4&#8243; _module_preset=&#8220;default&#8220; text_font_size=&#8220;11px&#8220; global_colors_info=&#8220;{}&#8220;]<\/p>\n<p><span style=\"color: #999999;\">Aktualisiert am 18.12.2022 \/ heinz.hofer[\u00e4t]quicknet.ch<\/span><\/p>\n<p>[\/et_pb_text][\/et_pb_column][\/et_pb_row][\/et_pb_section]<\/p>\n","protected":false},"excerpt":{"rendered":"<p>06. Oktober 2022: Der Mond ist versp\u00e4tet06.10.2022, 21:43 Uhr, Zeltplatz Seeg\u00e4rtli Brienz: Blick gegen S\u00fcdwesten: Der Mond hat sich seit gestern &gt; 5. Oktober schon deutlich versp\u00e4tet! Nikon D850, 1.6 s, f\/2.8, 1&#8217;600 ISO, 24 mm [24 \u2013 70 mm, Sigma] (Foto: hh).Aktualisiert am 18.12.2022 \/ heinz.hofer[\u00e4t]quicknet.ch<\/p>\n","protected":false},"author":1,"featured_media":0,"parent":0,"menu_order":0,"comment_status":"closed","ping_status":"closed","template":"","meta":{"_et_pb_use_builder":"on","_et_pb_old_content":"","_et_gb_content_width":"","footnotes":""},"class_list":["post-2034","page","type-page","status-publish","hentry"],"_links":{"self":[{"href":"https:\/\/sterneerleben.info\/beobachtungsarchiv\/wp-json\/wp\/v2\/pages\/2034","targetHints":{"allow":["GET"]}}],"collection":[{"href":"https:\/\/sterneerleben.info\/beobachtungsarchiv\/wp-json\/wp\/v2\/pages"}],"about":[{"href":"https:\/\/sterneerleben.info\/beobachtungsarchiv\/wp-json\/wp\/v2\/types\/page"}],"author":[{"embeddable":true,"href":"https:\/\/sterneerleben.info\/beobachtungsarchiv\/wp-json\/wp\/v2\/users\/1"}],"replies":[{"embeddable":true,"href":"https:\/\/sterneerleben.info\/beobachtungsarchiv\/wp-json\/wp\/v2\/comments?post=2034"}],"version-history":[{"count":10,"href":"https:\/\/sterneerleben.info\/beobachtungsarchiv\/wp-json\/wp\/v2\/pages\/2034\/revisions"}],"predecessor-version":[{"id":2052,"href":"https:\/\/sterneerleben.info\/beobachtungsarchiv\/wp-json\/wp\/v2\/pages\/2034\/revisions\/2052"}],"wp:attachment":[{"href":"https:\/\/sterneerleben.info\/beobachtungsarchiv\/wp-json\/wp\/v2\/media?parent=2034"}],"curies":[{"name":"wp","href":"https:\/\/api.w.org\/{rel}","templated":true}]}}